{"id":2449,"date":"2023-05-22T08:33:33","date_gmt":"2023-05-22T08:33:33","guid":{"rendered":"https:\/\/galleria-mc.k8s.live.devhoop.com\/marca-corona-per-larte\/"},"modified":"2023-12-13T08:26:41","modified_gmt":"2023-12-13T08:26:41","slug":"marca-corona-fur-kunst","status":"publish","type":"page","link":"https:\/\/www.galleriamarcacorona.com\/de\/marca-corona-fur-kunst\/","title":{"rendered":"Marca Corona f\u00fcr Kunst"},"content":{"rendered":"\t\t<div data-elementor-type=\"wp-page\" data-elementor-id=\"2449\" class=\"elementor elementor-2449 elementor-16\" data-elementor-post-type=\"page\">\n\t\t\t\t\t\t\t<div class=\"elementor-element elementor-element-ebdc01a e-flex e-con-boxed e-con\" data-id=\"ebdc01a\" data-element_type=\"container\" data-settings=\"{&quot;background_background&quot;:&quot;slideshow&quot;,&quot;content_width&quot;:&quot;boxed&quot;,&quot;background_slideshow_gallery&quot;:[],&quot;background_slideshow_loop&quot;:&quot;yes&quot;,&quot;background_slideshow_slide_duration&quot;:5000,&quot;background_slideshow_slide_transition&quot;:&quot;fade&quot;,&quot;background_slideshow_transition_duration&quot;:500}\">\n\t\t\t\t\t<div class=\"e-con-inner\">\n\t\t\t\t<div class=\"elementor-element elementor-element-08f9a89 elementor-widget elementor-widget-video\" data-id=\"08f9a89\" data-element_type=\"widget\" data-settings=\"{&quot;video_type&quot;:&quot;vimeo&quot;,&quot;autoplay&quot;:&quot;yes&quot;,&quot;mute&quot;:&quot;yes&quot;}\" data-widget_type=\"video.default\">\n\t\t\t\t<div class=\"elementor-widget-container\">\n\t\t\t<style>\/*! elementor - v3.14.0 - 26-06-2023 *\/\n.elementor-widget-video .elementor-widget-container{overflow:hidden;transform:translateZ(0)}.elementor-widget-video .elementor-wrapper{aspect-ratio:var(--video-aspect-ratio)}.elementor-widget-video .elementor-wrapper iframe,.elementor-widget-video .elementor-wrapper video{height:100%;width:100%;display:flex;border:none;background-color:#000}@supports not (aspect-ratio:1\/1){.elementor-widget-video .elementor-wrapper{position:relative;overflow:hidden;height:0;padding-bottom:calc(100% \/ var(--video-aspect-ratio))}.elementor-widget-video .elementor-wrapper iframe,.elementor-widget-video .elementor-wrapper video{position:absolute;top:0;right:0;bottom:0;left:0}}.elementor-widget-video .elementor-open-inline .elementor-custom-embed-image-overlay{position:absolute;top:0;left:0;width:100%;height:100%;background-size:cover;background-position:50%}.elementor-widget-video .elementor-custom-embed-image-overlay{cursor:pointer;text-align:center}.elementor-widget-video .elementor-custom-embed-image-overlay:hover .elementor-custom-embed-play i{opacity:1}.elementor-widget-video .elementor-custom-embed-image-overlay img{display:block;width:100%}.elementor-widget-video .e-hosted-video .elementor-video{-o-object-fit:cover;object-fit:cover}.e-con-inner>.elementor-widget-video,.e-con>.elementor-widget-video{width:var(--container-widget-width);--flex-grow:var(--container-widget-flex-grow)}<\/style>\t\t<div class=\"elementor-wrapper elementor-open-inline\">\n\t\t\t<iframe class=\"elementor-video-iframe\" allowfullscreen title=\"vimeo Video Player\" src=\"https:\/\/player.vimeo.com\/video\/893391696?autoplay=1&amp;color&amp;autopause=0&amp;loop=0&amp;muted=1&amp;title=0&amp;portrait=0&amp;byline=0#t=\"><\/iframe>\t\t<\/div>\n\t\t\t\t<\/div>\n\t\t\t\t<\/div>\n\t\t\t\t\t<\/div>\n\t\t\t\t<\/div>\n\t\t<div class=\"elementor-element elementor-element-d5134ea e-flex e-con-boxed e-con\" data-id=\"d5134ea\" data-element_type=\"container\" data-settings=\"{&quot;content_width&quot;:&quot;boxed&quot;}\">\n\t\t\t\t\t<div class=\"e-con-inner\">\n\t\t<div class=\"elementor-element elementor-element-2807e2e e-flex e-con-boxed e-con\" data-id=\"2807e2e\" data-element_type=\"container\" data-settings=\"{&quot;content_width&quot;:&quot;boxed&quot;}\">\n\t\t\t\t\t<div class=\"e-con-inner\">\n\t\t<div class=\"elementor-element elementor-element-5a7ced4 e-flex e-con-boxed e-con\" data-id=\"5a7ced4\" data-element_type=\"container\" data-settings=\"{&quot;content_width&quot;:&quot;boxed&quot;}\">\n\t\t\t\t\t<div class=\"e-con-inner\">\n\t\t\t\t<div class=\"elementor-element elementor-element-16e462c elementor-arrows-position-inside elementor-widget elementor-widget-image-carousel\" data-id=\"16e462c\" data-element_type=\"widget\" data-settings=\"{&quot;slides_to_show&quot;:&quot;1&quot;,&quot;navigation&quot;:&quot;arrows&quot;,&quot;infinite&quot;:&quot;no&quot;,&quot;autoplay&quot;:&quot;yes&quot;,&quot;pause_on_hover&quot;:&quot;yes&quot;,&quot;pause_on_interaction&quot;:&quot;yes&quot;,&quot;autoplay_speed&quot;:5000,&quot;effect&quot;:&quot;slide&quot;,&quot;speed&quot;:500}\" data-widget_type=\"image-carousel.default\">\n\t\t\t\t<div class=\"elementor-widget-container\">\n\t\t\t<style>\/*! elementor - v3.14.0 - 26-06-2023 *\/\n.elementor-widget-image-carousel .swiper,.elementor-widget-image-carousel .swiper-container{position:static}.elementor-widget-image-carousel .swiper-container .swiper-slide figure,.elementor-widget-image-carousel .swiper .swiper-slide figure{line-height:inherit}.elementor-widget-image-carousel .swiper-slide{text-align:center}.elementor-image-carousel-wrapper:not(.swiper-container-initialized):not(.swiper-initialized) .swiper-slide{max-width:calc(100% \/ var(--e-image-carousel-slides-to-show, 3))}<\/style>\t\t<div class=\"elementor-image-carousel-wrapper swiper-container\" dir=\"ltr\">\n\t\t\t<div class=\"elementor-image-carousel swiper-wrapper\" aria-live=\"off\">\n\t\t\t\t\t\t\t\t<div class=\"swiper-slide\" role=\"group\" aria-roledescription=\"slide\" aria-label=\"1 of 1\"><figure class=\"swiper-slide-inner\"><img decoding=\"async\" class=\"swiper-slide-image\" src=\"https:\/\/www.galleriamarcacorona.com\/wp-content\/uploads\/2023\/06\/parole.jpg\" alt=\"parole\" \/><\/figure><\/div>\t\t\t<\/div>\n\t\t\t\t\t<\/div>\n\t\t\t\t<\/div>\n\t\t\t\t<\/div>\n\t\t\t\t\t<\/div>\n\t\t\t\t<\/div>\n\t\t<div class=\"elementor-element elementor-element-a41ffdd e-flex e-con-boxed e-con\" data-id=\"a41ffdd\" data-element_type=\"container\" data-settings=\"{&quot;content_width&quot;:&quot;boxed&quot;}\">\n\t\t\t\t\t<div class=\"e-con-inner\">\n\t\t\t\t<div class=\"elementor-element elementor-element-fa65ea9 elementor-widget elementor-widget-heading\" data-id=\"fa65ea9\" data-element_type=\"widget\" data-widget_type=\"heading.default\">\n\t\t\t\t<div class=\"elementor-widget-container\">\n\t\t\t<style>\/*! elementor - v3.14.0 - 26-06-2023 *\/\n.elementor-heading-title{padding:0;margin:0;line-height:1}.elementor-widget-heading .elementor-heading-title[class*=elementor-size-]>a{color:inherit;font-size:inherit;line-height:inherit}.elementor-widget-heading .elementor-heading-title.elementor-size-small{font-size:15px}.elementor-widget-heading .elementor-heading-title.elementor-size-medium{font-size:19px}.elementor-widget-heading .elementor-heading-title.elementor-size-large{font-size:29px}.elementor-widget-heading .elementor-heading-title.elementor-size-xl{font-size:39px}.elementor-widget-heading .elementor-heading-title.elementor-size-xxl{font-size:59px}<\/style><h3 class=\"elementor-heading-title elementor-size-default\">Die Berufung <br>zur F\u00f6rderung<br> der Talente<\/h3>\t\t<\/div>\n\t\t\t\t<\/div>\n\t\t\t\t<div class=\"elementor-element elementor-element-c135ed3 elementor-widget elementor-widget-text-editor\" data-id=\"c135ed3\" data-element_type=\"widget\" data-widget_type=\"text-editor.default\">\n\t\t\t\t<div class=\"elementor-widget-container\">\n\t\t\t<style>\/*! elementor - v3.14.0 - 26-06-2023 *\/\n.elementor-widget-text-editor.elementor-drop-cap-view-stacked .elementor-drop-cap{background-color:#69727d;color:#fff}.elementor-widget-text-editor.elementor-drop-cap-view-framed .elementor-drop-cap{color:#69727d;border:3px solid;background-color:transparent}.elementor-widget-text-editor:not(.elementor-drop-cap-view-default) .elementor-drop-cap{margin-top:8px}.elementor-widget-text-editor:not(.elementor-drop-cap-view-default) .elementor-drop-cap-letter{width:1em;height:1em}.elementor-widget-text-editor .elementor-drop-cap{float:left;text-align:center;line-height:1;font-size:50px}.elementor-widget-text-editor .elementor-drop-cap-letter{display:inline-block}<\/style>\t\t\t\t<p>Der von Marca Corona eingeschlagene Weg der zeitgen\u00f6ssischen Kunst ist Teil der Geschichte eines Viertels, das den Erfolg und gleichzeitig die Berufung eines Gebietes geweiht hat.<\/p>\n<p>Marca Corona kann auf eine langj\u00e4hrige Verbindung zur Kunstwelt zur\u00fcckblicken, die im Laufe der Jahre zahlreiche Zusammenarbeiten im Namen der Kreativit\u00e4t initiiert hat und neue stilistische Produktionsperioden einleitete.<\/p>\n<p><strong>Marca Corona per l&#8217;Arte<\/strong> ist eine partizipative k\u00fcnstlerische Reise, bei der jedes Jahr ein anerkannter <strong>K\u00fcnstler<\/strong> mit der Interpretation der Unternehmenswerte betraut wird, die in Zusammenarbeit mit den Mitarbeitern zu einem Wanderkunstwerk wird<\/p>\n\t\t\t\t\t\t<\/div>\n\t\t\t\t<\/div>\n\t\t\t\t\t<\/div>\n\t\t\t\t<\/div>\n\t\t\t\t\t<\/div>\n\t\t\t\t<\/div>\n\t\t\t\t\t<\/div>\n\t\t\t\t<\/div>\n\t\t<div class=\"elementor-element elementor-element-4c8b616 e-flex e-con-boxed e-con\" data-id=\"4c8b616\" data-element_type=\"container\" data-settings=\"{&quot;content_width&quot;:&quot;boxed&quot;}\">\n\t\t\t\t\t<div class=\"e-con-inner\">\n\t\t<div class=\"elementor-element elementor-element-930484c e-flex e-con-boxed e-con\" data-id=\"930484c\" data-element_type=\"container\" data-settings=\"{&quot;content_width&quot;:&quot;boxed&quot;}\">\n\t\t\t\t\t<div class=\"e-con-inner\">\n\t\t<div class=\"elementor-element elementor-element-dab2a9d e-flex e-con-boxed e-con\" data-id=\"dab2a9d\" data-element_type=\"container\" data-settings=\"{&quot;content_width&quot;:&quot;boxed&quot;}\">\n\t\t\t\t\t<div class=\"e-con-inner\">\n\t\t\t\t<div class=\"elementor-element elementor-element-62e5f9e elementor-widget elementor-widget-heading\" data-id=\"62e5f9e\" data-element_type=\"widget\" data-widget_type=\"heading.default\">\n\t\t\t\t<div class=\"elementor-widget-container\">\n\t\t\t<h3 class=\"elementor-heading-title elementor-size-default\">Eine gemeinsame <br>\nVision der Zukunft<\/h3>\t\t<\/div>\n\t\t\t\t<\/div>\n\t\t\t\t<div class=\"elementor-element elementor-element-14065b5 elementor-widget elementor-widget-text-editor\" data-id=\"14065b5\" data-element_type=\"widget\" data-widget_type=\"text-editor.default\">\n\t\t\t\t<div class=\"elementor-widget-container\">\n\t\t\t\t\t\t\t<p>Die Einbindung und F\u00f6rderung von Talenten in Verbindung mit der zentralen Stellung des Menschen sind charakteristische Merkmale und Pr\u00e4missen des <strong>Identit\u00e4tsprojekts<\/strong> Marca Corona per l&#8217;Arte, das eine kollektive Vision der Zukunft f\u00f6rdert, um die Zeitgenossenschaft zu erkunden.<\/p>\n<p>Talent und Arbeit, Menschen und Unternehmen, das sind die Gleichungen, die in Marca Corona l\u2018Arte den kreativen und treibenden Impuls f\u00fcr die Zukunft der neuen Sprachen finden.<\/p>\n<p>In diesem Sinne ernennt der <strong>Preis Marca Corona<\/strong> aufstrebende K\u00fcnstler zu Akteuren der Keramikforschung und zu Zeugen der Zukunft eines Materials, das ein ganzes Gebiet gepr\u00e4gt hat.<\/p>\n\t\t\t\t\t\t<\/div>\n\t\t\t\t<\/div>\n\t\t\t\t\t<\/div>\n\t\t\t\t<\/div>\n\t\t<div class=\"elementor-element elementor-element-781c414 e-flex e-con-boxed e-con\" data-id=\"781c414\" data-element_type=\"container\" data-settings=\"{&quot;content_width&quot;:&quot;boxed&quot;}\">\n\t\t\t\t\t<div class=\"e-con-inner\">\n\t\t\t\t<div class=\"elementor-element elementor-element-5b3e296 elementor-widget elementor-widget-image\" data-id=\"5b3e296\" data-element_type=\"widget\" data-widget_type=\"image.default\">\n\t\t\t\t<div class=\"elementor-widget-container\">\n\t\t\t<style>\/*! elementor - v3.14.0 - 26-06-2023 *\/\n.elementor-widget-image{text-align:center}.elementor-widget-image a{display:inline-block}.elementor-widget-image a img[src$=\".svg\"]{width:48px}.elementor-widget-image img{vertical-align:middle;display:inline-block}<\/style>\t\t\t\t\t\t\t\t\t\t\t\t<img decoding=\"async\" width=\"843\" height=\"596\" src=\"https:\/\/www.galleriamarcacorona.com\/wp-content\/uploads\/2023\/06\/arte2.jpg\" class=\"attachment-large size-large wp-image-717\" alt=\"Installazione di arte contemporanea\" loading=\"lazy\" srcset=\"https:\/\/www.galleriamarcacorona.com\/wp-content\/uploads\/2023\/06\/arte2.jpg 843w, https:\/\/www.galleriamarcacorona.com\/wp-content\/uploads\/2023\/06\/arte2-300x212.jpg 300w, https:\/\/www.galleriamarcacorona.com\/wp-content\/uploads\/2023\/06\/arte2-768x543.jpg 768w\" sizes=\"(max-width: 843px) 100vw, 843px\" \/>\t\t\t\t\t\t\t\t\t\t\t\t\t\t\t<\/div>\n\t\t\t\t<\/div>\n\t\t\t\t\t<\/div>\n\t\t\t\t<\/div>\n\t\t\t\t\t<\/div>\n\t\t\t\t<\/div>\n\t\t\t\t\t<\/div>\n\t\t\t\t<\/div>\n\t\t<div class=\"elementor-element elementor-element-c4c14fb e-flex e-con-boxed e-con\" data-id=\"c4c14fb\" data-element_type=\"container\" data-settings=\"{&quot;content_width&quot;:&quot;boxed&quot;}\">\n\t\t\t\t\t<div class=\"e-con-inner\">\n\t\t<div class=\"elementor-element elementor-element-98335c5 e-flex e-con-boxed e-con\" data-id=\"98335c5\" data-element_type=\"container\" data-settings=\"{&quot;content_width&quot;:&quot;boxed&quot;}\">\n\t\t\t\t\t<div class=\"e-con-inner\">\n\t\t<div class=\"elementor-element elementor-element-2745d0f e-flex e-con-boxed e-con\" data-id=\"2745d0f\" data-element_type=\"container\" data-settings=\"{&quot;content_width&quot;:&quot;boxed&quot;}\">\n\t\t\t\t\t<div class=\"e-con-inner\">\n\t\t\t\t<div class=\"elementor-element elementor-element-9a105eb elementor-widget elementor-widget-image\" data-id=\"9a105eb\" data-element_type=\"widget\" data-widget_type=\"image.default\">\n\t\t\t\t<div class=\"elementor-widget-container\">\n\t\t\t\t\t\t\t\t\t\t\t\t\t\t\t<img decoding=\"async\" width=\"843\" height=\"914\" src=\"https:\/\/www.galleriamarcacorona.com\/wp-content\/uploads\/2023\/06\/arte3.jpg\" class=\"attachment-large size-large wp-image-718\" alt=\"Installazione di arte contemporanea\" loading=\"lazy\" srcset=\"https:\/\/www.galleriamarcacorona.com\/wp-content\/uploads\/2023\/06\/arte3.jpg 843w, https:\/\/www.galleriamarcacorona.com\/wp-content\/uploads\/2023\/06\/arte3-277x300.jpg 277w, https:\/\/www.galleriamarcacorona.com\/wp-content\/uploads\/2023\/06\/arte3-768x833.jpg 768w\" sizes=\"(max-width: 843px) 100vw, 843px\" \/>\t\t\t\t\t\t\t\t\t\t\t\t\t\t\t<\/div>\n\t\t\t\t<\/div>\n\t\t\t\t\t<\/div>\n\t\t\t\t<\/div>\n\t\t<div class=\"elementor-element elementor-element-612aac5 e-flex e-con-boxed e-con\" data-id=\"612aac5\" data-element_type=\"container\" data-settings=\"{&quot;content_width&quot;:&quot;boxed&quot;}\">\n\t\t\t\t\t<div class=\"e-con-inner\">\n\t\t\t\t<div class=\"elementor-element elementor-element-8df2e90 elementor-widget elementor-widget-heading\" data-id=\"8df2e90\" data-element_type=\"widget\" data-widget_type=\"heading.default\">\n\t\t\t\t<div class=\"elementor-widget-container\">\n\t\t\t<h3 class=\"elementor-heading-title elementor-size-default\">Internationale B\u00fchnen <br>\nzwischen Kunst und Architektur\n<\/h3>\t\t<\/div>\n\t\t\t\t<\/div>\n\t\t\t\t<div class=\"elementor-element elementor-element-d0fa727 elementor-widget elementor-widget-text-editor\" data-id=\"d0fa727\" data-element_type=\"widget\" data-widget_type=\"text-editor.default\">\n\t\t\t\t<div class=\"elementor-widget-container\">\n\t\t\t\t\t\t\t<p>Die Geschichte lehrt, wie das handwerkliche Genie von der Gegend um Sassuolo angezogen wurde, wo es zu H\u00f6chstleistungen aufbl\u00fchte und das keramische Wissen \u00fcber die Weltgrenzen hinaus verbreitete.<\/p>\n<p>Ebenso feiert Marca Corona per l&#8217;Arte diese Erfolgsgeschichte, indem sie in ihrer Galerie ein noch nie dagewesenes k\u00fcnstlerisches Produkt hervorbringt und es dann der Welt anbietet, indem sie ein kultureller Produzent zwischen Kreativit\u00e4t und Unternehmen wird.<\/p>\n<p>Messen f\u00fcr zeitgen\u00f6ssische Kunst, Architekturkonferenzen oder Workshops mit Schulen wurden so zu Gelegenheiten f\u00fcr Begegnungen und Experimente, die vom Unternehmen gef\u00f6rdert werden und neue Zielgruppen einbeziehen, die diese \u00dcberlegungen bereichern und weiterf\u00fchren.<\/p>\n\t\t\t\t\t\t<\/div>\n\t\t\t\t<\/div>\n\t\t\t\t\t<\/div>\n\t\t\t\t<\/div>\n\t\t\t\t\t<\/div>\n\t\t\t\t<\/div>\n\t\t\t\t\t<\/div>\n\t\t\t\t<\/div>\n\t\t<div class=\"elementor-element elementor-element-c13f5ac e-flex e-con-boxed e-con\" data-id=\"c13f5ac\" data-element_type=\"container\" data-settings=\"{&quot;background_background&quot;:&quot;classic&quot;,&quot;content_width&quot;:&quot;boxed&quot;}\">\n\t\t\t\t\t<div class=\"e-con-inner\">\n\t\t\t\t<div class=\"elementor-element elementor-element-b5d2e43 elementor-widget__width-initial elementor-arrows-position-inside elementor-widget elementor-widget-image-carousel\" data-id=\"b5d2e43\" data-element_type=\"widget\" data-settings=\"{&quot;slides_to_show&quot;:&quot;4&quot;,&quot;navigation&quot;:&quot;arrows&quot;,&quot;infinite&quot;:&quot;no&quot;,&quot;slides_to_show_tablet&quot;:&quot;2&quot;,&quot;slides_to_show_mobile&quot;:&quot;1&quot;,&quot;image_spacing_custom&quot;:{&quot;unit&quot;:&quot;px&quot;,&quot;size&quot;:10,&quot;sizes&quot;:[]},&quot;autoplay&quot;:&quot;yes&quot;,&quot;pause_on_hover&quot;:&quot;yes&quot;,&quot;pause_on_interaction&quot;:&quot;yes&quot;,&quot;autoplay_speed&quot;:5000,&quot;speed&quot;:500,&quot;image_spacing_custom_tablet&quot;:{&quot;unit&quot;:&quot;px&quot;,&quot;size&quot;:&quot;&quot;,&quot;sizes&quot;:[]}}\" data-widget_type=\"image-carousel.default\">\n\t\t\t\t<div class=\"elementor-widget-container\">\n\t\t\t\t\t<div class=\"elementor-image-carousel-wrapper swiper-container\" dir=\"ltr\">\n\t\t\t<div class=\"elementor-image-carousel swiper-wrapper\" aria-live=\"off\">\n\t\t\t\t\t\t\t\t<div class=\"swiper-slide\" role=\"group\" aria-roledescription=\"slide\" aria-label=\"1 of 8\"><figure class=\"swiper-slide-inner\"><img decoding=\"async\" class=\"swiper-slide-image\" src=\"https:\/\/www.galleriamarcacorona.com\/wp-content\/uploads\/2023\/06\/2.jpg\" alt=\"Installazione di arte contemporanea\" \/><\/figure><\/div><div class=\"swiper-slide\" role=\"group\" aria-roledescription=\"slide\" aria-label=\"2 of 8\"><figure class=\"swiper-slide-inner\"><img decoding=\"async\" class=\"swiper-slide-image\" src=\"https:\/\/www.galleriamarcacorona.com\/wp-content\/uploads\/2023\/06\/3.jpg\" alt=\"Installazione di arte contemporanea\" \/><\/figure><\/div><div class=\"swiper-slide\" role=\"group\" aria-roledescription=\"slide\" aria-label=\"3 of 8\"><figure class=\"swiper-slide-inner\"><img decoding=\"async\" class=\"swiper-slide-image\" src=\"https:\/\/www.galleriamarcacorona.com\/wp-content\/uploads\/2023\/06\/4.jpg\" alt=\"Installazione di arte contemporanea\" \/><\/figure><\/div><div class=\"swiper-slide\" role=\"group\" aria-roledescription=\"slide\" aria-label=\"4 of 8\"><figure class=\"swiper-slide-inner\"><img decoding=\"async\" class=\"swiper-slide-image\" src=\"https:\/\/www.galleriamarcacorona.com\/wp-content\/uploads\/2023\/06\/IMG_3795-scaled.jpg\" alt=\"Installazione di arte contemporanea\" \/><\/figure><\/div><div class=\"swiper-slide\" role=\"group\" aria-roledescription=\"slide\" aria-label=\"5 of 8\"><figure class=\"swiper-slide-inner\"><img decoding=\"async\" class=\"swiper-slide-image\" src=\"https:\/\/www.galleriamarcacorona.com\/wp-content\/uploads\/2023\/06\/9.jpg\" alt=\"Installazione di arte contemporanea\" \/><\/figure><\/div><div class=\"swiper-slide\" role=\"group\" aria-roledescription=\"slide\" aria-label=\"6 of 8\"><figure class=\"swiper-slide-inner\"><img decoding=\"async\" class=\"swiper-slide-image\" src=\"https:\/\/www.galleriamarcacorona.com\/wp-content\/uploads\/2023\/06\/7.jpg\" alt=\"Installazione di arte contemporanea\" \/><\/figure><\/div><div class=\"swiper-slide\" role=\"group\" aria-roledescription=\"slide\" aria-label=\"7 of 8\"><figure class=\"swiper-slide-inner\"><img decoding=\"async\" class=\"swiper-slide-image\" src=\"https:\/\/www.galleriamarcacorona.com\/wp-content\/uploads\/2023\/06\/10.jpg\" alt=\"Installazione di arte contemporanea\" \/><\/figure><\/div><div class=\"swiper-slide\" role=\"group\" aria-roledescription=\"slide\" aria-label=\"8 of 8\"><figure class=\"swiper-slide-inner\"><img decoding=\"async\" class=\"swiper-slide-image\" src=\"https:\/\/www.galleriamarcacorona.com\/wp-content\/uploads\/2023\/06\/5.jpg\" alt=\"Installazione di arte contemporanea\" \/><\/figure><\/div>\t\t\t<\/div>\n\t\t\t\t\t\t\t\t\t\t\t\t<div class=\"elementor-swiper-button elementor-swiper-button-prev\" role=\"button\" tabindex=\"0\">\n\t\t\t\t\t\t<i aria-hidden=\"true\" class=\"eicon-chevron-left\"><\/i>\t\t\t\t\t<\/div>\n\t\t\t\t\t<div class=\"elementor-swiper-button elementor-swiper-button-next\" role=\"button\" tabindex=\"0\">\n\t\t\t\t\t\t<i aria-hidden=\"true\" class=\"eicon-chevron-right\"><\/i>\t\t\t\t\t<\/div>\n\t\t\t\t\n\t\t\t\t\t\t\t\t\t<\/div>\n\t\t\t\t<\/div>\n\t\t\t\t<\/div>\n\t\t\t\t\t<\/div>\n\t\t\t\t<\/div>\n\t\t\t\t\t\t\t<\/div>\n\t\t","protected":false},"excerpt":{"rendered":"<p>Die Berufung zur F\u00f6rderung der Talente Der von Marca Corona eingeschlagene Weg der zeitgen\u00f6ssischen Kunst ist Teil der Geschichte eines Viertels, das den Erfolg und gleichzeitig die Berufung eines Gebietes geweiht hat. Marca Corona kann auf eine langj\u00e4hrige Verbindung zur Kunstwelt zur\u00fcckblicken, die im Laufe der Jahre zahlreiche Zusammenarbeiten im Namen der Kreativit\u00e4t initiiert hat &hellip;<\/p>\n<p class=\"read-more\"> <a class=\"\" href=\"https:\/\/www.galleriamarcacorona.com\/de\/marca-corona-fur-kunst\/\"> <span class=\"screen-reader-text\">Marca Corona f\u00fcr Kunst<\/span> Weiterlesen &raquo;<\/a><\/p>\n","protected":false},"author":1,"featured_media":0,"parent":0,"menu_order":0,"comment_status":"closed","ping_status":"closed","template":"","meta":{"site-sidebar-layout":"no-sidebar","site-content-layout":"page-builder","ast-global-header-display":"","ast-main-header-display":"","ast-hfb-above-header-display":"","ast-hfb-below-header-display":"","ast-hfb-mobile-header-display":"","site-post-title":"disabled","ast-breadcrumbs-content":"","ast-featured-img":"disabled","footer-sml-layout":"","theme-transparent-header-meta":"","adv-header-id-meta":"","stick-header-meta":"","header-above-stick-meta":"","header-main-stick-meta":"","header-below-stick-meta":""},"acf":[],"yoast_head":"<!-- This site is optimized with the Yoast SEO plugin v20.12 - https:\/\/yoast.com\/wordpress\/plugins\/seo\/ -->\n<title>Marca Corona f\u00fcr zeitgen\u00f6ssische Kunst | Galleria Marca Corona<\/title>\n<meta name=\"description\" content=\"Entdecken Sie unsere zeitgen\u00f6ssischen Kunstinstallationen: Werke, K\u00fcnstler und Synergien, die die Kraft der Kreativit\u00e4t feiern.\" \/>\n<meta name=\"robots\" content=\"index, follow, max-snippet:-1, max-image-preview:large, max-video-preview:-1\" \/>\n<link rel=\"canonical\" href=\"https:\/\/www.galleriamarcacorona.com\/de\/marca-corona-fur-kunst\/\" \/>\n<meta property=\"og:locale\" content=\"de_DE\" \/>\n<meta property=\"og:type\" content=\"article\" \/>\n<meta property=\"og:title\" content=\"Marca Corona f\u00fcr zeitgen\u00f6ssische Kunst | Galleria Marca Corona\" \/>\n<meta property=\"og:description\" content=\"Entdecken Sie unsere zeitgen\u00f6ssischen Kunstinstallationen: Werke, K\u00fcnstler und Synergien, die die Kraft der Kreativit\u00e4t feiern.\" \/>\n<meta property=\"og:url\" content=\"https:\/\/www.galleriamarcacorona.com\/de\/marca-corona-fur-kunst\/\" \/>\n<meta property=\"og:site_name\" content=\"Galleria Marca Corona\" \/>\n<meta property=\"article:modified_time\" content=\"2023-12-13T08:26:41+00:00\" \/>\n<meta property=\"og:image\" content=\"https:\/\/www.galleriamarcacorona.com\/wp-content\/uploads\/2023\/06\/parole.jpg\" \/>\n<meta name=\"twitter:card\" content=\"summary_large_image\" \/>\n<meta name=\"twitter:label1\" content=\"Gesch\u00e4tzte Lesezeit\" \/>\n\t<meta name=\"twitter:data1\" content=\"4\u00a0Minuten\" \/>\n<script type=\"application\/ld+json\" class=\"yoast-schema-graph\">{\"@context\":\"https:\/\/schema.org\",\"@graph\":[{\"@type\":\"WebPage\",\"@id\":\"https:\/\/www.galleriamarcacorona.com\/de\/marca-corona-fur-kunst\/\",\"url\":\"https:\/\/www.galleriamarcacorona.com\/de\/marca-corona-fur-kunst\/\",\"name\":\"Marca Corona f\u00fcr zeitgen\u00f6ssische Kunst | Galleria Marca Corona\",\"isPartOf\":{\"@id\":\"https:\/\/www.galleriamarcacorona.com\/de\/#website\"},\"datePublished\":\"2023-05-22T08:33:33+00:00\",\"dateModified\":\"2023-12-13T08:26:41+00:00\",\"description\":\"Entdecken Sie unsere zeitgen\u00f6ssischen Kunstinstallationen: Werke, K\u00fcnstler und Synergien, die die Kraft der Kreativit\u00e4t feiern.\",\"breadcrumb\":{\"@id\":\"https:\/\/www.galleriamarcacorona.com\/de\/marca-corona-fur-kunst\/#breadcrumb\"},\"inLanguage\":\"de\",\"potentialAction\":[{\"@type\":\"ReadAction\",\"target\":[\"https:\/\/www.galleriamarcacorona.com\/de\/marca-corona-fur-kunst\/\"]}]},{\"@type\":\"BreadcrumbList\",\"@id\":\"https:\/\/www.galleriamarcacorona.com\/de\/marca-corona-fur-kunst\/#breadcrumb\",\"itemListElement\":[{\"@type\":\"ListItem\",\"position\":1,\"name\":\"Home\",\"item\":\"https:\/\/www.galleriamarcacorona.com\/de\/\"},{\"@type\":\"ListItem\",\"position\":2,\"name\":\"Marca Corona f\u00fcr Kunst\"}]},{\"@type\":\"WebSite\",\"@id\":\"https:\/\/www.galleriamarcacorona.com\/de\/#website\",\"url\":\"https:\/\/www.galleriamarcacorona.com\/de\/\",\"name\":\"Galleria Marca Corona\",\"description\":\"\",\"publisher\":{\"@id\":\"https:\/\/www.galleriamarcacorona.com\/de\/#organization\"},\"potentialAction\":[{\"@type\":\"SearchAction\",\"target\":{\"@type\":\"EntryPoint\",\"urlTemplate\":\"https:\/\/www.galleriamarcacorona.com\/de\/?s={search_term_string}\"},\"query-input\":\"required name=search_term_string\"}],\"inLanguage\":\"de\"},{\"@type\":\"Organization\",\"@id\":\"https:\/\/www.galleriamarcacorona.com\/de\/#organization\",\"name\":\"Galleria Marca Corona\",\"url\":\"https:\/\/www.galleriamarcacorona.com\/de\/\",\"logo\":{\"@type\":\"ImageObject\",\"inLanguage\":\"de\",\"@id\":\"https:\/\/www.galleriamarcacorona.com\/de\/#\/schema\/logo\/image\/\",\"url\":\"https:\/\/www.galleriamarcacorona.com\/wp-content\/uploads\/2023\/05\/mc-galleria-logo-rgb-3200px.png\",\"contentUrl\":\"https:\/\/www.galleriamarcacorona.com\/wp-content\/uploads\/2023\/05\/mc-galleria-logo-rgb-3200px.png\",\"width\":3200,\"height\":1112,\"caption\":\"Galleria Marca Corona\"},\"image\":{\"@id\":\"https:\/\/www.galleriamarcacorona.com\/de\/#\/schema\/logo\/image\/\"}}]}<\/script>\n<!-- \/ Yoast SEO plugin. -->","yoast_head_json":{"title":"Marca Corona f\u00fcr zeitgen\u00f6ssische Kunst | Galleria Marca Corona","description":"Entdecken Sie unsere zeitgen\u00f6ssischen Kunstinstallationen: Werke, K\u00fcnstler und Synergien, die die Kraft der Kreativit\u00e4t feiern.","robots":{"index":"index","follow":"follow","max-snippet":"max-snippet:-1","max-image-preview":"max-image-preview:large","max-video-preview":"max-video-preview:-1"},"canonical":"https:\/\/www.galleriamarcacorona.com\/de\/marca-corona-fur-kunst\/","og_locale":"de_DE","og_type":"article","og_title":"Marca Corona f\u00fcr zeitgen\u00f6ssische Kunst | Galleria Marca Corona","og_description":"Entdecken Sie unsere zeitgen\u00f6ssischen Kunstinstallationen: Werke, K\u00fcnstler und Synergien, die die Kraft der Kreativit\u00e4t feiern.","og_url":"https:\/\/www.galleriamarcacorona.com\/de\/marca-corona-fur-kunst\/","og_site_name":"Galleria Marca Corona","article_modified_time":"2023-12-13T08:26:41+00:00","og_image":[{"url":"https:\/\/www.galleriamarcacorona.com\/wp-content\/uploads\/2023\/06\/parole.jpg"}],"twitter_card":"summary_large_image","twitter_misc":{"Gesch\u00e4tzte Lesezeit":"4\u00a0Minuten"},"schema":{"@context":"https:\/\/schema.org","@graph":[{"@type":"WebPage","@id":"https:\/\/www.galleriamarcacorona.com\/de\/marca-corona-fur-kunst\/","url":"https:\/\/www.galleriamarcacorona.com\/de\/marca-corona-fur-kunst\/","name":"Marca Corona f\u00fcr zeitgen\u00f6ssische Kunst | Galleria Marca Corona","isPartOf":{"@id":"https:\/\/www.galleriamarcacorona.com\/de\/#website"},"datePublished":"2023-05-22T08:33:33+00:00","dateModified":"2023-12-13T08:26:41+00:00","description":"Entdecken Sie unsere zeitgen\u00f6ssischen Kunstinstallationen: Werke, K\u00fcnstler und Synergien, die die Kraft der Kreativit\u00e4t feiern.","breadcrumb":{"@id":"https:\/\/www.galleriamarcacorona.com\/de\/marca-corona-fur-kunst\/#breadcrumb"},"inLanguage":"de","potentialAction":[{"@type":"ReadAction","target":["https:\/\/www.galleriamarcacorona.com\/de\/marca-corona-fur-kunst\/"]}]},{"@type":"BreadcrumbList","@id":"https:\/\/www.galleriamarcacorona.com\/de\/marca-corona-fur-kunst\/#breadcrumb","itemListElement":[{"@type":"ListItem","position":1,"name":"Home","item":"https:\/\/www.galleriamarcacorona.com\/de\/"},{"@type":"ListItem","position":2,"name":"Marca Corona f\u00fcr Kunst"}]},{"@type":"WebSite","@id":"https:\/\/www.galleriamarcacorona.com\/de\/#website","url":"https:\/\/www.galleriamarcacorona.com\/de\/","name":"Galleria Marca Corona","description":"","publisher":{"@id":"https:\/\/www.galleriamarcacorona.com\/de\/#organization"},"potentialAction":[{"@type":"SearchAction","target":{"@type":"EntryPoint","urlTemplate":"https:\/\/www.galleriamarcacorona.com\/de\/?s={search_term_string}"},"query-input":"required name=search_term_string"}],"inLanguage":"de"},{"@type":"Organization","@id":"https:\/\/www.galleriamarcacorona.com\/de\/#organization","name":"Galleria Marca Corona","url":"https:\/\/www.galleriamarcacorona.com\/de\/","logo":{"@type":"ImageObject","inLanguage":"de","@id":"https:\/\/www.galleriamarcacorona.com\/de\/#\/schema\/logo\/image\/","url":"https:\/\/www.galleriamarcacorona.com\/wp-content\/uploads\/2023\/05\/mc-galleria-logo-rgb-3200px.png","contentUrl":"https:\/\/www.galleriamarcacorona.com\/wp-content\/uploads\/2023\/05\/mc-galleria-logo-rgb-3200px.png","width":3200,"height":1112,"caption":"Galleria Marca Corona"},"image":{"@id":"https:\/\/www.galleriamarcacorona.com\/de\/#\/schema\/logo\/image\/"}}]}},"_links":{"self":[{"href":"https:\/\/www.galleriamarcacorona.com\/de\/wp-json\/wp\/v2\/pages\/2449"}],"collection":[{"href":"https:\/\/www.galleriamarcacorona.com\/de\/wp-json\/wp\/v2\/pages"}],"about":[{"href":"https:\/\/www.galleriamarcacorona.com\/de\/wp-json\/wp\/v2\/types\/page"}],"author":[{"embeddable":true,"href":"https:\/\/www.galleriamarcacorona.com\/de\/wp-json\/wp\/v2\/users\/1"}],"replies":[{"embeddable":true,"href":"https:\/\/www.galleriamarcacorona.com\/de\/wp-json\/wp\/v2\/comments?post=2449"}],"version-history":[{"count":6,"href":"https:\/\/www.galleriamarcacorona.com\/de\/wp-json\/wp\/v2\/pages\/2449\/revisions"}],"predecessor-version":[{"id":6675,"href":"https:\/\/www.galleriamarcacorona.com\/de\/wp-json\/wp\/v2\/pages\/2449\/revisions\/6675"}],"wp:attachment":[{"href":"https:\/\/www.galleriamarcacorona.com\/de\/wp-json\/wp\/v2\/media?parent=2449"}],"curies":[{"name":"wp","href":"https:\/\/api.w.org\/{rel}","templated":true}]}}