{"id":3462,"date":"2023-05-22T07:40:07","date_gmt":"2023-05-22T07:40:07","guid":{"rendered":"https:\/\/galleria-mc.k8s.live.devhoop.com\/privacy-policy\/"},"modified":"2023-07-27T07:54:40","modified_gmt":"2023-07-27T07:54:40","slug":"privacy-policy","status":"publish","type":"page","link":"https:\/\/www.galleriamarcacorona.com\/de\/privacy-policy\/","title":{"rendered":"Privacy Policy"},"content":{"rendered":"\t\t<div data-elementor-type=\"wp-page\" data-elementor-id=\"3462\" class=\"elementor elementor-3462 elementor-3\" data-elementor-post-type=\"page\">\n\t\t\t\t\t\t\t\t\t<section class=\"elementor-section elementor-top-section elementor-element elementor-element-590a9f1e elementor-section-boxed elementor-section-height-default elementor-section-height-default\" data-id=\"590a9f1e\" data-element_type=\"section\">\n\t\t\t\t\t\t<div class=\"elementor-container elementor-column-gap-default\">\n\t\t\t\t\t<div class=\"elementor-column elementor-col-100 elementor-top-column elementor-element elementor-element-3958f280\" data-id=\"3958f280\" data-element_type=\"column\">\n\t\t\t<div class=\"elementor-widget-wrap elementor-element-populated\">\n\t\t\t\t\t\t\t\t<div class=\"elementor-element elementor-element-5abc4f11 elementor-widget elementor-widget-text-editor\" data-id=\"5abc4f11\" data-element_type=\"widget\" data-widget_type=\"text-editor.default\">\n\t\t\t\t<div class=\"elementor-widget-container\">\n\t\t\t<style>\/*! elementor - v3.14.0 - 26-06-2023 *\/\n.elementor-widget-text-editor.elementor-drop-cap-view-stacked .elementor-drop-cap{background-color:#69727d;color:#fff}.elementor-widget-text-editor.elementor-drop-cap-view-framed .elementor-drop-cap{color:#69727d;border:3px solid;background-color:transparent}.elementor-widget-text-editor:not(.elementor-drop-cap-view-default) .elementor-drop-cap{margin-top:8px}.elementor-widget-text-editor:not(.elementor-drop-cap-view-default) .elementor-drop-cap-letter{width:1em;height:1em}.elementor-widget-text-editor .elementor-drop-cap{float:left;text-align:center;line-height:1;font-size:50px}.elementor-widget-text-editor .elementor-drop-cap-letter{display:inline-block}<\/style>\t\t\t\t<p><em>Auf den 13.12.2021 aktualisierte Version<\/em><\/p><p>Dieses Informationsschreiben richtet sich an die Besucher der Webseite<a href=\"http:\/\/www.marcacorona.it\"> www.marcacorona.it<\/a>. Dieses Dokument annulliert und ersetzt vollst\u00e4ndig das zuvor \u00fcber Cookies ver\u00f6ffentlichte Dokument.<\/p><h3>\u00a0<\/h3><p>INFORMATIONSSCHREIBEN F\u00dcR WEBSEITE IM SINNE DES ART. 13 UND 14 DER EUROP\u00c4ISCHEN VERORDNUNG 2016\/679 (DSGVO)<\/p><p>Zusammenfassende Informationsschreiben sind auf der Webseite an den vorgegebenen Stellen f\u00fcr besondere Serviceleistungen eingerichtet, bei denen ein Formular f\u00fcr die Datenregistrierung zur Anfrage nach Dienstleistungen vorgesehen ist. Bitte beachte Sie, dass unsere Webseite zur Gew\u00e4hrleistung einer umfassenden Dienstleistung, Links zu anderen Webseiten enthalten kann, die nicht von Ceramiche Marca Corona SpA (im Folgenden auch \u201e Marca Corona \u201c) verwaltet werden. Die Firma Ceramiche Marca Corona SpA haftet nicht f\u00fcr Fehler, Inhalte, Cookies, Ver\u00f6ffentlichung von ethisch illegalen Inhalten, Werbung, Banner oder Dateien, die nicht im Einklang mit den geltenden Vorschriften stehen bzw. gegen die Vorgaben des Datenschutzgesetzes versto\u00dfen und auf Webseiten enthalten sind, die nicht vom Verantwortlichen f\u00fcr die Datenverarbeitung verwaltet werden.<br \/>Als Verantwortlicher f\u00fcr die Datenverarbeitung im Sinne der Art. 13 und 14 der europ\u00e4ischen Datenschutz-Grundverordnung 2016\/679, informiert Sie die Firma Ceramiche Marca Corona SpA dar\u00fcber, dass die genannte Verordnung sich den Schutz der pers\u00f6nlichen Daten der betroffenen Subjekte zum Ziel setzt und dass diese Verarbeitung auf korrekte, rechtm\u00e4\u00dfige und transparente Art erfolgt, um Ihnen eine vertrauliche Verarbeitung zu gew\u00e4hrleisten und Ihre Rechte zu wahren. Die von Ihnen zur Verf\u00fcgung gestellten oder anderweitig im Rahmen Ihrer Nutzung der Webseite erworbenen Informationen und pers\u00f6nlichen Daten werden gem\u00e4\u00df gesetzlicher Bestimmungen der oben genannten Verordnung und den darin enthaltenen Vertraulichkeitsverpflichtungen verarbeitet<\/p><p><strong>BETROFFENE SUBJEKTE UND AUFBEWAHRUNGSDAUER<br \/>A) Nutzer (Navigierer) der Webseite <\/strong><a href=\"http:\/\/www.marcacorona.it\">www.marcacorona.it<\/a><br \/><strong>Art der verarbeiteten Daten<\/strong><\/p><ul><li>Navigationsdaten<em>: IP-Adressen oder Dom\u00e4nennamen von Computern und anderen Ger\u00e4ten, die von Benutzern verwendet werden, die sich mit der Webseite verbinden; URI-Adressen (Uniform Resource Identifier) der angeforderten Ressourcen und deren Zeitangaben; Parameter bez\u00fcglich des Betriebssystems und der IT-Umgebung des Benutzers; Start- und Zielseiten; Navigationsindex und Identifikationsverhalten w\u00e4hrend der Anzeige von Seiten der Webseite.<\/em><\/li><li>Vom Nutzer freiwillig zur Verf\u00fcgung gestellte personenbezogene Daten<em>: fakultative, ausdr\u00fcckliche und freiwillige Zusendung von elektronischer Post an die auf dieser Webseite angegebenen Adressen und das Ausf\u00fcllen von Formularen auf dieser Webseite haben eine nachtr\u00e4gliche Erfassung personenbezogener Daten des Absenders (z. B. Vorname, Nachname, E-Mail) zur Folge. <\/em><em>Spezifische zusammenfassende Informationen finden Sie auf den Seiten, die die Formulare bereitstellen.<\/em><\/li><\/ul><p>Zweck der Datenverarbeitung<em>: Ihre w\u00e4hrend der Navigation gesammelten Daten werden f\u00fcr die folgenden Zwecke verarbeitet.<\/em><\/p><ul><li>1) Durchf\u00fchrung von Eingriffen, die eng mit der Verwaltung der Beziehungen zu den Nutzern oder Besuchern der Webseite verbunden sind;<\/li><li><em>2) Erhebung, Speicherung und Verarbeitung der Daten des Benutzers f\u00fcr: statistische Analysen auch in anonymer und\/oder zusammenfassender Form; statistische Analysen zur \u00dcberpr\u00fcfung der Qualit\u00e4t der von der Webseite angebotenen Dienste;<\/em><\/li><li><em>3) Austausch mit den Betreibern sozialer Netzwerke \u00fcber die durchgef\u00fchrten Interaktionen und die Nutzungsdaten der Seiten, auf denen die Cookies, die Softwareprodukte oder -funktionen integrieren, installiert sind.<\/em><\/li><li>4) Verbesserung der Surferfahrungen zum Zweck der Bereitstellung von Dienstleistungen und der Zusendung von Werbemitteilungen in Entsprechung zu den Pr\u00e4ferenzen, die w\u00e4hrend des Surfens zu Tage getreten sind<\/li><\/ul><p>Die Verarbeitung zur Erf\u00fcllung der in dem\u00a0Punkt 1\u00a0genannten Zwecke ist f\u00fcr die Beantwortung einer Anfrage notwendig, und eine eventuelle Verweigerung k\u00f6nnte die volle Nutzung der auf der Webseite vorhandenen Funktionen und Dienste einschr\u00e4nken und\/oder verhindern. Die Bereitstellung der in Zwecken 2, 3 und 4 angegebenen Daten ist freiwillig und bedarf der rechtlichen Grundlage der Zustimmung. Jede Verweigerung der Verarbeitung hat keinen Einfluss auf die Funktionalit\u00e4t und die Dienstleistungen der Webseite. Die Zustimmung wird durch Anklicken des Wortes \u201eALLE\u00a0AKZEPTIEREN\u201c im kurzen Informationsschreiben. Hinsichtlich der optionalen Bereitstellung von Informationen werden weitere Informationen zu den auf der Webseite enthaltenen Cookies im Cookie-Policy-Dokument bereitgestellt, das auch \u00fcber das Kurzinformationsschreiben abgerufen werden kann.\u00a0Die gegebene Zustimmung kann jederzeit durch Zugriff auf den in der Fu\u00dfzeile der Website verf\u00fcgbaren Bereich \u201eEigene Entscheidungen zu Cookies \u00e4ndern\u201c ge\u00e4ndert werden.<\/p><p>Die Navigationsdaten werden f\u00fcr eine Dauer gem\u00e4\u00df Angaben der Cookie-Richtlinie auf der Webseite gespeichert.<\/p><p><strong>COOKIES UND ANDERE R\u00dcCKVERFOLGUNGSSYSTEME<\/strong><br \/>Ihre Datei werden auch durch Tools und Dienstleistungen Dritter erfasst und von diesen gespeichert. Weitere Informationen finden Sie in der <a href=\"https:\/\/www.marcacorona.it\/de\/cookies\/\"><strong><u>Cookie Policy<\/u><\/strong><\/a><br \/>Bitte beachten Sie, dass die Marca Corona lediglich als Vermittler f\u00fcr die in der Cookie-Richtlinie enthaltenen Links fungiert und im Falle von \u00c4nderungen keine Verantwortung \u00fcbernehmen kann.<\/p><p><strong>B) Newsletter-Abonnenten<\/strong><br \/>Wenn Sie das im Teil \u201eNewsletter\u201c enthaltene Formular ausf\u00fcllen, werden Ihre Personalien (Vor- und Nachname, E-Mail-Adresse) zur Erf\u00fcllung Ihres Antrags auf Zusendung des personalisierten Newsletters und des damit verbundenen Abonnements auf der Mailingliste f\u00fcr Direktmarketingaktivit\u00e4ten, Newsletter, Zusendung von Promotions-, Handels- und Werbematerial oder im Zusammenhang mit Veranstaltungen und Initiativen <em>, auch durch Einf\u00fcgen derselben in das Firmen-CRM des Eigent\u00fcmers<\/em>, unter vollst\u00e4ndiger Einhaltung der Grunds\u00e4tze der Rechtm\u00e4\u00dfigkeit und Korrektheit und der gesetzlichen Bestimmungen verwendet.<br \/>Die Angabe Ihrer pers\u00f6nlichen Daten ist freiwillig; wird diese jedoch verweigert, kann der Verantwortliche der Anfrage den Newsletter zu abonnieren nicht nachkommen; Sie werden auch keine Informationen \u00fcber die Neuigkeiten von Marca Corona erhalten. Die rechtliche Grundlage der Verarbeitung ist der Art. 6.1.a) der DSGVO. Sie k\u00f6nnen die Verarbeitung Ihrer personenbezogenen Daten jederzeit verweigern, indem Sie den Link \u201eUnsuscribe from this list\u201c am Ende der Mail anklicken oder dem Verantwortlichen eine entsprechende Anfrage an die in diesem Informationsschreiben enthaltenen Adresse schicken.<br \/>Ihre Daten werden so lange aufbewahrt, bis Sie sich entscheiden, das Abonnement des Dienstes zu k\u00fcndigen.<br \/>\u00a0<\/p><p><strong>C) Nutzer Abschnitt \u201eKontakte\u201c\u00a0 &#8211;&gt; \u201eInformationen anfordern\u201c<\/strong><\/p><p>Durch Ausf\u00fcllen der Formulare, auf die im Bereich \u201eInformationen anfordern\u201c zugegriffen werden kann, werden Ihre personenbezogenen Daten (Vorname, Nachname, Firma, Stadt, Anschrift, Nutzerart, Mobiltelefon usw.) verwendet, um Ihrer Informationsanfrage zu beantworten. Der Zweck der Daten\u00fcbermittlung ist die Erf\u00fcllung Ihrer Anfrage. Die rechtliche Grundlage der Verarbeitung ist der Art. 6.1.b) der DSGVO. Ihre Daten werden nach Ihrer durch Anklicken des entsprechenden Marketing-K\u00e4stchens erteilten Freigabe dazu verwendet, um Ihnen Handels- und Werbeinformationen und Handels- und Werbemitteilungen bez\u00fcglich der Aktivit\u00e4ten und Produkte von Marca Corona auf traditionellem Wege (z.B. telefonischer Kontakt, Papierpost, individuelle E-Mails, usw.) oder automatisierte Kontaktmethoden (z.B. automatisierte E-Mail) zuzusenden; <em>dies erfolgt auch durch Registrierung der Daten in das Firmen CRM des Eigent\u00fcmers <\/em>in voller \u00dcbereinstimmung mit den Prinzipien der Rechtm\u00e4\u00dfigkeit und Korrektheit und unter Einhaltung der gesetzlichen Bestimmungen. Die rechtliche Grundlage der Verarbeitung ist der Art. 6.1.a) der DSGVO. Sie k\u00f6nnen die Verarbeitung Ihrer personenbezogenen Daten jederzeit verweigern, indem Sie den Link \u201eUnsubscribe from this list\u201c am Ende der Mail anklicken oder dem Verantwortlichen eine entsprechende Anfrage an die in diesem Informationsschreiben enthaltenen Adresse schicken.<br \/>Ihre Daten werden so lange aufbewahrt, wie es f\u00fcr die Bereitstellung des von Ihnen angeforderten Dienstes und f\u00fcr Marketingzwecke erforderlich ist, bzw. bis Sie sich entscheiden, das Abonnement des Dienstes zu k\u00fcndigen.<\/p><p><strong>ART DER VERARBEITUNG PERSONENBEZOGENER DATEN<\/strong><br \/>Ihre pers\u00f6nlichen Daten werden manuell, elektronisch und\/oder telematisch verarbeitet; die Verarbeitung erfolgt durch die Verwendung von Cookies (wie in der Cookie Policy der Webseite angegeben) und durch automatisierte Kontaktsysteme per E-Mail, unter Einhaltung der genannten Verfahrensweise gem\u00e4\u00df den Artikeln 6 und 32 der DSGVO und unter Ber\u00fccksichtigung der vorgesehenen angemessenen Sicherheitsma\u00dfnahmen.<br \/>Um die Ergebnisse der Kommunikation zu vergleichen und m\u00f6glicherweise zu verbessern, verwendet der Verantwortliche der Datenverarbeitung Systeme zum Versenden von Newslettern und Werbemitteilungen mit Berichten. Dank der Berichte kann der Verantwortliche z.B. folgende Informationen in Erfahrung bringen: Anzahl der Leser, Zugriffe, einmaligen \u201eKlicker\u201d und Klicks, Ger\u00e4te (iPhone, Blackberry, Nokia&#8230;) und Betriebssysteme (Windows, Apple, Linux, Android&#8230;), die verwendet wurden, um die Mitteilung zu lesen; Details \u00fcber die Aktivit\u00e4t der Benutze; Details \u00fcber E-Mails, die nach Datum\/Uhrzeit\/Minute gesendet wurden; Details \u00fcber die zugestellten und nicht zugestellten E-Mails; die Liste der abgemeldeten Newsletter; wer eine E-Mail ge\u00f6ffnet oder auf einen einzelnen Link geklickt hat; Benutzer mit Problemen bei der Anzeige der Nachricht; Link-Tracking (d.h. die Anzahl der Klicks auf die Links in der Nachricht); Click-Tracking (welche Links angeklickt wurden und von wem). Alle diese Daten werden verwendet, um die Ergebnisse der Kommunikation zu vergleichen und gegebenenfalls zu verbessern.<\/p><p><strong>EINSATZ SOZIALER PLATTFORMEN<\/strong><br \/>Ceramiche Marca Corona SpA kann auch Links zu anderen sozialen Medienplattformen bereitstellen, die zu Servern f\u00fchren, die von Einzelpersonen oder Organisationen installiert wurden, \u00fcber die sie keine Kontrolle hat. Ceramiche Marca Corona SpA \u00fcbernimmt keinerlei Vertretung und \u00fcbernimmt keinerlei Verantwortung f\u00fcr die Richtigkeit oder andere Aspekte der auf solchen Websites verf\u00fcgbaren Informationen. Die Verlinkung auf eine Webseite Dritter kann nicht als Validierung seitens Ceramiche Marca Corona SpA weder des Dritten selbst, noch seiner Produkte bzw. Dienstleistungen anderer oder dieses Dritten verstanden werden. Ceramiche Marca Corona SpA gibt keine Zusicherungen oder Gew\u00e4hrleistungen hinsichtlich der Verwendung oder Speicherung von Benutzerdaten auf Webseiten Dritter. Die Nutzer werden dazu aufgefordert, die Datenschutzrichtlinie, die die mit unserer Website verlinkten Websites Dritter regelt, sorgf\u00e4ltig zu pr\u00fcfen, um einen vollst\u00e4ndigen \u00dcberblick \u00fcber die m\u00f6gliche Verwendung ihrer pers\u00f6nlichen Daten zu erhalten.<\/p><p><strong>EMPF\u00c4NGER VON PERS\u00d6NLICHEN DATEN UND VERBREITUNG VON DATEN<\/strong><br \/>Ihre Daten werden von entsprechend beauftragtem Personal verarbeitet und extern an Unternehmen weitergegeben, die als autonome Verantwortliche oder Auftragsverarbeiter auftreten:<\/p><ul><li>externe Unternehmen, die Dienste in der Cloud anbieten;<\/li><li>Anbieter von technischen Hilfsdiensten;<\/li><li>Gruppenunternehmen, die Dienstleistungen f\u00fcr die Verwaltung des IT-Systems anbieten, einschlie\u00dflich Server-Hosting und Backup-Dienste;\u00a0<\/li><li>Innerhalb von \u00f6ffentlichen und\/oder privaten Subjekten, f\u00fcr die die Mitteilung von Daten in Erf\u00fcllung gesetzlicher Verpflichtungen obligatorisch oder notwendig ist oder jedenfalls f\u00fcr die Verwaltung der Beziehung funktionell ist.<\/li><\/ul><p>Die vollst\u00e4ndige Liste kann schriftlich \u00fcber die Kontaktdaten des Verantwortlichen angefordert werden.<br \/>Eine Diffusion Ihrer Daten findet nicht statt.<\/p><p><strong>\u00dcBERTRAGUNG PERSONENBEZOGENER DATEN:<\/strong><\/p><p>Ihre Daten werden in L\u00e4ndern gespeichert, die der Europ\u00e4ischen Union angeh\u00f6ren. Nur die mittels Cookies verarbeiteten Daten werden in L\u00e4nder \u00fcbertragen, die nicht der Europ\u00e4ischen Union angeh\u00f6ren; siehe entsprechende Angaben in der Cookie Policy der Gesellschaften, die Dienstleistungen bez\u00fcglich der Cookies von Dritten bereitstellen. F\u00fcr weitere Informationen wenden man sich bitte an die Adresse privacy@marcacorona.it<\/p><p><strong>MINDERJ\u00c4HRIGE<\/strong><\/p><p>Die Website richtet sich mit ihren Inhalten nicht an Minderj\u00e4hrige, und es werden keine Daten von Minderj\u00e4hrigen vonseiten des Verantwortlichen erhoben. Sollte der Verantwortliche in Erfahrung bringen, dass derartige Daten erhoben wurden (z.B. mittels Kontaktformularen), wird er daf\u00fcr sorgen, dass diese unverz\u00fcglich gel\u00f6scht werden. Der Verantwortliche antwortet auf Anfragen von Informationen gem\u00e4\u00df den Vorgaben der anwendbaren Gesetze. Es wird daran erinnert, dass bei Anfragen von Informationen die Eltern oder Sorgeberechtigten gehalten sind, ihre Zustimmung zur Erhebung der personenbezogenen Daten des betreffenden Minderj\u00e4hrigen zu geben.<\/p><p><strong>VERANTWORTLICHER DER DATENVERARBEITUNG<\/strong><br \/>Der Verantwortliche der Datenverarbeitung ist die Firma Ceramiche Marca Corona SpA (mit Rechtssitz in Emilia Romagna 7 Sassuolo 41049 MO Italia, telefono +39 0536 867200\u00a0e indirizzo email <a href=\"mailto:privacy@marcacorona.it\">privacy@marcacorona.it<\/a>) in der Person des amtierenden rechtlichen Vertreters.\u00a0Dar\u00fcber hinaus haben Sie das Recht, Beschwerde bei der zust\u00e4ndigen Aufsichtsbeh\u00f6rde einzureichen.<\/p><p>Sie haben das Recht, vom Verantwortlichen die L\u00f6schung (Anspruch auf definitive Datenl\u00f6schung), Einschr\u00e4nkung, Aktualisierung, Berichtigung, Portabilit\u00e4t, Widerspruch gegen die Verarbeitung der Sie betreffenden personenbezogenen Daten zu erhalten, und k\u00f6nnen im Allgemeinen alle in den Artikeln 15, 16, 17, 18, 19, 20, 21, 22 der Europ\u00e4ischen Verordnung 2016\/679 vorgesehenen Rechte aus\u00fcben. Richten Sie Ihre schriftliche Anfrage an <a href=\"mailto:privacy@marcacorona.it\">privacy@marcacorona.it<\/a><\/p><p><strong>ANWENDUNG DIESES INFORMATIONSSCHREIBEN<\/strong><br \/>Bei Unklarheiten in diesem Informationsschreiben, wenden Sie sich bitte per E-Mail an Ceramiche Marca Corona SpA <a href=\"mailto:privacy@marcacorona.it\">privacy@marcacorona.it<\/a><\/p><p><strong>\u00c4NDERUNGEN AN DIESEM INFORMATIONSSCHREIBEN<\/strong><br \/>Ceramiche Marca Corona SpA beh\u00e4lt sich das Recht vor, diese Informationen zu aktualisieren, um sie an neue Gesetzvorschriften anzupassen bzw. um Anregungen von Angestellten, Kunden, Mitarbeitern und Benutzern zu ber\u00fccksichtigen. Im Falle von \u00c4nderungen durch Ceramiche Marca Corona SpA werden die Datenschutzbestimmungen auf der Hauptseite und auf der Homepage der Webseite\u00a0<a href=\"http:\/\/www.marcacorona.it\">www.marcacorona.it<\/a><u>\u00a0<\/u>unverz\u00fcglich aktualisiert.<\/p><p><strong>DIE RECHTE DER BETROFFENEN PERSONEN<\/strong><br \/>EU-Verordnung 2016\/679: Art. 15, 16, 17, 18, 19, 20, 21, 22 &#8211; Rechte der betroffenen Person<\/p><p>1. Die betroffene Person hat das Recht, eine Best\u00e4tigung \u00fcber das Vorhandensein oder Nichtvorhandensein von sie betreffenden, personenbezogenen Daten zu erhalten, auch wenn sie noch nicht gespeichert sind, sowie deren Mitteilung in verst\u00e4ndlicher Form und die M\u00f6glichkeit, eine Beschwerde an die Kontrollstelle zu richten.<\/p><p>2. Die betroffene Person hat das Recht auf Auskunft \u00fcber:<\/p><ol><li>Die Herkunft der personenbezogenen Daten.<\/li><li>Den Zweck und die Modalit\u00e4ten der Verarbeitung.<\/li><li>Die involvierte Logik, falls die Daten elektronisch verarbeitet werden;<\/li><li>Die wichtigsten Daten zur Identifizierung des Rechtsinhabers, der Verantwortlichen und des im Sinne von Artikel 5 Absatz 2 namhaft gemachten Vertreters.<\/li><li>Die Personen oder Kategorien von Personen, denen die personenbezogenen Daten \u00fcbermittelt werden k\u00f6nnen oder die als Verantwortliche oder als Beauftragte davon Kenntnis erlangen k\u00f6nnen.<\/li><\/ol><p>3. Die betroffene Person hat das Recht:<\/p><ol><li>Die Aktualisierung, die Berichtigung oder, sofern ein Interesse daran besteht, die Erg\u00e4nzung der Daten zu verlangen;<\/li><li>Zu verlangen, dass widerrechtlich verarbeitete Daten gel\u00f6scht, anonym gemacht oder gesperrt werden; dies gilt auch f\u00fcr Daten, deren Aufbewahrung f\u00fcr die Zwecke, f\u00fcr die sie erhoben oder sp\u00e4ter verarbeitet wurden, nicht erforderlich ist;<\/li><li>Die Bescheinigung zu erhalten, dass die Vorg\u00e4nge unter Buchstaben a) und b), auch in Bezug auf ihren Inhalt, den Stellen mitgeteilt wurden, an welche die Daten \u00fcbermittelt oder verbreitet wurden, es sei denn, diese Erf\u00fcllung erweist sich als unm\u00f6glich oder ist mit einem offensichtlich unverh\u00e4ltnism\u00e4\u00dfigen Aufwand im Vergleich zu dem zu sch\u00fctzenden Recht verbunden;<\/li><li>Die Daten\u00fcbertragbarkeit zu verlangen.<\/li><\/ol><p>4. Die betroffene Person hat das Recht:<\/p><ol><li>Sich ganz oder teilweise der Verarbeitung personenbezogener Daten, die sie betreffen, aus legitimen Gr\u00fcnden zu widersetzen, auch wenn diese Daten dem Zweck der Erhebung entsprechen;<\/li><\/ol><p>Sich der Verarbeitung personenbezogener Daten, die sie betreffen, zu widersetzen, wenn diese Verarbeitung zum Zwecke des Versands von Werbematerial oder des Direktverkaufs, zur Markt- oder Meinungsforschung oder zur Handelsinformation erfolgt.<\/p>\t\t\t\t\t\t<\/div>\n\t\t\t\t<\/div>\n\t\t\t\t\t<\/div>\n\t\t<\/div>\n\t\t\t\t\t\t\t<\/div>\n\t\t<\/section>\n\t\t\t\t\t\t\t<\/div>\n\t\t","protected":false},"excerpt":{"rendered":"<p>Auf den 13.12.2021 aktualisierte Version Dieses Informationsschreiben richtet sich an die Besucher der Webseite www.marcacorona.it. Dieses Dokument annulliert und ersetzt vollst\u00e4ndig das zuvor \u00fcber Cookies ver\u00f6ffentlichte Dokument. \u00a0 INFORMATIONSSCHREIBEN F\u00dcR WEBSEITE IM SINNE DES ART. 13 UND 14 DER EUROP\u00c4ISCHEN VERORDNUNG 2016\/679 (DSGVO) Zusammenfassende Informationsschreiben sind auf der Webseite an den vorgegebenen Stellen f\u00fcr besondere &hellip;<\/p>\n<p class=\"read-more\"> <a class=\"\" href=\"https:\/\/www.galleriamarcacorona.com\/de\/privacy-policy\/\"> <span class=\"screen-reader-text\">Privacy Policy<\/span> Weiterlesen &raquo;<\/a><\/p>\n","protected":false},"author":1,"featured_media":0,"parent":0,"menu_order":0,"comment_status":"closed","ping_status":"open","template":"","meta":{"site-sidebar-layout":"default","site-content-layout":"default","ast-global-header-display":"","ast-main-header-display":"","ast-hfb-above-header-display":"","ast-hfb-below-header-display":"","ast-hfb-mobile-header-display":"","site-post-title":"","ast-breadcrumbs-content":"","ast-featured-img":"","footer-sml-layout":"","theme-transparent-header-meta":"","adv-header-id-meta":"","stick-header-meta":"","header-above-stick-meta":"","header-main-stick-meta":"","header-below-stick-meta":""},"acf":[],"yoast_head":"<!-- This site is optimized with the Yoast SEO plugin v20.12 - https:\/\/yoast.com\/wordpress\/plugins\/seo\/ -->\n<title>Privacy Policy - Galleria Marca Corona<\/title>\n<meta name=\"robots\" content=\"index, follow, max-snippet:-1, max-image-preview:large, max-video-preview:-1\" \/>\n<link rel=\"canonical\" href=\"https:\/\/www.galleriamarcacorona.com\/de\/privacy-policy\/\" \/>\n<meta property=\"og:locale\" content=\"de_DE\" \/>\n<meta property=\"og:type\" content=\"article\" \/>\n<meta property=\"og:title\" content=\"Privacy Policy - Galleria Marca Corona\" \/>\n<meta property=\"og:description\" content=\"Auf den 13.12.2021 aktualisierte Version Dieses Informationsschreiben richtet sich an die Besucher der Webseite www.marcacorona.it. Dieses Dokument annulliert und ersetzt vollst\u00e4ndig das zuvor \u00fcber Cookies ver\u00f6ffentlichte Dokument. \u00a0 INFORMATIONSSCHREIBEN F\u00dcR WEBSEITE IM SINNE DES ART. 13 UND 14 DER EUROP\u00c4ISCHEN VERORDNUNG 2016\/679 (DSGVO) Zusammenfassende Informationsschreiben sind auf der Webseite an den vorgegebenen Stellen f\u00fcr besondere &hellip; Privacy Policy Weiterlesen &raquo;\" \/>\n<meta property=\"og:url\" content=\"https:\/\/www.galleriamarcacorona.com\/de\/privacy-policy\/\" \/>\n<meta property=\"og:site_name\" content=\"Galleria Marca Corona\" \/>\n<meta property=\"article:modified_time\" content=\"2023-07-27T07:54:40+00:00\" \/>\n<meta name=\"twitter:card\" content=\"summary_large_image\" \/>\n<meta name=\"twitter:label1\" content=\"Gesch\u00e4tzte Lesezeit\" \/>\n\t<meta name=\"twitter:data1\" content=\"13\u00a0Minuten\" \/>\n<script type=\"application\/ld+json\" class=\"yoast-schema-graph\">{\"@context\":\"https:\/\/schema.org\",\"@graph\":[{\"@type\":\"WebPage\",\"@id\":\"https:\/\/www.galleriamarcacorona.com\/de\/privacy-policy\/\",\"url\":\"https:\/\/www.galleriamarcacorona.com\/de\/privacy-policy\/\",\"name\":\"Privacy Policy - Galleria Marca Corona\",\"isPartOf\":{\"@id\":\"https:\/\/www.galleriamarcacorona.com\/de\/#website\"},\"datePublished\":\"2023-05-22T07:40:07+00:00\",\"dateModified\":\"2023-07-27T07:54:40+00:00\",\"breadcrumb\":{\"@id\":\"https:\/\/www.galleriamarcacorona.com\/de\/privacy-policy\/#breadcrumb\"},\"inLanguage\":\"de\",\"potentialAction\":[{\"@type\":\"ReadAction\",\"target\":[\"https:\/\/www.galleriamarcacorona.com\/de\/privacy-policy\/\"]}]},{\"@type\":\"BreadcrumbList\",\"@id\":\"https:\/\/www.galleriamarcacorona.com\/de\/privacy-policy\/#breadcrumb\",\"itemListElement\":[{\"@type\":\"ListItem\",\"position\":1,\"name\":\"Home\",\"item\":\"https:\/\/www.galleriamarcacorona.com\/de\/\"},{\"@type\":\"ListItem\",\"position\":2,\"name\":\"Privacy Policy\"}]},{\"@type\":\"WebSite\",\"@id\":\"https:\/\/www.galleriamarcacorona.com\/de\/#website\",\"url\":\"https:\/\/www.galleriamarcacorona.com\/de\/\",\"name\":\"Galleria Marca Corona\",\"description\":\"\",\"publisher\":{\"@id\":\"https:\/\/www.galleriamarcacorona.com\/de\/#organization\"},\"potentialAction\":[{\"@type\":\"SearchAction\",\"target\":{\"@type\":\"EntryPoint\",\"urlTemplate\":\"https:\/\/www.galleriamarcacorona.com\/de\/?s={search_term_string}\"},\"query-input\":\"required name=search_term_string\"}],\"inLanguage\":\"de\"},{\"@type\":\"Organization\",\"@id\":\"https:\/\/www.galleriamarcacorona.com\/de\/#organization\",\"name\":\"Galleria Marca Corona\",\"url\":\"https:\/\/www.galleriamarcacorona.com\/de\/\",\"logo\":{\"@type\":\"ImageObject\",\"inLanguage\":\"de\",\"@id\":\"https:\/\/www.galleriamarcacorona.com\/de\/#\/schema\/logo\/image\/\",\"url\":\"https:\/\/www.galleriamarcacorona.com\/wp-content\/uploads\/2023\/05\/mc-galleria-logo-rgb-3200px.png\",\"contentUrl\":\"https:\/\/www.galleriamarcacorona.com\/wp-content\/uploads\/2023\/05\/mc-galleria-logo-rgb-3200px.png\",\"width\":3200,\"height\":1112,\"caption\":\"Galleria Marca Corona\"},\"image\":{\"@id\":\"https:\/\/www.galleriamarcacorona.com\/de\/#\/schema\/logo\/image\/\"}}]}<\/script>\n<!-- \/ Yoast SEO plugin. -->","yoast_head_json":{"title":"Privacy Policy - Galleria Marca Corona","robots":{"index":"index","follow":"follow","max-snippet":"max-snippet:-1","max-image-preview":"max-image-preview:large","max-video-preview":"max-video-preview:-1"},"canonical":"https:\/\/www.galleriamarcacorona.com\/de\/privacy-policy\/","og_locale":"de_DE","og_type":"article","og_title":"Privacy Policy - Galleria Marca Corona","og_description":"Auf den 13.12.2021 aktualisierte Version Dieses Informationsschreiben richtet sich an die Besucher der Webseite www.marcacorona.it. Dieses Dokument annulliert und ersetzt vollst\u00e4ndig das zuvor \u00fcber Cookies ver\u00f6ffentlichte Dokument. \u00a0 INFORMATIONSSCHREIBEN F\u00dcR WEBSEITE IM SINNE DES ART. 13 UND 14 DER EUROP\u00c4ISCHEN VERORDNUNG 2016\/679 (DSGVO) Zusammenfassende Informationsschreiben sind auf der Webseite an den vorgegebenen Stellen f\u00fcr besondere &hellip; Privacy Policy Weiterlesen &raquo;","og_url":"https:\/\/www.galleriamarcacorona.com\/de\/privacy-policy\/","og_site_name":"Galleria Marca Corona","article_modified_time":"2023-07-27T07:54:40+00:00","twitter_card":"summary_large_image","twitter_misc":{"Gesch\u00e4tzte Lesezeit":"13\u00a0Minuten"},"schema":{"@context":"https:\/\/schema.org","@graph":[{"@type":"WebPage","@id":"https:\/\/www.galleriamarcacorona.com\/de\/privacy-policy\/","url":"https:\/\/www.galleriamarcacorona.com\/de\/privacy-policy\/","name":"Privacy Policy - Galleria Marca Corona","isPartOf":{"@id":"https:\/\/www.galleriamarcacorona.com\/de\/#website"},"datePublished":"2023-05-22T07:40:07+00:00","dateModified":"2023-07-27T07:54:40+00:00","breadcrumb":{"@id":"https:\/\/www.galleriamarcacorona.com\/de\/privacy-policy\/#breadcrumb"},"inLanguage":"de","potentialAction":[{"@type":"ReadAction","target":["https:\/\/www.galleriamarcacorona.com\/de\/privacy-policy\/"]}]},{"@type":"BreadcrumbList","@id":"https:\/\/www.galleriamarcacorona.com\/de\/privacy-policy\/#breadcrumb","itemListElement":[{"@type":"ListItem","position":1,"name":"Home","item":"https:\/\/www.galleriamarcacorona.com\/de\/"},{"@type":"ListItem","position":2,"name":"Privacy Policy"}]},{"@type":"WebSite","@id":"https:\/\/www.galleriamarcacorona.com\/de\/#website","url":"https:\/\/www.galleriamarcacorona.com\/de\/","name":"Galleria Marca Corona","description":"","publisher":{"@id":"https:\/\/www.galleriamarcacorona.com\/de\/#organization"},"potentialAction":[{"@type":"SearchAction","target":{"@type":"EntryPoint","urlTemplate":"https:\/\/www.galleriamarcacorona.com\/de\/?s={search_term_string}"},"query-input":"required name=search_term_string"}],"inLanguage":"de"},{"@type":"Organization","@id":"https:\/\/www.galleriamarcacorona.com\/de\/#organization","name":"Galleria Marca Corona","url":"https:\/\/www.galleriamarcacorona.com\/de\/","logo":{"@type":"ImageObject","inLanguage":"de","@id":"https:\/\/www.galleriamarcacorona.com\/de\/#\/schema\/logo\/image\/","url":"https:\/\/www.galleriamarcacorona.com\/wp-content\/uploads\/2023\/05\/mc-galleria-logo-rgb-3200px.png","contentUrl":"https:\/\/www.galleriamarcacorona.com\/wp-content\/uploads\/2023\/05\/mc-galleria-logo-rgb-3200px.png","width":3200,"height":1112,"caption":"Galleria Marca Corona"},"image":{"@id":"https:\/\/www.galleriamarcacorona.com\/de\/#\/schema\/logo\/image\/"}}]}},"_links":{"self":[{"href":"https:\/\/www.galleriamarcacorona.com\/de\/wp-json\/wp\/v2\/pages\/3462"}],"collection":[{"href":"https:\/\/www.galleriamarcacorona.com\/de\/wp-json\/wp\/v2\/pages"}],"about":[{"href":"https:\/\/www.galleriamarcacorona.com\/de\/wp-json\/wp\/v2\/types\/page"}],"author":[{"embeddable":true,"href":"https:\/\/www.galleriamarcacorona.com\/de\/wp-json\/wp\/v2\/users\/1"}],"replies":[{"embeddable":true,"href":"https:\/\/www.galleriamarcacorona.com\/de\/wp-json\/wp\/v2\/comments?post=3462"}],"version-history":[{"count":4,"href":"https:\/\/www.galleriamarcacorona.com\/de\/wp-json\/wp\/v2\/pages\/3462\/revisions"}],"predecessor-version":[{"id":3476,"href":"https:\/\/www.galleriamarcacorona.com\/de\/wp-json\/wp\/v2\/pages\/3462\/revisions\/3476"}],"wp:attachment":[{"href":"https:\/\/www.galleriamarcacorona.com\/de\/wp-json\/wp\/v2\/media?parent=3462"}],"curies":[{"name":"wp","href":"https:\/\/api.w.org\/{rel}","templated":true}]}}