{"id":2447,"date":"2023-05-22T08:33:33","date_gmt":"2023-05-22T08:33:33","guid":{"rendered":"https:\/\/galleria-mc.k8s.live.devhoop.com\/marca-corona-para-el-arte\/"},"modified":"2023-12-13T08:26:18","modified_gmt":"2023-12-13T08:26:18","slug":"marca-corona-para-el-arte","status":"publish","type":"page","link":"https:\/\/www.galleriamarcacorona.com\/es\/marca-corona-para-el-arte\/","title":{"rendered":"Marca Corona para el Arte"},"content":{"rendered":"\t\t<div data-elementor-type=\"wp-page\" data-elementor-id=\"2447\" class=\"elementor elementor-2447 elementor-16\" data-elementor-post-type=\"page\">\n\t\t\t\t\t\t\t<div class=\"elementor-element elementor-element-59fe134 e-flex e-con-boxed e-con\" data-id=\"59fe134\" data-element_type=\"container\" data-settings=\"{&quot;background_background&quot;:&quot;slideshow&quot;,&quot;content_width&quot;:&quot;boxed&quot;,&quot;background_slideshow_gallery&quot;:[],&quot;background_slideshow_loop&quot;:&quot;yes&quot;,&quot;background_slideshow_slide_duration&quot;:5000,&quot;background_slideshow_slide_transition&quot;:&quot;fade&quot;,&quot;background_slideshow_transition_duration&quot;:500}\">\n\t\t\t\t\t<div class=\"e-con-inner\">\n\t\t\t\t<div class=\"elementor-element elementor-element-a24bfc9 elementor-widget elementor-widget-video\" data-id=\"a24bfc9\" data-element_type=\"widget\" data-settings=\"{&quot;video_type&quot;:&quot;vimeo&quot;,&quot;autoplay&quot;:&quot;yes&quot;,&quot;mute&quot;:&quot;yes&quot;}\" data-widget_type=\"video.default\">\n\t\t\t\t<div class=\"elementor-widget-container\">\n\t\t\t<style>\/*! elementor - v3.14.0 - 26-06-2023 *\/\n.elementor-widget-video .elementor-widget-container{overflow:hidden;transform:translateZ(0)}.elementor-widget-video .elementor-wrapper{aspect-ratio:var(--video-aspect-ratio)}.elementor-widget-video .elementor-wrapper iframe,.elementor-widget-video .elementor-wrapper video{height:100%;width:100%;display:flex;border:none;background-color:#000}@supports not (aspect-ratio:1\/1){.elementor-widget-video .elementor-wrapper{position:relative;overflow:hidden;height:0;padding-bottom:calc(100% \/ var(--video-aspect-ratio))}.elementor-widget-video .elementor-wrapper iframe,.elementor-widget-video .elementor-wrapper video{position:absolute;top:0;right:0;bottom:0;left:0}}.elementor-widget-video .elementor-open-inline .elementor-custom-embed-image-overlay{position:absolute;top:0;left:0;width:100%;height:100%;background-size:cover;background-position:50%}.elementor-widget-video .elementor-custom-embed-image-overlay{cursor:pointer;text-align:center}.elementor-widget-video .elementor-custom-embed-image-overlay:hover .elementor-custom-embed-play i{opacity:1}.elementor-widget-video .elementor-custom-embed-image-overlay img{display:block;width:100%}.elementor-widget-video .e-hosted-video .elementor-video{-o-object-fit:cover;object-fit:cover}.e-con-inner>.elementor-widget-video,.e-con>.elementor-widget-video{width:var(--container-widget-width);--flex-grow:var(--container-widget-flex-grow)}<\/style>\t\t<div class=\"elementor-wrapper elementor-open-inline\">\n\t\t\t<iframe class=\"elementor-video-iframe\" allowfullscreen title=\"Reproductor de v\u00eddeo vimeo\" src=\"https:\/\/player.vimeo.com\/video\/893391696?autoplay=1&amp;color&amp;autopause=0&amp;loop=0&amp;muted=1&amp;title=0&amp;portrait=0&amp;byline=0#t=\"><\/iframe>\t\t<\/div>\n\t\t\t\t<\/div>\n\t\t\t\t<\/div>\n\t\t\t\t\t<\/div>\n\t\t\t\t<\/div>\n\t\t<div class=\"elementor-element elementor-element-d5134ea e-flex e-con-boxed e-con\" data-id=\"d5134ea\" data-element_type=\"container\" data-settings=\"{&quot;content_width&quot;:&quot;boxed&quot;}\">\n\t\t\t\t\t<div class=\"e-con-inner\">\n\t\t<div class=\"elementor-element elementor-element-2807e2e e-flex e-con-boxed e-con\" data-id=\"2807e2e\" data-element_type=\"container\" data-settings=\"{&quot;content_width&quot;:&quot;boxed&quot;}\">\n\t\t\t\t\t<div class=\"e-con-inner\">\n\t\t<div class=\"elementor-element elementor-element-5a7ced4 e-flex e-con-boxed e-con\" data-id=\"5a7ced4\" data-element_type=\"container\" data-settings=\"{&quot;content_width&quot;:&quot;boxed&quot;}\">\n\t\t\t\t\t<div class=\"e-con-inner\">\n\t\t\t\t<div class=\"elementor-element elementor-element-16e462c elementor-arrows-position-inside elementor-widget elementor-widget-image-carousel\" data-id=\"16e462c\" data-element_type=\"widget\" data-settings=\"{&quot;slides_to_show&quot;:&quot;1&quot;,&quot;navigation&quot;:&quot;arrows&quot;,&quot;infinite&quot;:&quot;no&quot;,&quot;autoplay&quot;:&quot;yes&quot;,&quot;pause_on_hover&quot;:&quot;yes&quot;,&quot;pause_on_interaction&quot;:&quot;yes&quot;,&quot;autoplay_speed&quot;:5000,&quot;effect&quot;:&quot;slide&quot;,&quot;speed&quot;:500}\" data-widget_type=\"image-carousel.default\">\n\t\t\t\t<div class=\"elementor-widget-container\">\n\t\t\t<style>\/*! elementor - v3.14.0 - 26-06-2023 *\/\n.elementor-widget-image-carousel .swiper,.elementor-widget-image-carousel .swiper-container{position:static}.elementor-widget-image-carousel .swiper-container .swiper-slide figure,.elementor-widget-image-carousel .swiper .swiper-slide figure{line-height:inherit}.elementor-widget-image-carousel .swiper-slide{text-align:center}.elementor-image-carousel-wrapper:not(.swiper-container-initialized):not(.swiper-initialized) .swiper-slide{max-width:calc(100% \/ var(--e-image-carousel-slides-to-show, 3))}<\/style>\t\t<div class=\"elementor-image-carousel-wrapper swiper-container\" dir=\"ltr\">\n\t\t\t<div class=\"elementor-image-carousel swiper-wrapper\" aria-live=\"off\">\n\t\t\t\t\t\t\t\t<div class=\"swiper-slide\" role=\"group\" aria-roledescription=\"slide\" aria-label=\"1 de 1\"><figure class=\"swiper-slide-inner\"><img decoding=\"async\" class=\"swiper-slide-image\" src=\"https:\/\/www.galleriamarcacorona.com\/wp-content\/uploads\/2023\/06\/parole.jpg\" alt=\"parole\" \/><\/figure><\/div>\t\t\t<\/div>\n\t\t\t\t\t<\/div>\n\t\t\t\t<\/div>\n\t\t\t\t<\/div>\n\t\t\t\t\t<\/div>\n\t\t\t\t<\/div>\n\t\t<div class=\"elementor-element elementor-element-a41ffdd e-flex e-con-boxed e-con\" data-id=\"a41ffdd\" data-element_type=\"container\" data-settings=\"{&quot;content_width&quot;:&quot;boxed&quot;}\">\n\t\t\t\t\t<div class=\"e-con-inner\">\n\t\t\t\t<div class=\"elementor-element elementor-element-fa65ea9 elementor-widget elementor-widget-heading\" data-id=\"fa65ea9\" data-element_type=\"widget\" data-widget_type=\"heading.default\">\n\t\t\t\t<div class=\"elementor-widget-container\">\n\t\t\t<style>\/*! elementor - v3.14.0 - 26-06-2023 *\/\n.elementor-heading-title{padding:0;margin:0;line-height:1}.elementor-widget-heading .elementor-heading-title[class*=elementor-size-]>a{color:inherit;font-size:inherit;line-height:inherit}.elementor-widget-heading .elementor-heading-title.elementor-size-small{font-size:15px}.elementor-widget-heading .elementor-heading-title.elementor-size-medium{font-size:19px}.elementor-widget-heading .elementor-heading-title.elementor-size-large{font-size:29px}.elementor-widget-heading .elementor-heading-title.elementor-size-xl{font-size:39px}.elementor-widget-heading .elementor-heading-title.elementor-size-xxl{font-size:59px}<\/style><h3 class=\"elementor-heading-title elementor-size-default\">La voluntad <br>de apoyar<br> el talento<\/h3>\t\t<\/div>\n\t\t\t\t<\/div>\n\t\t\t\t<div class=\"elementor-element elementor-element-c135ed3 elementor-widget elementor-widget-text-editor\" data-id=\"c135ed3\" data-element_type=\"widget\" data-widget_type=\"text-editor.default\">\n\t\t\t\t<div class=\"elementor-widget-container\">\n\t\t\t<style>\/*! elementor - v3.14.0 - 26-06-2023 *\/\n.elementor-widget-text-editor.elementor-drop-cap-view-stacked .elementor-drop-cap{background-color:#69727d;color:#fff}.elementor-widget-text-editor.elementor-drop-cap-view-framed .elementor-drop-cap{color:#69727d;border:3px solid;background-color:transparent}.elementor-widget-text-editor:not(.elementor-drop-cap-view-default) .elementor-drop-cap{margin-top:8px}.elementor-widget-text-editor:not(.elementor-drop-cap-view-default) .elementor-drop-cap-letter{width:1em;height:1em}.elementor-widget-text-editor .elementor-drop-cap{float:left;text-align:center;line-height:1;font-size:50px}.elementor-widget-text-editor .elementor-drop-cap-letter{display:inline-block}<\/style>\t\t\t\t<p>El camino del arte contempor\u00e1neo emprendido por Marca Corona entra en la historia de un polo cer\u00e1mico que ha consagrado la fortuna y, al mismo tiempo, la vocaci\u00f3n de un territorio.<\/p>\n<p>Marca Corona cuenta con un v\u00ednculo de larga duraci\u00f3n con el mundo del arte que ha iniciado numerosas colaboraciones a lo largo de los a\u00f1os en nombre de la creatividad, marcando el comienzo de nuevos periodos estil\u00edsticos de producci\u00f3n.<\/p>\n<p><strong>Marca Corona per l\u2019Arte<\/strong> (Marca Corona para el arte) es un viaje art\u00edstico participativo que cada a\u00f1o encomienda a un <strong>artista<\/strong> reconocido la interpretaci\u00f3n de los valores corporativos que, con la colaboraci\u00f3n de los empleados, se convierte en una obra de arte itinerante.<\/p>\n\t\t\t\t\t\t<\/div>\n\t\t\t\t<\/div>\n\t\t\t\t\t<\/div>\n\t\t\t\t<\/div>\n\t\t\t\t\t<\/div>\n\t\t\t\t<\/div>\n\t\t\t\t\t<\/div>\n\t\t\t\t<\/div>\n\t\t<div class=\"elementor-element elementor-element-4c8b616 e-flex e-con-boxed e-con\" data-id=\"4c8b616\" data-element_type=\"container\" data-settings=\"{&quot;content_width&quot;:&quot;boxed&quot;}\">\n\t\t\t\t\t<div class=\"e-con-inner\">\n\t\t<div class=\"elementor-element elementor-element-930484c e-flex e-con-boxed e-con\" data-id=\"930484c\" data-element_type=\"container\" data-settings=\"{&quot;content_width&quot;:&quot;boxed&quot;}\">\n\t\t\t\t\t<div class=\"e-con-inner\">\n\t\t<div class=\"elementor-element elementor-element-dab2a9d e-flex e-con-boxed e-con\" data-id=\"dab2a9d\" data-element_type=\"container\" data-settings=\"{&quot;content_width&quot;:&quot;boxed&quot;}\">\n\t\t\t\t\t<div class=\"e-con-inner\">\n\t\t\t\t<div class=\"elementor-element elementor-element-62e5f9e elementor-widget elementor-widget-heading\" data-id=\"62e5f9e\" data-element_type=\"widget\" data-widget_type=\"heading.default\">\n\t\t\t\t<div class=\"elementor-widget-container\">\n\t\t\t<h3 class=\"elementor-heading-title elementor-size-default\">Una visi\u00f3n <br>\ncolectiva del futuro<\/h3>\t\t<\/div>\n\t\t\t\t<\/div>\n\t\t\t\t<div class=\"elementor-element elementor-element-14065b5 elementor-widget elementor-widget-text-editor\" data-id=\"14065b5\" data-element_type=\"widget\" data-widget_type=\"text-editor.default\">\n\t\t\t\t<div class=\"elementor-widget-container\">\n\t\t\t\t\t\t\t<p>La implicaci\u00f3n y puesta en valor de los talentos, junto con una filosof\u00eda centrada en las personas, son rasgos distintivos y premisas del <strong>proyecto identitario<\/strong> Marca Corona per l\u2019Arte que promueve una visi\u00f3n colectiva del futuro para explorar lo contempor\u00e1neo.<\/p>\n<p>Talento y trabajo, personas y empresa, son las ecuaciones que encuentran en Marca Corona per l&#8217;Arte el impulso creativo y propulsor hacia el futuro de los nuevos lenguajes.<\/p>\n<p>En este sentido, el <strong>Premio Marca Corona<\/strong> reconoce a artistas emergentes que sean protagonistas de una investigaci\u00f3n sobre la cer\u00e1mica y testigos del devenir de un material que ha marcado a todo un territorio.<\/p>\n\t\t\t\t\t\t<\/div>\n\t\t\t\t<\/div>\n\t\t\t\t\t<\/div>\n\t\t\t\t<\/div>\n\t\t<div class=\"elementor-element elementor-element-781c414 e-flex e-con-boxed e-con\" data-id=\"781c414\" data-element_type=\"container\" data-settings=\"{&quot;content_width&quot;:&quot;boxed&quot;}\">\n\t\t\t\t\t<div class=\"e-con-inner\">\n\t\t\t\t<div class=\"elementor-element elementor-element-5b3e296 elementor-widget elementor-widget-image\" data-id=\"5b3e296\" data-element_type=\"widget\" data-widget_type=\"image.default\">\n\t\t\t\t<div class=\"elementor-widget-container\">\n\t\t\t<style>\/*! elementor - v3.14.0 - 26-06-2023 *\/\n.elementor-widget-image{text-align:center}.elementor-widget-image a{display:inline-block}.elementor-widget-image a img[src$=\".svg\"]{width:48px}.elementor-widget-image img{vertical-align:middle;display:inline-block}<\/style>\t\t\t\t\t\t\t\t\t\t\t\t<img decoding=\"async\" width=\"843\" height=\"596\" src=\"https:\/\/www.galleriamarcacorona.com\/wp-content\/uploads\/2023\/06\/arte2.jpg\" class=\"attachment-large size-large wp-image-717\" alt=\"Installazione di arte contemporanea\" loading=\"lazy\" srcset=\"https:\/\/www.galleriamarcacorona.com\/wp-content\/uploads\/2023\/06\/arte2.jpg 843w, https:\/\/www.galleriamarcacorona.com\/wp-content\/uploads\/2023\/06\/arte2-300x212.jpg 300w, https:\/\/www.galleriamarcacorona.com\/wp-content\/uploads\/2023\/06\/arte2-768x543.jpg 768w\" sizes=\"(max-width: 843px) 100vw, 843px\" \/>\t\t\t\t\t\t\t\t\t\t\t\t\t\t\t<\/div>\n\t\t\t\t<\/div>\n\t\t\t\t\t<\/div>\n\t\t\t\t<\/div>\n\t\t\t\t\t<\/div>\n\t\t\t\t<\/div>\n\t\t\t\t\t<\/div>\n\t\t\t\t<\/div>\n\t\t<div class=\"elementor-element elementor-element-c4c14fb e-flex e-con-boxed e-con\" data-id=\"c4c14fb\" data-element_type=\"container\" data-settings=\"{&quot;content_width&quot;:&quot;boxed&quot;}\">\n\t\t\t\t\t<div class=\"e-con-inner\">\n\t\t<div class=\"elementor-element elementor-element-98335c5 e-flex e-con-boxed e-con\" data-id=\"98335c5\" data-element_type=\"container\" data-settings=\"{&quot;content_width&quot;:&quot;boxed&quot;}\">\n\t\t\t\t\t<div class=\"e-con-inner\">\n\t\t<div class=\"elementor-element elementor-element-2745d0f e-flex e-con-boxed e-con\" data-id=\"2745d0f\" data-element_type=\"container\" data-settings=\"{&quot;content_width&quot;:&quot;boxed&quot;}\">\n\t\t\t\t\t<div class=\"e-con-inner\">\n\t\t\t\t<div class=\"elementor-element elementor-element-9a105eb elementor-widget elementor-widget-image\" data-id=\"9a105eb\" data-element_type=\"widget\" data-widget_type=\"image.default\">\n\t\t\t\t<div class=\"elementor-widget-container\">\n\t\t\t\t\t\t\t\t\t\t\t\t\t\t\t<img decoding=\"async\" width=\"843\" height=\"914\" src=\"https:\/\/www.galleriamarcacorona.com\/wp-content\/uploads\/2023\/06\/arte3.jpg\" class=\"attachment-large size-large wp-image-718\" alt=\"Installazione di arte contemporanea\" loading=\"lazy\" srcset=\"https:\/\/www.galleriamarcacorona.com\/wp-content\/uploads\/2023\/06\/arte3.jpg 843w, https:\/\/www.galleriamarcacorona.com\/wp-content\/uploads\/2023\/06\/arte3-277x300.jpg 277w, https:\/\/www.galleriamarcacorona.com\/wp-content\/uploads\/2023\/06\/arte3-768x833.jpg 768w\" sizes=\"(max-width: 843px) 100vw, 843px\" \/>\t\t\t\t\t\t\t\t\t\t\t\t\t\t\t<\/div>\n\t\t\t\t<\/div>\n\t\t\t\t\t<\/div>\n\t\t\t\t<\/div>\n\t\t<div class=\"elementor-element elementor-element-612aac5 e-flex e-con-boxed e-con\" data-id=\"612aac5\" data-element_type=\"container\" data-settings=\"{&quot;content_width&quot;:&quot;boxed&quot;}\">\n\t\t\t\t\t<div class=\"e-con-inner\">\n\t\t\t\t<div class=\"elementor-element elementor-element-8df2e90 elementor-widget elementor-widget-heading\" data-id=\"8df2e90\" data-element_type=\"widget\" data-widget_type=\"heading.default\">\n\t\t\t\t<div class=\"elementor-widget-container\">\n\t\t\t<h3 class=\"elementor-heading-title elementor-size-default\">Escenarios internacionales <br>\nentre el arte y la arquitectura\n<\/h3>\t\t<\/div>\n\t\t\t\t<\/div>\n\t\t\t\t<div class=\"elementor-element elementor-element-d0fa727 elementor-widget elementor-widget-text-editor\" data-id=\"d0fa727\" data-element_type=\"widget\" data-widget_type=\"text-editor.default\">\n\t\t\t\t<div class=\"elementor-widget-container\">\n\t\t\t\t\t\t\t<p>La historia ense\u00f1a c\u00f3mo el genio artesano se sinti\u00f3 atra\u00eddo por el \u00e1rea de Sassuolo, floreciendo en excelencia y proyectando el arte de trabajar la cer\u00e1mica m\u00e1s all\u00e1 de las fronteras globales.<\/p>\n<p>De la misma forma, Marca Corona per l&#8217;Arte celebra este caso de \u00e9xito, generando en su Galer\u00eda un producto art\u00edstico sin precedentes para luego ofrecerlo al mundo, convirti\u00e9ndose en un productor cultural entre la creatividad y el emprendimiento.<\/p>\n<p>Las ferias de arte contempor\u00e1neo, las jornadas de arquitectura o los talleres escolares se convierten as\u00ed en espacios de encuentro y experimentaci\u00f3n promovidos por la empresa, involucrando a nuevos p\u00fablicos que enriquecen y dan continuidad a esta reflexi\u00f3n.<\/p>\n\t\t\t\t\t\t<\/div>\n\t\t\t\t<\/div>\n\t\t\t\t\t<\/div>\n\t\t\t\t<\/div>\n\t\t\t\t\t<\/div>\n\t\t\t\t<\/div>\n\t\t\t\t\t<\/div>\n\t\t\t\t<\/div>\n\t\t<div class=\"elementor-element elementor-element-c13f5ac e-flex e-con-boxed e-con\" data-id=\"c13f5ac\" data-element_type=\"container\" data-settings=\"{&quot;background_background&quot;:&quot;classic&quot;,&quot;content_width&quot;:&quot;boxed&quot;}\">\n\t\t\t\t\t<div class=\"e-con-inner\">\n\t\t\t\t<div class=\"elementor-element elementor-element-b5d2e43 elementor-widget__width-initial elementor-arrows-position-inside elementor-widget elementor-widget-image-carousel\" data-id=\"b5d2e43\" data-element_type=\"widget\" data-settings=\"{&quot;slides_to_show&quot;:&quot;4&quot;,&quot;navigation&quot;:&quot;arrows&quot;,&quot;infinite&quot;:&quot;no&quot;,&quot;slides_to_show_tablet&quot;:&quot;2&quot;,&quot;slides_to_show_mobile&quot;:&quot;1&quot;,&quot;image_spacing_custom&quot;:{&quot;unit&quot;:&quot;px&quot;,&quot;size&quot;:10,&quot;sizes&quot;:[]},&quot;autoplay&quot;:&quot;yes&quot;,&quot;pause_on_hover&quot;:&quot;yes&quot;,&quot;pause_on_interaction&quot;:&quot;yes&quot;,&quot;autoplay_speed&quot;:5000,&quot;speed&quot;:500,&quot;image_spacing_custom_tablet&quot;:{&quot;unit&quot;:&quot;px&quot;,&quot;size&quot;:&quot;&quot;,&quot;sizes&quot;:[]}}\" data-widget_type=\"image-carousel.default\">\n\t\t\t\t<div class=\"elementor-widget-container\">\n\t\t\t\t\t<div class=\"elementor-image-carousel-wrapper swiper-container\" dir=\"ltr\">\n\t\t\t<div class=\"elementor-image-carousel swiper-wrapper\" aria-live=\"off\">\n\t\t\t\t\t\t\t\t<div class=\"swiper-slide\" role=\"group\" aria-roledescription=\"slide\" aria-label=\"1 de 8\"><figure class=\"swiper-slide-inner\"><img decoding=\"async\" class=\"swiper-slide-image\" src=\"https:\/\/www.galleriamarcacorona.com\/wp-content\/uploads\/2023\/06\/2.jpg\" alt=\"Installazione di arte contemporanea\" \/><\/figure><\/div><div class=\"swiper-slide\" role=\"group\" aria-roledescription=\"slide\" aria-label=\"2 de 8\"><figure class=\"swiper-slide-inner\"><img decoding=\"async\" class=\"swiper-slide-image\" src=\"https:\/\/www.galleriamarcacorona.com\/wp-content\/uploads\/2023\/06\/3.jpg\" alt=\"Installazione di arte contemporanea\" \/><\/figure><\/div><div class=\"swiper-slide\" role=\"group\" aria-roledescription=\"slide\" aria-label=\"3 de 8\"><figure class=\"swiper-slide-inner\"><img decoding=\"async\" class=\"swiper-slide-image\" src=\"https:\/\/www.galleriamarcacorona.com\/wp-content\/uploads\/2023\/06\/4.jpg\" alt=\"Installazione di arte contemporanea\" \/><\/figure><\/div><div class=\"swiper-slide\" role=\"group\" aria-roledescription=\"slide\" aria-label=\"4 de 8\"><figure class=\"swiper-slide-inner\"><img decoding=\"async\" class=\"swiper-slide-image\" src=\"https:\/\/www.galleriamarcacorona.com\/wp-content\/uploads\/2023\/06\/IMG_3795-scaled.jpg\" alt=\"Installazione di arte contemporanea\" \/><\/figure><\/div><div class=\"swiper-slide\" role=\"group\" aria-roledescription=\"slide\" aria-label=\"5 de 8\"><figure class=\"swiper-slide-inner\"><img decoding=\"async\" class=\"swiper-slide-image\" src=\"https:\/\/www.galleriamarcacorona.com\/wp-content\/uploads\/2023\/06\/9.jpg\" alt=\"Installazione di arte contemporanea\" \/><\/figure><\/div><div class=\"swiper-slide\" role=\"group\" aria-roledescription=\"slide\" aria-label=\"6 de 8\"><figure class=\"swiper-slide-inner\"><img decoding=\"async\" class=\"swiper-slide-image\" src=\"https:\/\/www.galleriamarcacorona.com\/wp-content\/uploads\/2023\/06\/7.jpg\" alt=\"Installazione di arte contemporanea\" \/><\/figure><\/div><div class=\"swiper-slide\" role=\"group\" aria-roledescription=\"slide\" aria-label=\"7 de 8\"><figure class=\"swiper-slide-inner\"><img decoding=\"async\" class=\"swiper-slide-image\" src=\"https:\/\/www.galleriamarcacorona.com\/wp-content\/uploads\/2023\/06\/10.jpg\" alt=\"Installazione di arte contemporanea\" \/><\/figure><\/div><div class=\"swiper-slide\" role=\"group\" aria-roledescription=\"slide\" aria-label=\"8 de 8\"><figure class=\"swiper-slide-inner\"><img decoding=\"async\" class=\"swiper-slide-image\" src=\"https:\/\/www.galleriamarcacorona.com\/wp-content\/uploads\/2023\/06\/5.jpg\" alt=\"Installazione di arte contemporanea\" \/><\/figure><\/div>\t\t\t<\/div>\n\t\t\t\t\t\t\t\t\t\t\t\t<div class=\"elementor-swiper-button elementor-swiper-button-prev\" role=\"button\" tabindex=\"0\">\n\t\t\t\t\t\t<i aria-hidden=\"true\" class=\"eicon-chevron-left\"><\/i>\t\t\t\t\t<\/div>\n\t\t\t\t\t<div class=\"elementor-swiper-button elementor-swiper-button-next\" role=\"button\" tabindex=\"0\">\n\t\t\t\t\t\t<i aria-hidden=\"true\" class=\"eicon-chevron-right\"><\/i>\t\t\t\t\t<\/div>\n\t\t\t\t\n\t\t\t\t\t\t\t\t\t<\/div>\n\t\t\t\t<\/div>\n\t\t\t\t<\/div>\n\t\t\t\t\t<\/div>\n\t\t\t\t<\/div>\n\t\t\t\t\t\t\t<\/div>\n\t\t","protected":false},"excerpt":{"rendered":"<p>La voluntad de apoyar el talento El camino del arte contempor\u00e1neo emprendido por Marca Corona entra en la historia de un polo cer\u00e1mico que ha consagrado la fortuna y, al mismo tiempo, la vocaci\u00f3n de un territorio. Marca Corona cuenta con un v\u00ednculo de larga duraci\u00f3n con el mundo del arte que ha iniciado numerosas &hellip;<\/p>\n<p class=\"read-more\"> <a class=\"\" href=\"https:\/\/www.galleriamarcacorona.com\/es\/marca-corona-para-el-arte\/\"> <span class=\"screen-reader-text\">Marca Corona para el Arte<\/span> Leer m\u00e1s &raquo;<\/a><\/p>\n","protected":false},"author":1,"featured_media":0,"parent":0,"menu_order":0,"comment_status":"closed","ping_status":"closed","template":"","meta":{"site-sidebar-layout":"no-sidebar","site-content-layout":"page-builder","ast-global-header-display":"","ast-main-header-display":"","ast-hfb-above-header-display":"","ast-hfb-below-header-display":"","ast-hfb-mobile-header-display":"","site-post-title":"disabled","ast-breadcrumbs-content":"","ast-featured-img":"disabled","footer-sml-layout":"","theme-transparent-header-meta":"","adv-header-id-meta":"","stick-header-meta":"","header-above-stick-meta":"","header-main-stick-meta":"","header-below-stick-meta":""},"acf":[],"yoast_head":"<!-- This site is optimized with the Yoast SEO plugin v20.12 - https:\/\/yoast.com\/wordpress\/plugins\/seo\/ -->\n<title>Marca Corona por el arte contempor\u00e1neo | Galer\u00eda Marca Corona<\/title>\n<meta name=\"description\" content=\"Descubre nuestras instalaciones de arte contempor\u00e1neo: obras, artistas y sinergias que celebran el poder de la creatividad.\" \/>\n<meta name=\"robots\" content=\"index, follow, max-snippet:-1, max-image-preview:large, max-video-preview:-1\" \/>\n<link rel=\"canonical\" href=\"https:\/\/www.galleriamarcacorona.com\/es\/marca-corona-para-el-arte\/\" \/>\n<meta property=\"og:locale\" content=\"es_ES\" \/>\n<meta property=\"og:type\" content=\"article\" \/>\n<meta property=\"og:title\" content=\"Marca Corona por el arte contempor\u00e1neo | Galer\u00eda Marca Corona\" \/>\n<meta property=\"og:description\" content=\"Descubre nuestras instalaciones de arte contempor\u00e1neo: obras, artistas y sinergias que celebran el poder de la creatividad.\" \/>\n<meta property=\"og:url\" content=\"https:\/\/www.galleriamarcacorona.com\/es\/marca-corona-para-el-arte\/\" \/>\n<meta property=\"og:site_name\" content=\"Galleria Marca Corona\" \/>\n<meta property=\"article:modified_time\" content=\"2023-12-13T08:26:18+00:00\" \/>\n<meta property=\"og:image\" content=\"https:\/\/www.galleriamarcacorona.com\/wp-content\/uploads\/2023\/06\/parole.jpg\" \/>\n<meta name=\"twitter:card\" content=\"summary_large_image\" \/>\n<meta name=\"twitter:label1\" content=\"Tiempo de lectura\" \/>\n\t<meta name=\"twitter:data1\" content=\"4 minutos\" \/>\n<script type=\"application\/ld+json\" class=\"yoast-schema-graph\">{\"@context\":\"https:\/\/schema.org\",\"@graph\":[{\"@type\":\"WebPage\",\"@id\":\"https:\/\/www.galleriamarcacorona.com\/es\/marca-corona-para-el-arte\/\",\"url\":\"https:\/\/www.galleriamarcacorona.com\/es\/marca-corona-para-el-arte\/\",\"name\":\"Marca Corona por el arte contempor\u00e1neo | Galer\u00eda Marca Corona\",\"isPartOf\":{\"@id\":\"https:\/\/www.galleriamarcacorona.com\/es\/#website\"},\"datePublished\":\"2023-05-22T08:33:33+00:00\",\"dateModified\":\"2023-12-13T08:26:18+00:00\",\"description\":\"Descubre nuestras instalaciones de arte contempor\u00e1neo: obras, artistas y sinergias que celebran el poder de la creatividad.\",\"breadcrumb\":{\"@id\":\"https:\/\/www.galleriamarcacorona.com\/es\/marca-corona-para-el-arte\/#breadcrumb\"},\"inLanguage\":\"es\",\"potentialAction\":[{\"@type\":\"ReadAction\",\"target\":[\"https:\/\/www.galleriamarcacorona.com\/es\/marca-corona-para-el-arte\/\"]}]},{\"@type\":\"BreadcrumbList\",\"@id\":\"https:\/\/www.galleriamarcacorona.com\/es\/marca-corona-para-el-arte\/#breadcrumb\",\"itemListElement\":[{\"@type\":\"ListItem\",\"position\":1,\"name\":\"Home\",\"item\":\"https:\/\/www.galleriamarcacorona.com\/es\/\"},{\"@type\":\"ListItem\",\"position\":2,\"name\":\"Marca Corona para el Arte\"}]},{\"@type\":\"WebSite\",\"@id\":\"https:\/\/www.galleriamarcacorona.com\/es\/#website\",\"url\":\"https:\/\/www.galleriamarcacorona.com\/es\/\",\"name\":\"Galleria Marca Corona\",\"description\":\"\",\"publisher\":{\"@id\":\"https:\/\/www.galleriamarcacorona.com\/es\/#organization\"},\"potentialAction\":[{\"@type\":\"SearchAction\",\"target\":{\"@type\":\"EntryPoint\",\"urlTemplate\":\"https:\/\/www.galleriamarcacorona.com\/es\/?s={search_term_string}\"},\"query-input\":\"required name=search_term_string\"}],\"inLanguage\":\"es\"},{\"@type\":\"Organization\",\"@id\":\"https:\/\/www.galleriamarcacorona.com\/es\/#organization\",\"name\":\"Galleria Marca Corona\",\"url\":\"https:\/\/www.galleriamarcacorona.com\/es\/\",\"logo\":{\"@type\":\"ImageObject\",\"inLanguage\":\"es\",\"@id\":\"https:\/\/www.galleriamarcacorona.com\/es\/#\/schema\/logo\/image\/\",\"url\":\"https:\/\/www.galleriamarcacorona.com\/wp-content\/uploads\/2023\/05\/mc-galleria-logo-rgb-3200px.png\",\"contentUrl\":\"https:\/\/www.galleriamarcacorona.com\/wp-content\/uploads\/2023\/05\/mc-galleria-logo-rgb-3200px.png\",\"width\":3200,\"height\":1112,\"caption\":\"Galleria Marca Corona\"},\"image\":{\"@id\":\"https:\/\/www.galleriamarcacorona.com\/es\/#\/schema\/logo\/image\/\"}}]}<\/script>\n<!-- \/ Yoast SEO plugin. -->","yoast_head_json":{"title":"Marca Corona por el arte contempor\u00e1neo | Galer\u00eda Marca Corona","description":"Descubre nuestras instalaciones de arte contempor\u00e1neo: obras, artistas y sinergias que celebran el poder de la creatividad.","robots":{"index":"index","follow":"follow","max-snippet":"max-snippet:-1","max-image-preview":"max-image-preview:large","max-video-preview":"max-video-preview:-1"},"canonical":"https:\/\/www.galleriamarcacorona.com\/es\/marca-corona-para-el-arte\/","og_locale":"es_ES","og_type":"article","og_title":"Marca Corona por el arte contempor\u00e1neo | Galer\u00eda Marca Corona","og_description":"Descubre nuestras instalaciones de arte contempor\u00e1neo: obras, artistas y sinergias que celebran el poder de la creatividad.","og_url":"https:\/\/www.galleriamarcacorona.com\/es\/marca-corona-para-el-arte\/","og_site_name":"Galleria Marca Corona","article_modified_time":"2023-12-13T08:26:18+00:00","og_image":[{"url":"https:\/\/www.galleriamarcacorona.com\/wp-content\/uploads\/2023\/06\/parole.jpg"}],"twitter_card":"summary_large_image","twitter_misc":{"Tiempo de lectura":"4 minutos"},"schema":{"@context":"https:\/\/schema.org","@graph":[{"@type":"WebPage","@id":"https:\/\/www.galleriamarcacorona.com\/es\/marca-corona-para-el-arte\/","url":"https:\/\/www.galleriamarcacorona.com\/es\/marca-corona-para-el-arte\/","name":"Marca Corona por el arte contempor\u00e1neo | Galer\u00eda Marca Corona","isPartOf":{"@id":"https:\/\/www.galleriamarcacorona.com\/es\/#website"},"datePublished":"2023-05-22T08:33:33+00:00","dateModified":"2023-12-13T08:26:18+00:00","description":"Descubre nuestras instalaciones de arte contempor\u00e1neo: obras, artistas y sinergias que celebran el poder de la creatividad.","breadcrumb":{"@id":"https:\/\/www.galleriamarcacorona.com\/es\/marca-corona-para-el-arte\/#breadcrumb"},"inLanguage":"es","potentialAction":[{"@type":"ReadAction","target":["https:\/\/www.galleriamarcacorona.com\/es\/marca-corona-para-el-arte\/"]}]},{"@type":"BreadcrumbList","@id":"https:\/\/www.galleriamarcacorona.com\/es\/marca-corona-para-el-arte\/#breadcrumb","itemListElement":[{"@type":"ListItem","position":1,"name":"Home","item":"https:\/\/www.galleriamarcacorona.com\/es\/"},{"@type":"ListItem","position":2,"name":"Marca Corona para el Arte"}]},{"@type":"WebSite","@id":"https:\/\/www.galleriamarcacorona.com\/es\/#website","url":"https:\/\/www.galleriamarcacorona.com\/es\/","name":"Galleria Marca Corona","description":"","publisher":{"@id":"https:\/\/www.galleriamarcacorona.com\/es\/#organization"},"potentialAction":[{"@type":"SearchAction","target":{"@type":"EntryPoint","urlTemplate":"https:\/\/www.galleriamarcacorona.com\/es\/?s={search_term_string}"},"query-input":"required name=search_term_string"}],"inLanguage":"es"},{"@type":"Organization","@id":"https:\/\/www.galleriamarcacorona.com\/es\/#organization","name":"Galleria Marca Corona","url":"https:\/\/www.galleriamarcacorona.com\/es\/","logo":{"@type":"ImageObject","inLanguage":"es","@id":"https:\/\/www.galleriamarcacorona.com\/es\/#\/schema\/logo\/image\/","url":"https:\/\/www.galleriamarcacorona.com\/wp-content\/uploads\/2023\/05\/mc-galleria-logo-rgb-3200px.png","contentUrl":"https:\/\/www.galleriamarcacorona.com\/wp-content\/uploads\/2023\/05\/mc-galleria-logo-rgb-3200px.png","width":3200,"height":1112,"caption":"Galleria Marca Corona"},"image":{"@id":"https:\/\/www.galleriamarcacorona.com\/es\/#\/schema\/logo\/image\/"}}]}},"_links":{"self":[{"href":"https:\/\/www.galleriamarcacorona.com\/es\/wp-json\/wp\/v2\/pages\/2447"}],"collection":[{"href":"https:\/\/www.galleriamarcacorona.com\/es\/wp-json\/wp\/v2\/pages"}],"about":[{"href":"https:\/\/www.galleriamarcacorona.com\/es\/wp-json\/wp\/v2\/types\/page"}],"author":[{"embeddable":true,"href":"https:\/\/www.galleriamarcacorona.com\/es\/wp-json\/wp\/v2\/users\/1"}],"replies":[{"embeddable":true,"href":"https:\/\/www.galleriamarcacorona.com\/es\/wp-json\/wp\/v2\/comments?post=2447"}],"version-history":[{"count":5,"href":"https:\/\/www.galleriamarcacorona.com\/es\/wp-json\/wp\/v2\/pages\/2447\/revisions"}],"predecessor-version":[{"id":6672,"href":"https:\/\/www.galleriamarcacorona.com\/es\/wp-json\/wp\/v2\/pages\/2447\/revisions\/6672"}],"wp:attachment":[{"href":"https:\/\/www.galleriamarcacorona.com\/es\/wp-json\/wp\/v2\/media?parent=2447"}],"curies":[{"name":"wp","href":"https:\/\/api.w.org\/{rel}","templated":true}]}}