{"id":4302,"date":"2023-09-04T09:24:53","date_gmt":"2023-09-04T09:24:53","guid":{"rendered":"https:\/\/www.galleriamarcacorona.com\/?page_id=4302"},"modified":"2024-01-29T15:30:14","modified_gmt":"2024-01-29T15:30:14","slug":"stefano-arienti-arte-povera-y-cultura-corporativa","status":"publish","type":"page","link":"https:\/\/www.galleriamarcacorona.com\/es\/stefano-arienti-arte-povera-y-cultura-corporativa\/","title":{"rendered":"Stefano Arienti: arte povera y cultura corporativa"},"content":{"rendered":"\t\t<div data-elementor-type=\"wp-page\" data-elementor-id=\"4302\" class=\"elementor elementor-4302 elementor-4299\" data-elementor-post-type=\"page\">\n\t\t\t\t\t\t\t<div class=\"elementor-element elementor-element-9267953 e-flex e-con-boxed e-con\" data-id=\"9267953\" data-element_type=\"container\" data-settings=\"{&quot;content_width&quot;:&quot;boxed&quot;}\">\n\t\t\t\t\t<div class=\"e-con-inner\">\n\t\t\t\t<div class=\"elementor-element elementor-element-28b08f4 elementor-widget elementor-widget-video\" data-id=\"28b08f4\" data-element_type=\"widget\" data-settings=\"{&quot;video_type&quot;:&quot;vimeo&quot;,&quot;autoplay&quot;:&quot;yes&quot;,&quot;mute&quot;:&quot;yes&quot;,&quot;loop&quot;:&quot;yes&quot;}\" data-widget_type=\"video.default\">\n\t\t\t\t<div class=\"elementor-widget-container\">\n\t\t\t<style>\/*! elementor - v3.14.0 - 26-06-2023 *\/\n.elementor-widget-video .elementor-widget-container{overflow:hidden;transform:translateZ(0)}.elementor-widget-video .elementor-wrapper{aspect-ratio:var(--video-aspect-ratio)}.elementor-widget-video .elementor-wrapper iframe,.elementor-widget-video .elementor-wrapper video{height:100%;width:100%;display:flex;border:none;background-color:#000}@supports not (aspect-ratio:1\/1){.elementor-widget-video .elementor-wrapper{position:relative;overflow:hidden;height:0;padding-bottom:calc(100% \/ var(--video-aspect-ratio))}.elementor-widget-video .elementor-wrapper iframe,.elementor-widget-video .elementor-wrapper video{position:absolute;top:0;right:0;bottom:0;left:0}}.elementor-widget-video .elementor-open-inline .elementor-custom-embed-image-overlay{position:absolute;top:0;left:0;width:100%;height:100%;background-size:cover;background-position:50%}.elementor-widget-video .elementor-custom-embed-image-overlay{cursor:pointer;text-align:center}.elementor-widget-video .elementor-custom-embed-image-overlay:hover .elementor-custom-embed-play i{opacity:1}.elementor-widget-video .elementor-custom-embed-image-overlay img{display:block;width:100%}.elementor-widget-video .e-hosted-video .elementor-video{-o-object-fit:cover;object-fit:cover}.e-con-inner>.elementor-widget-video,.e-con>.elementor-widget-video{width:var(--container-widget-width);--flex-grow:var(--container-widget-flex-grow)}<\/style>\t\t<div class=\"elementor-wrapper elementor-open-inline\">\n\t\t\t<iframe class=\"elementor-video-iframe\" allowfullscreen title=\"Reproductor de v\u00eddeo vimeo\" src=\"https:\/\/player.vimeo.com\/video\/906030518?autoplay=1&amp;color&amp;autopause=0&amp;loop=1&amp;muted=1&amp;title=0&amp;portrait=0&amp;byline=0#t=\"><\/iframe>\t\t<\/div>\n\t\t\t\t<\/div>\n\t\t\t\t<\/div>\n\t\t\t\t\t<\/div>\n\t\t\t\t<\/div>\n\t\t<div class=\"elementor-element elementor-element-65277a4 e-flex e-con-boxed e-con\" data-id=\"65277a4\" data-element_type=\"container\" data-settings=\"{&quot;background_background&quot;:&quot;classic&quot;,&quot;content_width&quot;:&quot;boxed&quot;}\">\n\t\t\t\t\t<div class=\"e-con-inner\">\n\t\t<div class=\"elementor-element elementor-element-56beab1 e-con-full e-flex e-con\" data-id=\"56beab1\" data-element_type=\"container\" data-settings=\"{&quot;content_width&quot;:&quot;full&quot;}\">\n\t\t<div class=\"elementor-element elementor-element-c42589e e-flex e-con-boxed e-con\" data-id=\"c42589e\" data-element_type=\"container\" data-settings=\"{&quot;content_width&quot;:&quot;boxed&quot;}\">\n\t\t\t\t\t<div class=\"e-con-inner\">\n\t\t\t\t<div class=\"elementor-element elementor-element-ee8332f elementor-widget elementor-widget-heading\" data-id=\"ee8332f\" data-element_type=\"widget\" data-widget_type=\"heading.default\">\n\t\t\t\t<div class=\"elementor-widget-container\">\n\t\t\t<style>\/*! elementor - v3.14.0 - 26-06-2023 *\/\n.elementor-heading-title{padding:0;margin:0;line-height:1}.elementor-widget-heading .elementor-heading-title[class*=elementor-size-]>a{color:inherit;font-size:inherit;line-height:inherit}.elementor-widget-heading .elementor-heading-title.elementor-size-small{font-size:15px}.elementor-widget-heading .elementor-heading-title.elementor-size-medium{font-size:19px}.elementor-widget-heading .elementor-heading-title.elementor-size-large{font-size:29px}.elementor-widget-heading .elementor-heading-title.elementor-size-xl{font-size:39px}.elementor-widget-heading .elementor-heading-title.elementor-size-xxl{font-size:59px}<\/style><h1 class=\"elementor-heading-title elementor-size-default\">Stefano<br>\nArienti<\/h1>\t\t<\/div>\n\t\t\t\t<\/div>\n\t\t\t\t<div class=\"elementor-element elementor-element-c41ccfd elementor-hidden-desktop elementor-hidden-tablet elementor-widget elementor-widget-image\" data-id=\"c41ccfd\" data-element_type=\"widget\" data-widget_type=\"image.default\">\n\t\t\t\t<div class=\"elementor-widget-container\">\n\t\t\t<style>\/*! elementor - v3.14.0 - 26-06-2023 *\/\n.elementor-widget-image{text-align:center}.elementor-widget-image a{display:inline-block}.elementor-widget-image a img[src$=\".svg\"]{width:48px}.elementor-widget-image img{vertical-align:middle;display:inline-block}<\/style>\t\t\t\t\t\t\t\t\t\t\t\t<img decoding=\"async\" width=\"975\" height=\"824\" src=\"https:\/\/www.galleriamarcacorona.com\/wp-content\/uploads\/2023\/09\/main-image-arienti4.png\" class=\"attachment-full size-full wp-image-4449\" alt=\"\" loading=\"lazy\" srcset=\"https:\/\/www.galleriamarcacorona.com\/wp-content\/uploads\/2023\/09\/main-image-arienti4.png 975w, https:\/\/www.galleriamarcacorona.com\/wp-content\/uploads\/2023\/09\/main-image-arienti4-300x254.png 300w, https:\/\/www.galleriamarcacorona.com\/wp-content\/uploads\/2023\/09\/main-image-arienti4-768x649.png 768w\" sizes=\"(max-width: 975px) 100vw, 975px\" \/>\t\t\t\t\t\t\t\t\t\t\t\t\t\t\t<\/div>\n\t\t\t\t<\/div>\n\t\t<div class=\"elementor-element elementor-element-e62f9f9 e-flex e-con-boxed e-con\" data-id=\"e62f9f9\" data-element_type=\"container\" data-settings=\"{&quot;content_width&quot;:&quot;boxed&quot;}\">\n\t\t\t\t\t<div class=\"e-con-inner\">\n\t\t\t\t<div class=\"elementor-element elementor-element-de5bbdf elementor-widget elementor-widget-heading\" data-id=\"de5bbdf\" data-element_type=\"widget\" data-widget_type=\"heading.default\">\n\t\t\t\t<div class=\"elementor-widget-container\">\n\t\t\t<div class=\"elementor-heading-title elementor-size-default\"><a href=\"#sperimentazione\">Experimentaci\u00f3n art\u00edstica<\/a><\/div>\t\t<\/div>\n\t\t\t\t<\/div>\n\t\t\t\t<div class=\"elementor-element elementor-element-f9e0198 elementor-widget elementor-widget-heading\" data-id=\"f9e0198\" data-element_type=\"widget\" data-widget_type=\"heading.default\">\n\t\t\t\t<div class=\"elementor-widget-container\">\n\t\t\t<div class=\"elementor-heading-title elementor-size-default\"><a href=\"#dialogo\">Di\u00e1logo entre la cultura y el mundo corporativo<\/a><\/div>\t\t<\/div>\n\t\t\t\t<\/div>\n\t\t\t\t<div class=\"elementor-element elementor-element-c11489c elementor-widget elementor-widget-heading\" data-id=\"c11489c\" data-element_type=\"widget\" data-widget_type=\"heading.default\">\n\t\t\t\t<div class=\"elementor-widget-container\">\n\t\t\t<div class=\"elementor-heading-title elementor-size-default\"><a href=\"#narrazione\">Narraci\u00f3n expositiva<\/a><\/div>\t\t<\/div>\n\t\t\t\t<\/div>\n\t\t\t\t\t<\/div>\n\t\t\t\t<\/div>\n\t\t\t\t\t<\/div>\n\t\t\t\t<\/div>\n\t\t\t\t<\/div>\n\t\t<div class=\"elementor-element elementor-element-b69b970 elementor-hidden-mobile e-con-full e-flex e-con\" data-id=\"b69b970\" data-element_type=\"container\" data-settings=\"{&quot;content_width&quot;:&quot;full&quot;}\">\n\t\t\t\t<div class=\"elementor-element elementor-element-1c1d80b elementor-widget elementor-widget-image\" data-id=\"1c1d80b\" data-element_type=\"widget\" data-widget_type=\"image.default\">\n\t\t\t\t<div class=\"elementor-widget-container\">\n\t\t\t\t\t\t\t\t\t\t\t\t\t\t\t<img decoding=\"async\" width=\"975\" height=\"824\" src=\"https:\/\/www.galleriamarcacorona.com\/wp-content\/uploads\/2023\/09\/main-image-arienti4.png\" class=\"attachment-full size-full wp-image-4449\" alt=\"\" loading=\"lazy\" srcset=\"https:\/\/www.galleriamarcacorona.com\/wp-content\/uploads\/2023\/09\/main-image-arienti4.png 975w, https:\/\/www.galleriamarcacorona.com\/wp-content\/uploads\/2023\/09\/main-image-arienti4-300x254.png 300w, https:\/\/www.galleriamarcacorona.com\/wp-content\/uploads\/2023\/09\/main-image-arienti4-768x649.png 768w\" sizes=\"(max-width: 975px) 100vw, 975px\" \/>\t\t\t\t\t\t\t\t\t\t\t\t\t\t\t<\/div>\n\t\t\t\t<\/div>\n\t\t\t\t<\/div>\n\t\t\t\t\t<\/div>\n\t\t\t\t<\/div>\n\t\t<div class=\"elementor-element elementor-element-87c2432 e-flex e-con-boxed e-con\" data-id=\"87c2432\" data-element_type=\"container\" data-settings=\"{&quot;background_background&quot;:&quot;classic&quot;,&quot;content_width&quot;:&quot;boxed&quot;}\">\n\t\t\t\t\t<div class=\"e-con-inner\">\n\t\t<div class=\"elementor-element elementor-element-25dcd44 e-con-full e-flex e-con\" data-id=\"25dcd44\" data-element_type=\"container\" data-settings=\"{&quot;content_width&quot;:&quot;full&quot;}\">\n\t\t\t\t<div class=\"elementor-element elementor-element-1684a76 elementor-widget elementor-widget-heading\" data-id=\"1684a76\" data-element_type=\"widget\" data-widget_type=\"heading.default\">\n\t\t\t\t<div class=\"elementor-widget-container\">\n\t\t\t<h2 class=\"elementor-heading-title elementor-size-default\">Stefano<br>\nArienti<\/h2>\t\t<\/div>\n\t\t\t\t<\/div>\n\t\t\t\t<\/div>\n\t\t<div class=\"elementor-element elementor-element-6b7170b e-con-full e-flex e-con\" data-id=\"6b7170b\" data-element_type=\"container\" data-settings=\"{&quot;content_width&quot;:&quot;full&quot;}\">\n\t\t\t\t<div class=\"elementor-element elementor-element-ff0f293 elementor-widget elementor-widget-text-editor\" data-id=\"ff0f293\" data-element_type=\"widget\" data-widget_type=\"text-editor.default\">\n\t\t\t\t<div class=\"elementor-widget-container\">\n\t\t\t<style>\/*! elementor - v3.14.0 - 26-06-2023 *\/\n.elementor-widget-text-editor.elementor-drop-cap-view-stacked .elementor-drop-cap{background-color:#69727d;color:#fff}.elementor-widget-text-editor.elementor-drop-cap-view-framed .elementor-drop-cap{color:#69727d;border:3px solid;background-color:transparent}.elementor-widget-text-editor:not(.elementor-drop-cap-view-default) .elementor-drop-cap{margin-top:8px}.elementor-widget-text-editor:not(.elementor-drop-cap-view-default) .elementor-drop-cap-letter{width:1em;height:1em}.elementor-widget-text-editor .elementor-drop-cap{float:left;text-align:center;line-height:1;font-size:50px}.elementor-widget-text-editor .elementor-drop-cap-letter{display:inline-block}<\/style>\t\t\t\t<p>Stefano Arienti ha frecuentado el ambiente art\u00edstico italiano, junto a otros j\u00f3venes artistas, en el momento de renovaci\u00f3n tras a\u00f1os de dominio del Arte Povera y la Transvanguardia. Su particular reelaboraci\u00f3n de materiales y objetos cotidianos &#8211; enciclopedias, papel, postales, poliestireno, tela y plastilina &#8211; se combina con un profundo inter\u00e9s por los conceptos de asombro e interacci\u00f3n por parte del espectador.<\/p>\n<p>Nacido en Asola (Mantua) en 1961, se traslada a Mil\u00e1n en 1980, donde a\u00fan reside. Se licenci\u00f3 en Ciencias Agrarias en 1986 con una tesis sobre virolog\u00eda y viaj\u00f3 principalmente por Europa, Norteam\u00e9rica y Asia, participando en programas de residencia art\u00edstica en San Francisco, Boston y San Antonio (EE.UU.), Nueva Delhi (India) y Clisson (Francia). Ha sido profesor en la Academia de Bellas Artes Giacomo Carrara de B\u00e9rgamo y en la Universidad IUAV de Venecia.<\/p>\n\t\t\t\t\t\t<\/div>\n\t\t\t\t<\/div>\n\t\t\t\t<\/div>\n\t\t<div class=\"elementor-element elementor-element-e8b832f e-con-full e-flex e-con\" data-id=\"e8b832f\" data-element_type=\"container\" data-settings=\"{&quot;content_width&quot;:&quot;full&quot;}\">\n\t\t\t\t<div class=\"elementor-element elementor-element-fef31bd elementor-widget elementor-widget-image\" data-id=\"fef31bd\" data-element_type=\"widget\" data-widget_type=\"image.default\">\n\t\t\t\t<div class=\"elementor-widget-container\">\n\t\t\t\t\t\t\t\t\t\t\t\t\t\t\t<img decoding=\"async\" width=\"1000\" height=\"1096\" src=\"https:\/\/www.galleriamarcacorona.com\/wp-content\/uploads\/2023\/09\/Arienti-biografia.jpg\" class=\"attachment-full size-full wp-image-4497\" alt=\"\" loading=\"lazy\" srcset=\"https:\/\/www.galleriamarcacorona.com\/wp-content\/uploads\/2023\/09\/Arienti-biografia.jpg 1000w, https:\/\/www.galleriamarcacorona.com\/wp-content\/uploads\/2023\/09\/Arienti-biografia-274x300.jpg 274w, https:\/\/www.galleriamarcacorona.com\/wp-content\/uploads\/2023\/09\/Arienti-biografia-934x1024.jpg 934w, https:\/\/www.galleriamarcacorona.com\/wp-content\/uploads\/2023\/09\/Arienti-biografia-768x842.jpg 768w\" sizes=\"(max-width: 1000px) 100vw, 1000px\" \/>\t\t\t\t\t\t\t\t\t\t\t\t\t\t\t<\/div>\n\t\t\t\t<\/div>\n\t\t\t\t<\/div>\n\t\t\t\t\t<\/div>\n\t\t\t\t<\/div>\n\t\t<div class=\"elementor-element elementor-element-2c96f1f e-flex e-con-boxed e-con\" data-id=\"2c96f1f\" data-element_type=\"container\" data-settings=\"{&quot;background_background&quot;:&quot;classic&quot;,&quot;content_width&quot;:&quot;boxed&quot;}\">\n\t\t\t\t\t<div class=\"e-con-inner\">\n\t\t<div class=\"elementor-element elementor-element-1bf35a1 e-con-full e-flex e-con\" data-id=\"1bf35a1\" data-element_type=\"container\" data-settings=\"{&quot;content_width&quot;:&quot;full&quot;}\">\n\t\t<div class=\"elementor-element elementor-element-19a0425 elementor-hidden-desktop elementor-hidden-tablet e-flex e-con-boxed e-con\" data-id=\"19a0425\" data-element_type=\"container\" data-settings=\"{&quot;content_width&quot;:&quot;boxed&quot;}\">\n\t\t\t\t\t<div class=\"e-con-inner\">\n\t\t<div class=\"elementor-element elementor-element-0434981 e-con-full e-flex e-con\" data-id=\"0434981\" data-element_type=\"container\" data-settings=\"{&quot;content_width&quot;:&quot;full&quot;}\">\n\t\t\t\t<div class=\"elementor-element elementor-element-18480c9 elementor-hidden-desktop elementor-hidden-tablet elementor-widget elementor-widget-heading\" data-id=\"18480c9\" data-element_type=\"widget\" data-widget_type=\"heading.default\">\n\t\t\t\t<div class=\"elementor-widget-container\">\n\t\t\t<h2 class=\"elementor-heading-title elementor-size-default\">Opera<br>\nAperta<\/h2>\t\t<\/div>\n\t\t\t\t<\/div>\n\t\t\t\t<\/div>\n\t\t\t\t\t<\/div>\n\t\t\t\t<\/div>\n\t\t<div class=\"elementor-element elementor-element-a405545 e-flex e-con-boxed e-con\" data-id=\"a405545\" data-element_type=\"container\" data-settings=\"{&quot;content_width&quot;:&quot;boxed&quot;}\">\n\t\t\t\t\t<div class=\"e-con-inner\">\n\t\t\t\t<div class=\"elementor-element elementor-element-57e89d3 elementor-widget elementor-widget-image\" data-id=\"57e89d3\" data-element_type=\"widget\" data-widget_type=\"image.default\">\n\t\t\t\t<div class=\"elementor-widget-container\">\n\t\t\t\t\t\t\t\t\t\t\t\t\t\t\t<img decoding=\"async\" width=\"600\" height=\"600\" src=\"https:\/\/www.galleriamarcacorona.com\/wp-content\/uploads\/2023\/09\/arienti6.png\" class=\"attachment-full size-full wp-image-4466\" alt=\"\" loading=\"lazy\" srcset=\"https:\/\/www.galleriamarcacorona.com\/wp-content\/uploads\/2023\/09\/arienti6.png 600w, https:\/\/www.galleriamarcacorona.com\/wp-content\/uploads\/2023\/09\/arienti6-300x300.png 300w, https:\/\/www.galleriamarcacorona.com\/wp-content\/uploads\/2023\/09\/arienti6-150x150.png 150w\" sizes=\"(max-width: 600px) 100vw, 600px\" \/>\t\t\t\t\t\t\t\t\t\t\t\t\t\t\t<\/div>\n\t\t\t\t<\/div>\n\t\t\t\t\t<\/div>\n\t\t\t\t<\/div>\n\t\t\t\t<\/div>\n\t\t<div class=\"elementor-element elementor-element-4f3840a e-con-full e-flex e-con\" data-id=\"4f3840a\" data-element_type=\"container\" id=\"sperimentazione\" data-settings=\"{&quot;content_width&quot;:&quot;full&quot;}\">\n\t\t\t\t<div class=\"elementor-element elementor-element-48121c3 elementor-hidden-mobile elementor-widget elementor-widget-heading\" data-id=\"48121c3\" data-element_type=\"widget\" data-widget_type=\"heading.default\">\n\t\t\t\t<div class=\"elementor-widget-container\">\n\t\t\t<h2 class=\"elementor-heading-title elementor-size-default\">Opera Aperta: <br>experimentaci\u00f3n art\u00edstica con el aliento del p\u00fablico<\/h2>\t\t<\/div>\n\t\t\t\t<\/div>\n\t\t\t\t<div class=\"elementor-element elementor-element-7f33faf elementor-widget elementor-widget-text-editor\" data-id=\"7f33faf\" data-element_type=\"widget\" data-widget_type=\"text-editor.default\">\n\t\t\t\t<div class=\"elementor-widget-container\">\n\t\t\t\t\t\t\t<p><strong>Opera Aperta es un claro homenaje a la intuici\u00f3n de Umberto Eco: el arte vive en el aliento del p\u00fablico.<\/strong> A trav\u00e9s de sus experimentos, Arienti desaf\u00eda las concepciones tradicionales mostrando c\u00f3mo mundos aparentemente distantes pueden encontrarse desde lo art\u00edstico.<\/p>\n\t\t\t\t\t\t<\/div>\n\t\t\t\t<\/div>\n\t\t\t\t<div class=\"elementor-element elementor-element-26a60c2 elementor-widget elementor-widget-text-editor\" data-id=\"26a60c2\" data-element_type=\"widget\" data-widget_type=\"text-editor.default\">\n\t\t\t\t<div class=\"elementor-widget-container\">\n\t\t\t\t\t\t\t<p>Como una concha rara en la playa, su obra invita al espectador a <strong>encontrar lo extraordinario en lo ordinario<\/strong>. Al igual que un libro existe si alguien lo lee, una obra de arte es tal, o m\u00e1s bien empieza a serlo, cuando alguien la observa y la desea.<\/p>\n\t\t\t\t\t\t<\/div>\n\t\t\t\t<\/div>\n\t\t\t\t<\/div>\n\t\t\t\t\t<\/div>\n\t\t\t\t<\/div>\n\t\t<div class=\"elementor-element elementor-element-cdeaf32 e-flex e-con-boxed e-con\" data-id=\"cdeaf32\" data-element_type=\"container\" data-settings=\"{&quot;background_background&quot;:&quot;classic&quot;,&quot;content_width&quot;:&quot;boxed&quot;}\">\n\t\t\t\t\t<div class=\"e-con-inner\">\n\t\t<div class=\"elementor-element elementor-element-08c3d52 e-con-full e-flex e-con\" data-id=\"08c3d52\" data-element_type=\"container\" id=\"dialogo\" data-settings=\"{&quot;content_width&quot;:&quot;full&quot;}\">\n\t\t\t\t<div class=\"elementor-element elementor-element-a7c74cc elementor-widget elementor-widget-heading\" data-id=\"a7c74cc\" data-element_type=\"widget\" data-widget_type=\"heading.default\">\n\t\t\t\t<div class=\"elementor-widget-container\">\n\t\t\t<h2 class=\"elementor-heading-title elementor-size-default\">En di\u00e1logo entre la cultura <br>y el mundo corporativo<\/h2>\t\t<\/div>\n\t\t\t\t<\/div>\n\t\t\t\t<div class=\"elementor-element elementor-element-f15632b elementor-widget elementor-widget-text-editor\" data-id=\"f15632b\" data-element_type=\"widget\" data-widget_type=\"text-editor.default\">\n\t\t\t\t<div class=\"elementor-widget-container\">\n\t\t\t\t\t\t\t<p>A partir de un proyecto de participaci\u00f3n y puesta en com\u00fan del artista con los empleados de Marca Corona, <strong>Opera Aperta muestra el profundo di\u00e1logo entre la esfera cultural y el tejido empresarial<\/strong>, creando un recorrido narrativo que serpentea entre el interior y el exterior de los espacios de la empresa. El supuesto esencial abarca la concepci\u00f3n de un producto art\u00edstico en relaci\u00f3n con quienes van a disfrutarlo: la obra-cultura cobra vida a trav\u00e9s de quienes la experimentan e interpretan.<\/p>\n\t\t\t\t\t\t<\/div>\n\t\t\t\t<\/div>\n\t\t\t\t<\/div>\n\t\t<div class=\"elementor-element elementor-element-1b44a49 e-con-full e-flex e-con\" data-id=\"1b44a49\" data-element_type=\"container\" data-settings=\"{&quot;content_width&quot;:&quot;full&quot;}\">\n\t\t<div class=\"elementor-element elementor-element-948eb0f e-flex e-con-boxed e-con\" data-id=\"948eb0f\" data-element_type=\"container\" data-settings=\"{&quot;content_width&quot;:&quot;boxed&quot;}\">\n\t\t\t\t\t<div class=\"e-con-inner\">\n\t\t\t\t<div class=\"elementor-element elementor-element-a1af8e5 elementor-widget elementor-widget-image\" data-id=\"a1af8e5\" data-element_type=\"widget\" data-widget_type=\"image.default\">\n\t\t\t\t<div class=\"elementor-widget-container\">\n\t\t\t\t\t\t\t\t\t\t\t\t\t\t\t<img decoding=\"async\" width=\"1000\" height=\"1183\" src=\"https:\/\/www.galleriamarcacorona.com\/wp-content\/uploads\/2023\/09\/Arienti9.jpg\" class=\"attachment-full size-full wp-image-4475\" alt=\"\" loading=\"lazy\" srcset=\"https:\/\/www.galleriamarcacorona.com\/wp-content\/uploads\/2023\/09\/Arienti9.jpg 1000w, https:\/\/www.galleriamarcacorona.com\/wp-content\/uploads\/2023\/09\/Arienti9-254x300.jpg 254w, https:\/\/www.galleriamarcacorona.com\/wp-content\/uploads\/2023\/09\/Arienti9-866x1024.jpg 866w, https:\/\/www.galleriamarcacorona.com\/wp-content\/uploads\/2023\/09\/Arienti9-768x909.jpg 768w\" sizes=\"(max-width: 1000px) 100vw, 1000px\" \/>\t\t\t\t\t\t\t\t\t\t\t\t\t\t\t<\/div>\n\t\t\t\t<\/div>\n\t\t\t\t\t<\/div>\n\t\t\t\t<\/div>\n\t\t\t\t<\/div>\n\t\t\t\t\t<\/div>\n\t\t\t\t<\/div>\n\t\t<div class=\"elementor-element elementor-element-d5134ea e-flex e-con-boxed e-con\" data-id=\"d5134ea\" data-element_type=\"container\" data-settings=\"{&quot;content_width&quot;:&quot;boxed&quot;}\">\n\t\t\t\t\t<div class=\"e-con-inner\">\n\t\t<div class=\"elementor-element elementor-element-2807e2e e-flex e-con-boxed e-con\" data-id=\"2807e2e\" data-element_type=\"container\" data-settings=\"{&quot;content_width&quot;:&quot;boxed&quot;}\">\n\t\t\t\t\t<div class=\"e-con-inner\">\n\t\t<div class=\"elementor-element elementor-element-5a7ced4 e-flex e-con-boxed e-con\" data-id=\"5a7ced4\" data-element_type=\"container\" data-settings=\"{&quot;content_width&quot;:&quot;boxed&quot;}\">\n\t\t\t\t\t<div class=\"e-con-inner\">\n\t\t\t\t<div class=\"elementor-element elementor-element-2fe7d14 elementor-widget elementor-widget-image\" data-id=\"2fe7d14\" data-element_type=\"widget\" data-widget_type=\"image.default\">\n\t\t\t\t<div class=\"elementor-widget-container\">\n\t\t\t\t\t\t\t\t\t\t\t\t\t\t\t<img decoding=\"async\" width=\"844\" height=\"919\" src=\"https:\/\/www.galleriamarcacorona.com\/wp-content\/uploads\/2023\/09\/arienti3.jpg\" class=\"attachment-large size-large wp-image-4332\" alt=\"\" loading=\"lazy\" srcset=\"https:\/\/www.galleriamarcacorona.com\/wp-content\/uploads\/2023\/09\/arienti3.jpg 844w, https:\/\/www.galleriamarcacorona.com\/wp-content\/uploads\/2023\/09\/arienti3-276x300.jpg 276w, https:\/\/www.galleriamarcacorona.com\/wp-content\/uploads\/2023\/09\/arienti3-768x836.jpg 768w\" sizes=\"(max-width: 844px) 100vw, 844px\" \/>\t\t\t\t\t\t\t\t\t\t\t\t\t\t\t<\/div>\n\t\t\t\t<\/div>\n\t\t\t\t\t<\/div>\n\t\t\t\t<\/div>\n\t\t<div class=\"elementor-element elementor-element-a41ffdd e-flex e-con-boxed e-con\" data-id=\"a41ffdd\" data-element_type=\"container\" id=\"narrazione\" data-settings=\"{&quot;content_width&quot;:&quot;boxed&quot;}\">\n\t\t\t\t\t<div class=\"e-con-inner\">\n\t\t\t\t<div class=\"elementor-element elementor-element-684c95f elementor-widget elementor-widget-heading\" data-id=\"684c95f\" data-element_type=\"widget\" data-widget_type=\"heading.default\">\n\t\t\t\t<div class=\"elementor-widget-container\">\n\t\t\t<h2 class=\"elementor-heading-title elementor-size-default\">Narraci\u00f3n expositiva<\/h2>\t\t<\/div>\n\t\t\t\t<\/div>\n\t\t\t\t<div class=\"elementor-element elementor-element-c135ed3 elementor-widget elementor-widget-text-editor\" data-id=\"c135ed3\" data-element_type=\"widget\" data-widget_type=\"text-editor.default\">\n\t\t\t\t<div class=\"elementor-widget-container\">\n\t\t\t\t\t\t\t<p>Stefano Arienti se mueve en la investigaci\u00f3n del siglo XX que encuentra, en la ampliaci\u00f3n de lo p\u00fablico, un momento de crecimiento y revoluci\u00f3n. De hecho, el artista ha expuesto en prestigiosas instituciones de todo el mundo, desde emblem\u00e1ticas pinacotecas italianas como el Museo MAXXI de Roma hasta el prestigioso Museo Isabella Stewart Gardner de Boston, pasando por las Bienales de Venecia, Estambul y Gwangju. <\/p>\n<p><strong>En la exposici\u00f3n \u00abOpera Aperta\u00bb, Arienti tambi\u00e9n recorre algunas de las etapas de su evoluci\u00f3n art\u00edstic<\/strong>a, exhibiendo algunas de sus piezas m\u00e1s ic\u00f3nicas &#8211; Turbine, Formelle, Alghe y Meridiane- para crear un puente entre su tradici\u00f3n experimental y la contemporaneidad.<\/p>\n\t\t\t\t\t\t<\/div>\n\t\t\t\t<\/div>\n\t\t\t\t\t<\/div>\n\t\t\t\t<\/div>\n\t\t\t\t\t<\/div>\n\t\t\t\t<\/div>\n\t\t\t\t\t<\/div>\n\t\t\t\t<\/div>\n\t\t<div class=\"elementor-element elementor-element-aff0291 e-flex e-con-boxed e-con\" data-id=\"aff0291\" data-element_type=\"container\" data-settings=\"{&quot;background_background&quot;:&quot;classic&quot;,&quot;content_width&quot;:&quot;boxed&quot;}\">\n\t\t\t\t\t<div class=\"e-con-inner\">\n\t\t\t\t<div class=\"elementor-element elementor-element-8ec5801 elementor-widget__width-initial elementor-arrows-position-inside elementor-widget elementor-widget-image-carousel\" data-id=\"8ec5801\" data-element_type=\"widget\" data-settings=\"{&quot;slides_to_show&quot;:&quot;4&quot;,&quot;navigation&quot;:&quot;arrows&quot;,&quot;infinite&quot;:&quot;no&quot;,&quot;slides_to_show_tablet&quot;:&quot;2&quot;,&quot;slides_to_show_mobile&quot;:&quot;1&quot;,&quot;image_spacing_custom&quot;:{&quot;unit&quot;:&quot;px&quot;,&quot;size&quot;:10,&quot;sizes&quot;:[]},&quot;slides_to_scroll&quot;:&quot;4&quot;,&quot;autoplay&quot;:&quot;yes&quot;,&quot;pause_on_hover&quot;:&quot;yes&quot;,&quot;pause_on_interaction&quot;:&quot;yes&quot;,&quot;autoplay_speed&quot;:5000,&quot;speed&quot;:500,&quot;image_spacing_custom_tablet&quot;:{&quot;unit&quot;:&quot;px&quot;,&quot;size&quot;:&quot;&quot;,&quot;sizes&quot;:[]}}\" data-widget_type=\"image-carousel.default\">\n\t\t\t\t<div class=\"elementor-widget-container\">\n\t\t\t<style>\/*! elementor - v3.14.0 - 26-06-2023 *\/\n.elementor-widget-image-carousel .swiper,.elementor-widget-image-carousel .swiper-container{position:static}.elementor-widget-image-carousel .swiper-container .swiper-slide figure,.elementor-widget-image-carousel .swiper .swiper-slide figure{line-height:inherit}.elementor-widget-image-carousel .swiper-slide{text-align:center}.elementor-image-carousel-wrapper:not(.swiper-container-initialized):not(.swiper-initialized) .swiper-slide{max-width:calc(100% \/ var(--e-image-carousel-slides-to-show, 3))}<\/style>\t\t<div class=\"elementor-image-carousel-wrapper swiper-container\" dir=\"ltr\">\n\t\t\t<div class=\"elementor-image-carousel swiper-wrapper\" aria-live=\"off\">\n\t\t\t\t\t\t\t\t<div class=\"swiper-slide\" role=\"group\" aria-roledescription=\"slide\" aria-label=\"1 de 13\"><figure class=\"swiper-slide-inner\"><img decoding=\"async\" class=\"swiper-slide-image\" src=\"https:\/\/www.galleriamarcacorona.com\/wp-content\/uploads\/elementor\/thumbs\/MarcaCoronaXArte_Progetto-Arienti-2023_07-r15f5m9clu865p7iqnovec5cw9daf5gckb0cwv6hkg.jpg\" alt=\"MarcaCoronaXArte_Progetto-Arienti-2023_07\" \/><\/figure><\/div><div class=\"swiper-slide\" role=\"group\" aria-roledescription=\"slide\" aria-label=\"2 de 13\"><figure class=\"swiper-slide-inner\"><img decoding=\"async\" class=\"swiper-slide-image\" src=\"https:\/\/www.galleriamarcacorona.com\/wp-content\/uploads\/elementor\/thumbs\/MarcaCoronaXArte_Progetto-Arienti-2023_12-r15f5m9clu865p7iqnovec5cw9daf5gckb0cwv6hkg.jpg\" alt=\"MarcaCoronaXArte_Progetto-Arienti-2023_12\" \/><\/figure><\/div><div class=\"swiper-slide\" role=\"group\" aria-roledescription=\"slide\" aria-label=\"3 de 13\"><figure class=\"swiper-slide-inner\"><img decoding=\"async\" class=\"swiper-slide-image\" src=\"https:\/\/www.galleriamarcacorona.com\/wp-content\/uploads\/elementor\/thumbs\/MarcaCoronaXArte_Progetto-Arienti-2023_15-r15f5n76so9ghb65l63hytwthn8nmuk2wfnue553e8.jpg\" alt=\"MarcaCoronaXArte_Progetto-Arienti-2023_15\" \/><\/figure><\/div><div class=\"swiper-slide\" role=\"group\" aria-roledescription=\"slide\" aria-label=\"4 de 13\"><figure class=\"swiper-slide-inner\"><img decoding=\"async\" class=\"swiper-slide-image\" src=\"https:\/\/www.galleriamarcacorona.com\/wp-content\/uploads\/elementor\/thumbs\/MarcaCoronaXArte_Progetto-Arienti-2023_18-r15f5n76so9ghb65l63hytwthn8nmuk2wfnue553e8.jpg\" alt=\"MarcaCoronaXArte_Progetto-Arienti-2023_18\" \/><\/figure><\/div><div class=\"swiper-slide\" role=\"group\" aria-roledescription=\"slide\" aria-label=\"5 de 13\"><figure class=\"swiper-slide-inner\"><img decoding=\"async\" class=\"swiper-slide-image\" src=\"https:\/\/www.galleriamarcacorona.com\/wp-content\/uploads\/elementor\/thumbs\/MarcaCoronaXArte_Progetto-Arienti-2023_20-r15f5n76so9ghb65l63hytwthn8nmuk2wfnue553e8.jpg\" alt=\"MarcaCoronaXArte_Progetto-Arienti-2023_20\" \/><\/figure><\/div><div class=\"swiper-slide\" role=\"group\" aria-roledescription=\"slide\" aria-label=\"6 de 13\"><figure class=\"swiper-slide-inner\"><img decoding=\"async\" class=\"swiper-slide-image\" src=\"https:\/\/www.galleriamarcacorona.com\/wp-content\/uploads\/elementor\/thumbs\/MarcaCoronaXArte_Progetto-Arienti-2023_21-r15f5m9clu865p7iqnovec5cw9daf5gckb0cwv6hkg.jpg\" alt=\"MarcaCoronaXArte_Progetto-Arienti-2023_21\" \/><\/figure><\/div><div class=\"swiper-slide\" role=\"group\" aria-roledescription=\"slide\" aria-label=\"7 de 13\"><figure class=\"swiper-slide-inner\"><img decoding=\"async\" class=\"swiper-slide-image\" src=\"https:\/\/www.galleriamarcacorona.com\/wp-content\/uploads\/elementor\/thumbs\/MarcaCoronaXArte_Progetto-Arienti-2023_24-r15f5m9clu865p7iqnovec5cw9daf5gckb0cwv6hkg.jpg\" alt=\"MarcaCoronaXArte_Progetto-Arienti-2023_24\" \/><\/figure><\/div><div class=\"swiper-slide\" role=\"group\" aria-roledescription=\"slide\" aria-label=\"8 de 13\"><figure class=\"swiper-slide-inner\"><img decoding=\"async\" class=\"swiper-slide-image\" src=\"https:\/\/www.galleriamarcacorona.com\/wp-content\/uploads\/elementor\/thumbs\/MarcaCoronaXArte_Progetto-Arienti-2023_25-r15f5m9clu865p7iqnovec5cw9daf5gckb0cwv6hkg.jpg\" alt=\"MarcaCoronaXArte_Progetto-Arienti-2023_25\" \/><\/figure><\/div><div class=\"swiper-slide\" role=\"group\" aria-roledescription=\"slide\" aria-label=\"9 de 13\"><figure class=\"swiper-slide-inner\"><img decoding=\"async\" class=\"swiper-slide-image\" src=\"https:\/\/www.galleriamarcacorona.com\/wp-content\/uploads\/elementor\/thumbs\/MarcaCoronaXArte_Progetto-Arienti-2023_27-r15f5m9clu865p7iqnovec5cw9daf5gckb0cwv6hkg.jpg\" alt=\"MarcaCoronaXArte_Progetto-Arienti-2023_27\" \/><\/figure><\/div><div class=\"swiper-slide\" role=\"group\" aria-roledescription=\"slide\" aria-label=\"10 de 13\"><figure class=\"swiper-slide-inner\"><img decoding=\"async\" class=\"swiper-slide-image\" src=\"https:\/\/www.galleriamarcacorona.com\/wp-content\/uploads\/elementor\/thumbs\/MarcaCoronaXArte_Progetto-Arienti-2023_31-r15f5n76so9ghb65l63hytwthn8nmuk2wfnue553e8.jpg\" alt=\"MarcaCoronaXArte_Progetto-Arienti-2023_31\" \/><\/figure><\/div><div class=\"swiper-slide\" role=\"group\" aria-roledescription=\"slide\" aria-label=\"11 de 13\"><figure class=\"swiper-slide-inner\"><img decoding=\"async\" class=\"swiper-slide-image\" src=\"https:\/\/www.galleriamarcacorona.com\/wp-content\/uploads\/elementor\/thumbs\/MarcaCoronaXArte_Progetto-Arienti-2023_32-r15f5m9clu865p7iqnovec5cw9daf5gckb0cwv6hkg.jpg\" alt=\"MarcaCoronaXArte_Progetto-Arienti-2023_32\" \/><\/figure><\/div><div class=\"swiper-slide\" role=\"group\" aria-roledescription=\"slide\" aria-label=\"12 de 13\"><figure class=\"swiper-slide-inner\"><img decoding=\"async\" class=\"swiper-slide-image\" src=\"https:\/\/www.galleriamarcacorona.com\/wp-content\/uploads\/elementor\/thumbs\/MCArte_StefanoArienti_Allestimento_09-r15f5m9clu865p7iqnovec5cw9daf5gckb0cwv6hkg.jpg\" alt=\"MCArte_StefanoArienti_Allestimento_09\" \/><\/figure><\/div><div class=\"swiper-slide\" role=\"group\" aria-roledescription=\"slide\" aria-label=\"13 de 13\"><figure class=\"swiper-slide-inner\"><img decoding=\"async\" class=\"swiper-slide-image\" src=\"https:\/\/www.galleriamarcacorona.com\/wp-content\/uploads\/elementor\/thumbs\/MCArte_StefanoArienti_Allestimento_11-r15f5m9clu865p7iqnovec5cw9daf5gckb0cwv6hkg.jpg\" alt=\"MCArte_StefanoArienti_Allestimento_11\" \/><\/figure><\/div>\t\t\t<\/div>\n\t\t\t\t\t\t\t\t\t\t\t\t<div class=\"elementor-swiper-button elementor-swiper-button-prev\" role=\"button\" tabindex=\"0\">\n\t\t\t\t\t\t<i aria-hidden=\"true\" class=\"eicon-chevron-left\"><\/i>\t\t\t\t\t<\/div>\n\t\t\t\t\t<div class=\"elementor-swiper-button elementor-swiper-button-next\" role=\"button\" tabindex=\"0\">\n\t\t\t\t\t\t<i aria-hidden=\"true\" class=\"eicon-chevron-right\"><\/i>\t\t\t\t\t<\/div>\n\t\t\t\t\n\t\t\t\t\t\t\t\t\t<\/div>\n\t\t\t\t<\/div>\n\t\t\t\t<\/div>\n\t\t\t\t\t<\/div>\n\t\t\t\t<\/div>\n\t\t<div class=\"elementor-element elementor-element-4c8b616 e-flex e-con-boxed e-con\" data-id=\"4c8b616\" data-element_type=\"container\" data-settings=\"{&quot;content_width&quot;:&quot;boxed&quot;}\">\n\t\t\t\t\t<div class=\"e-con-inner\">\n\t\t<div class=\"elementor-element elementor-element-930484c e-flex e-con-boxed e-con\" data-id=\"930484c\" data-element_type=\"container\" data-settings=\"{&quot;content_width&quot;:&quot;boxed&quot;}\">\n\t\t\t\t\t<div class=\"e-con-inner\">\n\t\t<div class=\"elementor-element elementor-element-dab2a9d e-con-full e-flex e-con\" data-id=\"dab2a9d\" data-element_type=\"container\" data-settings=\"{&quot;content_width&quot;:&quot;full&quot;}\">\n\t\t\t\t<div class=\"elementor-element elementor-element-4b5c434 elementor-widget elementor-widget-heading\" data-id=\"4b5c434\" data-element_type=\"widget\" data-widget_type=\"heading.default\">\n\t\t\t\t<div class=\"elementor-widget-container\">\n\t\t\t<h3 class=\"elementor-heading-title elementor-size-default\">Maria Vittoria Baravelli<\/h3>\t\t<\/div>\n\t\t\t\t<\/div>\n\t\t\t\t<div class=\"elementor-element elementor-element-14065b5 elementor-widget elementor-widget-text-editor\" data-id=\"14065b5\" data-element_type=\"widget\" data-widget_type=\"text-editor.default\">\n\t\t\t\t<div class=\"elementor-widget-container\">\n\t\t\t\t\t\t\t<p>Como comisaria de arte y fotograf\u00eda, le encanta explicar el mundo de la cultura a las nuevas generaciones a trav\u00e9s de las redes sociales, para que nada de nuestro patrimonio caiga en el olvido. Desde 2018 es miembro de la junta directiva del Mar, el Museo de Arte de la ciudad de R\u00e1vena y, desde 2023, forma parte del jurado del Premio Lucio Dalla dirigido a nuevos talentos. Desde hace a\u00f1os trata de crear un di\u00e1logo entre el mundo empresarial y el del arte y la fotograf\u00eda, desarrollando proyectos con marcas como Barilla, Mondadori o Marca Corona. Para la agencia fotogr\u00e1fica del grupo Mondadori, es responsable, desde 2022, de la recuperaci\u00f3n y difusi\u00f3n de algunos archivos hist\u00f3ricos, incluido el archivo de Marisa Rastellini, y ser\u00e1 la comisaria de la exposici\u00f3n dedicada al centenario de Mario De Biasi. Ha escrito y escribe para Il Corriere della Sera, Exibart, Artribune y Posh.<br \/>Tiene una columna habitual en la revista mensual Marie Claire Maison en la que habla de c\u00f3mo amueblar nuestros lugares favoritos, con obras de arte que nos representen.<\/p>\n\t\t\t\t\t\t<\/div>\n\t\t\t\t<\/div>\n\t\t\t\t<\/div>\n\t\t<div class=\"elementor-element elementor-element-ea8ba7a e-flex e-con-boxed e-con\" data-id=\"ea8ba7a\" data-element_type=\"container\" data-settings=\"{&quot;content_width&quot;:&quot;boxed&quot;}\">\n\t\t\t\t\t<div class=\"e-con-inner\">\n\t\t\t\t<div class=\"elementor-element elementor-element-2905dad elementor-widget elementor-widget-image\" data-id=\"2905dad\" data-element_type=\"widget\" data-widget_type=\"image.default\">\n\t\t\t\t<div class=\"elementor-widget-container\">\n\t\t\t\t\t\t\t\t\t\t\t\t\t\t\t<img decoding=\"async\" width=\"768\" height=\"1103\" src=\"https:\/\/www.galleriamarcacorona.com\/wp-content\/uploads\/2023\/09\/maria-vittoria-baravelli-by-Piero-Gemelli--768x1103.jpg\" class=\"attachment-medium_large size-medium_large wp-image-4482\" alt=\"\" loading=\"lazy\" srcset=\"https:\/\/www.galleriamarcacorona.com\/wp-content\/uploads\/2023\/09\/maria-vittoria-baravelli-by-Piero-Gemelli--768x1103.jpg 768w, https:\/\/www.galleriamarcacorona.com\/wp-content\/uploads\/2023\/09\/maria-vittoria-baravelli-by-Piero-Gemelli--209x300.jpg 209w, https:\/\/www.galleriamarcacorona.com\/wp-content\/uploads\/2023\/09\/maria-vittoria-baravelli-by-Piero-Gemelli--713x1024.jpg 713w, https:\/\/www.galleriamarcacorona.com\/wp-content\/uploads\/2023\/09\/maria-vittoria-baravelli-by-Piero-Gemelli--1069x1536.jpg 1069w, https:\/\/www.galleriamarcacorona.com\/wp-content\/uploads\/2023\/09\/maria-vittoria-baravelli-by-Piero-Gemelli-.jpg 1114w\" sizes=\"(max-width: 768px) 100vw, 768px\" \/>\t\t\t\t\t\t\t\t\t\t\t\t\t\t\t<\/div>\n\t\t\t\t<\/div>\n\t\t\t\t\t<\/div>\n\t\t\t\t<\/div>\n\t\t\t\t\t<\/div>\n\t\t\t\t<\/div>\n\t\t\t\t\t<\/div>\n\t\t\t\t<\/div>\n\t\t<div class=\"elementor-element elementor-element-7678eb4 e-flex e-con-boxed e-con\" data-id=\"7678eb4\" data-element_type=\"container\" data-settings=\"{&quot;content_width&quot;:&quot;boxed&quot;}\">\n\t\t\t\t\t<div class=\"e-con-inner\">\n\t\t<div class=\"elementor-element elementor-element-8b78f01 e-con-full e-flex e-con\" data-id=\"8b78f01\" data-element_type=\"container\" data-settings=\"{&quot;content_width&quot;:&quot;full&quot;}\">\n\t\t\t\t<div class=\"elementor-element elementor-element-3a23838 elementor-widget elementor-widget-button\" data-id=\"3a23838\" data-element_type=\"widget\" data-widget_type=\"button.default\">\n\t\t\t\t<div class=\"elementor-widget-container\">\n\t\t\t\t\t<div class=\"elementor-button-wrapper\">\n\t\t\t<a class=\"elementor-button elementor-button-link elementor-size-sm\" href=\"https:\/\/www.galleriamarcacorona.com\/prenota-una-visita\/\" target=\"_blank\">\n\t\t\t\t\t\t<span class=\"elementor-button-content-wrapper\">\n\t\t\t\t\t\t<span class=\"elementor-button-text\">Reserva una visita <\/span>\n\t\t<\/span>\n\t\t\t\t\t<\/a>\n\t\t<\/div>\n\t\t\t\t<\/div>\n\t\t\t\t<\/div>\n\t\t\t\t<\/div>\n\t\t<div class=\"elementor-element elementor-element-bff053a e-con-full elementor-hidden-desktop elementor-hidden-tablet elementor-hidden-mobile e-flex e-con\" data-id=\"bff053a\" data-element_type=\"container\" data-settings=\"{&quot;content_width&quot;:&quot;full&quot;}\">\n\t\t\t\t<div class=\"elementor-element elementor-element-c4fc538 elementor-widget elementor-widget-button\" data-id=\"c4fc538\" data-element_type=\"widget\" data-widget_type=\"button.default\">\n\t\t\t\t<div class=\"elementor-widget-container\">\n\t\t\t\t\t<div class=\"elementor-button-wrapper\">\n\t\t\t<a class=\"elementor-button elementor-size-sm\" role=\"button\">\n\t\t\t\t\t\t<span class=\"elementor-button-content-wrapper\">\n\t\t\t\t\t\t<span class=\"elementor-button-text\">Download the catalogue<\/span>\n\t\t<\/span>\n\t\t\t\t\t<\/a>\n\t\t<\/div>\n\t\t\t\t<\/div>\n\t\t\t\t<\/div>\n\t\t\t\t<\/div>\n\t\t\t\t\t<\/div>\n\t\t\t\t<\/div>\n\t\t\t\t\t\t\t<\/div>\n\t\t","protected":false},"excerpt":{"rendered":"<p>Stefano Arienti Experimentaci\u00f3n art\u00edstica Di\u00e1logo entre la cultura y el mundo corporativo Narraci\u00f3n expositiva Stefano Arienti Stefano Arienti ha frecuentado el ambiente art\u00edstico italiano, junto a otros j\u00f3venes artistas, en el momento de renovaci\u00f3n tras a\u00f1os de dominio del Arte Povera y la Transvanguardia. Su particular reelaboraci\u00f3n de materiales y objetos cotidianos &#8211; enciclopedias, papel, &hellip;<\/p>\n<p class=\"read-more\"> <a class=\"\" href=\"https:\/\/www.galleriamarcacorona.com\/es\/stefano-arienti-arte-povera-y-cultura-corporativa\/\"> <span class=\"screen-reader-text\">Stefano Arienti: arte povera y cultura corporativa<\/span> Leer m\u00e1s &raquo;<\/a><\/p>\n","protected":false},"author":1,"featured_media":0,"parent":0,"menu_order":0,"comment_status":"closed","ping_status":"closed","template":"","meta":{"site-sidebar-layout":"no-sidebar","site-content-layout":"page-builder","ast-global-header-display":"","ast-main-header-display":"","ast-hfb-above-header-display":"","ast-hfb-below-header-display":"","ast-hfb-mobile-header-display":"","site-post-title":"disabled","ast-breadcrumbs-content":"","ast-featured-img":"disabled","footer-sml-layout":"","theme-transparent-header-meta":"","adv-header-id-meta":"","stick-header-meta":"","header-above-stick-meta":"","header-main-stick-meta":"","header-below-stick-meta":""},"acf":[],"yoast_head":"<!-- This site is optimized with the Yoast SEO plugin v20.12 - https:\/\/yoast.com\/wordpress\/plugins\/seo\/ -->\n<title>Stefano Arienti: arte povera y cultura corporativa | Galleria Marca Corona<\/title>\n<meta name=\"description\" content=\"Descubre la innovadora obra de Stefano Arienti , inspirada en el movimiento arte povera (arte pobre) y su singular di\u00e1logo entre la cultura art\u00edstica y el mundo corporativo .\" \/>\n<meta name=\"robots\" content=\"index, follow, max-snippet:-1, max-image-preview:large, max-video-preview:-1\" \/>\n<link rel=\"canonical\" href=\"https:\/\/www.galleriamarcacorona.com\/es\/stefano-arienti-arte-povera-y-cultura-corporativa\/\" \/>\n<meta property=\"og:locale\" content=\"es_ES\" \/>\n<meta property=\"og:type\" content=\"article\" \/>\n<meta property=\"og:title\" content=\"Stefano Arienti: arte povera y cultura corporativa | Galleria Marca Corona\" \/>\n<meta property=\"og:description\" content=\"Descubre la innovadora obra de Stefano Arienti , inspirada en el movimiento arte povera (arte pobre) y su singular di\u00e1logo entre la cultura art\u00edstica y el mundo corporativo .\" \/>\n<meta property=\"og:url\" content=\"https:\/\/www.galleriamarcacorona.com\/es\/stefano-arienti-arte-povera-y-cultura-corporativa\/\" \/>\n<meta property=\"og:site_name\" content=\"Galleria Marca Corona\" \/>\n<meta property=\"article:modified_time\" content=\"2024-01-29T15:30:14+00:00\" \/>\n<meta property=\"og:image\" content=\"https:\/\/www.galleriamarcacorona.com\/wp-content\/uploads\/2023\/09\/main-image-arienti4.png\" \/>\n<meta name=\"twitter:card\" content=\"summary_large_image\" \/>\n<meta name=\"twitter:label1\" content=\"Tiempo de lectura\" \/>\n\t<meta name=\"twitter:data1\" content=\"7 minutos\" \/>\n<script type=\"application\/ld+json\" class=\"yoast-schema-graph\">{\"@context\":\"https:\/\/schema.org\",\"@graph\":[{\"@type\":\"WebPage\",\"@id\":\"https:\/\/www.galleriamarcacorona.com\/es\/stefano-arienti-arte-povera-y-cultura-corporativa\/\",\"url\":\"https:\/\/www.galleriamarcacorona.com\/es\/stefano-arienti-arte-povera-y-cultura-corporativa\/\",\"name\":\"Stefano Arienti: arte povera y cultura corporativa | Galleria Marca Corona\",\"isPartOf\":{\"@id\":\"https:\/\/www.galleriamarcacorona.com\/es\/#website\"},\"datePublished\":\"2023-09-04T09:24:53+00:00\",\"dateModified\":\"2024-01-29T15:30:14+00:00\",\"description\":\"Descubre la innovadora obra de Stefano Arienti , inspirada en el movimiento arte povera (arte pobre) y su singular di\u00e1logo entre la cultura art\u00edstica y el mundo corporativo .\",\"breadcrumb\":{\"@id\":\"https:\/\/www.galleriamarcacorona.com\/es\/stefano-arienti-arte-povera-y-cultura-corporativa\/#breadcrumb\"},\"inLanguage\":\"es\",\"potentialAction\":[{\"@type\":\"ReadAction\",\"target\":[\"https:\/\/www.galleriamarcacorona.com\/es\/stefano-arienti-arte-povera-y-cultura-corporativa\/\"]}]},{\"@type\":\"BreadcrumbList\",\"@id\":\"https:\/\/www.galleriamarcacorona.com\/es\/stefano-arienti-arte-povera-y-cultura-corporativa\/#breadcrumb\",\"itemListElement\":[{\"@type\":\"ListItem\",\"position\":1,\"name\":\"Home\",\"item\":\"https:\/\/www.galleriamarcacorona.com\/es\/\"},{\"@type\":\"ListItem\",\"position\":2,\"name\":\"Stefano Arienti: arte povera y cultura corporativa\"}]},{\"@type\":\"WebSite\",\"@id\":\"https:\/\/www.galleriamarcacorona.com\/es\/#website\",\"url\":\"https:\/\/www.galleriamarcacorona.com\/es\/\",\"name\":\"Galleria Marca Corona\",\"description\":\"\",\"publisher\":{\"@id\":\"https:\/\/www.galleriamarcacorona.com\/es\/#organization\"},\"potentialAction\":[{\"@type\":\"SearchAction\",\"target\":{\"@type\":\"EntryPoint\",\"urlTemplate\":\"https:\/\/www.galleriamarcacorona.com\/es\/?s={search_term_string}\"},\"query-input\":\"required name=search_term_string\"}],\"inLanguage\":\"es\"},{\"@type\":\"Organization\",\"@id\":\"https:\/\/www.galleriamarcacorona.com\/es\/#organization\",\"name\":\"Galleria Marca Corona\",\"url\":\"https:\/\/www.galleriamarcacorona.com\/es\/\",\"logo\":{\"@type\":\"ImageObject\",\"inLanguage\":\"es\",\"@id\":\"https:\/\/www.galleriamarcacorona.com\/es\/#\/schema\/logo\/image\/\",\"url\":\"https:\/\/www.galleriamarcacorona.com\/wp-content\/uploads\/2023\/05\/mc-galleria-logo-rgb-3200px.png\",\"contentUrl\":\"https:\/\/www.galleriamarcacorona.com\/wp-content\/uploads\/2023\/05\/mc-galleria-logo-rgb-3200px.png\",\"width\":3200,\"height\":1112,\"caption\":\"Galleria Marca Corona\"},\"image\":{\"@id\":\"https:\/\/www.galleriamarcacorona.com\/es\/#\/schema\/logo\/image\/\"}}]}<\/script>\n<!-- \/ Yoast SEO plugin. -->","yoast_head_json":{"title":"Stefano Arienti: arte povera y cultura corporativa | Galleria Marca Corona","description":"Descubre la innovadora obra de Stefano Arienti , inspirada en el movimiento arte povera (arte pobre) y su singular di\u00e1logo entre la cultura art\u00edstica y el mundo corporativo .","robots":{"index":"index","follow":"follow","max-snippet":"max-snippet:-1","max-image-preview":"max-image-preview:large","max-video-preview":"max-video-preview:-1"},"canonical":"https:\/\/www.galleriamarcacorona.com\/es\/stefano-arienti-arte-povera-y-cultura-corporativa\/","og_locale":"es_ES","og_type":"article","og_title":"Stefano Arienti: arte povera y cultura corporativa | Galleria Marca Corona","og_description":"Descubre la innovadora obra de Stefano Arienti , inspirada en el movimiento arte povera (arte pobre) y su singular di\u00e1logo entre la cultura art\u00edstica y el mundo corporativo .","og_url":"https:\/\/www.galleriamarcacorona.com\/es\/stefano-arienti-arte-povera-y-cultura-corporativa\/","og_site_name":"Galleria Marca Corona","article_modified_time":"2024-01-29T15:30:14+00:00","og_image":[{"url":"https:\/\/www.galleriamarcacorona.com\/wp-content\/uploads\/2023\/09\/main-image-arienti4.png"}],"twitter_card":"summary_large_image","twitter_misc":{"Tiempo de lectura":"7 minutos"},"schema":{"@context":"https:\/\/schema.org","@graph":[{"@type":"WebPage","@id":"https:\/\/www.galleriamarcacorona.com\/es\/stefano-arienti-arte-povera-y-cultura-corporativa\/","url":"https:\/\/www.galleriamarcacorona.com\/es\/stefano-arienti-arte-povera-y-cultura-corporativa\/","name":"Stefano Arienti: arte povera y cultura corporativa | Galleria Marca Corona","isPartOf":{"@id":"https:\/\/www.galleriamarcacorona.com\/es\/#website"},"datePublished":"2023-09-04T09:24:53+00:00","dateModified":"2024-01-29T15:30:14+00:00","description":"Descubre la innovadora obra de Stefano Arienti , inspirada en el movimiento arte povera (arte pobre) y su singular di\u00e1logo entre la cultura art\u00edstica y el mundo corporativo .","breadcrumb":{"@id":"https:\/\/www.galleriamarcacorona.com\/es\/stefano-arienti-arte-povera-y-cultura-corporativa\/#breadcrumb"},"inLanguage":"es","potentialAction":[{"@type":"ReadAction","target":["https:\/\/www.galleriamarcacorona.com\/es\/stefano-arienti-arte-povera-y-cultura-corporativa\/"]}]},{"@type":"BreadcrumbList","@id":"https:\/\/www.galleriamarcacorona.com\/es\/stefano-arienti-arte-povera-y-cultura-corporativa\/#breadcrumb","itemListElement":[{"@type":"ListItem","position":1,"name":"Home","item":"https:\/\/www.galleriamarcacorona.com\/es\/"},{"@type":"ListItem","position":2,"name":"Stefano Arienti: arte povera y cultura corporativa"}]},{"@type":"WebSite","@id":"https:\/\/www.galleriamarcacorona.com\/es\/#website","url":"https:\/\/www.galleriamarcacorona.com\/es\/","name":"Galleria Marca Corona","description":"","publisher":{"@id":"https:\/\/www.galleriamarcacorona.com\/es\/#organization"},"potentialAction":[{"@type":"SearchAction","target":{"@type":"EntryPoint","urlTemplate":"https:\/\/www.galleriamarcacorona.com\/es\/?s={search_term_string}"},"query-input":"required name=search_term_string"}],"inLanguage":"es"},{"@type":"Organization","@id":"https:\/\/www.galleriamarcacorona.com\/es\/#organization","name":"Galleria Marca Corona","url":"https:\/\/www.galleriamarcacorona.com\/es\/","logo":{"@type":"ImageObject","inLanguage":"es","@id":"https:\/\/www.galleriamarcacorona.com\/es\/#\/schema\/logo\/image\/","url":"https:\/\/www.galleriamarcacorona.com\/wp-content\/uploads\/2023\/05\/mc-galleria-logo-rgb-3200px.png","contentUrl":"https:\/\/www.galleriamarcacorona.com\/wp-content\/uploads\/2023\/05\/mc-galleria-logo-rgb-3200px.png","width":3200,"height":1112,"caption":"Galleria Marca Corona"},"image":{"@id":"https:\/\/www.galleriamarcacorona.com\/es\/#\/schema\/logo\/image\/"}}]}},"_links":{"self":[{"href":"https:\/\/www.galleriamarcacorona.com\/es\/wp-json\/wp\/v2\/pages\/4302"}],"collection":[{"href":"https:\/\/www.galleriamarcacorona.com\/es\/wp-json\/wp\/v2\/pages"}],"about":[{"href":"https:\/\/www.galleriamarcacorona.com\/es\/wp-json\/wp\/v2\/types\/page"}],"author":[{"embeddable":true,"href":"https:\/\/www.galleriamarcacorona.com\/es\/wp-json\/wp\/v2\/users\/1"}],"replies":[{"embeddable":true,"href":"https:\/\/www.galleriamarcacorona.com\/es\/wp-json\/wp\/v2\/comments?post=4302"}],"version-history":[{"count":16,"href":"https:\/\/www.galleriamarcacorona.com\/es\/wp-json\/wp\/v2\/pages\/4302\/revisions"}],"predecessor-version":[{"id":7208,"href":"https:\/\/www.galleriamarcacorona.com\/es\/wp-json\/wp\/v2\/pages\/4302\/revisions\/7208"}],"wp:attachment":[{"href":"https:\/\/www.galleriamarcacorona.com\/es\/wp-json\/wp\/v2\/media?parent=4302"}],"curies":[{"name":"wp","href":"https:\/\/api.w.org\/{rel}","templated":true}]}}