{"id":2431,"date":"2023-06-28T12:44:17","date_gmt":"2023-06-28T12:44:17","guid":{"rendered":"https:\/\/galleria-mc.k8s.live.devhoop.com\/les-archives\/"},"modified":"2023-07-27T11:59:32","modified_gmt":"2023-07-27T11:59:32","slug":"les-archives","status":"publish","type":"page","link":"https:\/\/www.galleriamarcacorona.com\/fr\/les-archives\/","title":{"rendered":"Les archives"},"content":{"rendered":"\t\t<div data-elementor-type=\"wp-page\" data-elementor-id=\"2431\" class=\"elementor elementor-2431 elementor-1368\" data-elementor-post-type=\"page\">\n\t\t\t\t\t\t\t<div class=\"elementor-element elementor-element-f915792 e-flex e-con-boxed e-con\" data-id=\"f915792\" data-element_type=\"container\" data-settings=\"{&quot;content_width&quot;:&quot;boxed&quot;}\">\n\t\t\t\t\t<div class=\"e-con-inner\">\n\t\t\t\t<div class=\"elementor-element elementor-element-b51cfc4 elementor--h-position-left elementor--v-position-bottom elementor-arrows-position-inside elementor-widget elementor-widget-slides\" data-id=\"b51cfc4\" data-element_type=\"widget\" data-settings=\"{&quot;navigation&quot;:&quot;arrows&quot;,&quot;transition&quot;:&quot;slide&quot;,&quot;transition_speed&quot;:500}\" data-widget_type=\"slides.default\">\n\t\t\t\t<div class=\"elementor-widget-container\">\n\t\t\t<style>\/*! elementor-pro - v3.14.0 - 26-06-2023 *\/\n.elementor-slides .swiper-slide-bg{background-size:cover;background-position:50%;background-repeat:no-repeat;min-width:100%;min-height:100%}.elementor-slides .swiper-slide-inner{background-repeat:no-repeat;background-position:50%;position:absolute;top:0;left:0;bottom:0;right:0;padding:50px;margin:auto}.elementor-slides .swiper-slide-inner,.elementor-slides .swiper-slide-inner:hover{color:#fff;display:flex}.elementor-slides .swiper-slide-inner .elementor-background-overlay{position:absolute;z-index:0;top:0;bottom:0;left:0;right:0}.elementor-slides .swiper-slide-inner .elementor-slide-content{position:relative;z-index:1;width:100%}.elementor-slides .swiper-slide-inner .elementor-slide-heading{font-size:35px;font-weight:700;line-height:1}.elementor-slides .swiper-slide-inner .elementor-slide-description{font-size:17px;line-height:1.4}.elementor-slides .swiper-slide-inner .elementor-slide-description:not(:last-child),.elementor-slides .swiper-slide-inner .elementor-slide-heading:not(:last-child){margin-bottom:30px}.elementor-slides .swiper-slide-inner .elementor-slide-button{border:2px solid #fff;color:#fff;background:transparent;display:inline-block}.elementor-slides .swiper-slide-inner .elementor-slide-button,.elementor-slides .swiper-slide-inner .elementor-slide-button:hover{background:transparent;color:inherit;text-decoration:none}.elementor--v-position-top .swiper-slide-inner{align-items:flex-start}.elementor--v-position-bottom .swiper-slide-inner{align-items:flex-end}.elementor--v-position-middle .swiper-slide-inner{align-items:center}.elementor--h-position-left .swiper-slide-inner{justify-content:flex-start}.elementor--h-position-right .swiper-slide-inner{justify-content:flex-end}.elementor--h-position-center .swiper-slide-inner{justify-content:center}body.rtl .elementor-widget-slides .elementor-swiper-button-next{left:10px;right:auto}body.rtl .elementor-widget-slides .elementor-swiper-button-prev{right:10px;left:auto}.elementor-slides-wrapper div:not(.swiper-slide)>.swiper-slide-inner{display:none}@media (max-width:767px){.elementor-slides .swiper-slide-inner{padding:30px}.elementor-slides .swiper-slide-inner .elementor-slide-heading{font-size:23px;line-height:1;margin-bottom:15px}.elementor-slides .swiper-slide-inner .elementor-slide-description{font-size:13px;line-height:1.4;margin-bottom:15px}}<\/style>\t\t<div class=\"elementor-swiper\">\n\t\t\t<div class=\"elementor-slides-wrapper elementor-main-swiper swiper-container\" dir=\"ltr\" data-animation=\"fadeInUp\">\n\t\t\t\t<div class=\"swiper-wrapper elementor-slides\">\n\t\t\t\t\t\t\t\t\t\t<div class=\"elementor-repeater-item-0fdde84 swiper-slide\"><div class=\"swiper-slide-bg\" role=\"img\"><\/div><div class=\"swiper-slide-inner\" ><div class=\"swiper-slide-contents\"><div class=\"elementor-slide-heading\">Les archives<\/div><\/div><\/div><\/div>\t\t\t\t<\/div>\n\t\t\t\t\t\t\t<\/div>\n\t\t<\/div>\n\t\t\t\t<\/div>\n\t\t\t\t<\/div>\n\t\t\t\t\t<\/div>\n\t\t\t\t<\/div>\n\t\t<div class=\"elementor-element elementor-element-74e1db2 e-flex e-con-boxed e-con\" data-id=\"74e1db2\" data-element_type=\"container\" data-settings=\"{&quot;content_width&quot;:&quot;boxed&quot;}\">\n\t\t\t\t\t<div class=\"e-con-inner\">\n\t\t\t\t\t<\/div>\n\t\t\t\t<\/div>\n\t\t<div class=\"elementor-element elementor-element-5f4c1f0 e-flex e-con-boxed e-con\" data-id=\"5f4c1f0\" data-element_type=\"container\" data-settings=\"{&quot;background_background&quot;:&quot;classic&quot;,&quot;content_width&quot;:&quot;boxed&quot;}\">\n\t\t\t\t\t<div class=\"e-con-inner\">\n\t\t<div class=\"elementor-element elementor-element-78e3e41 e-flex e-con-boxed e-con\" data-id=\"78e3e41\" data-element_type=\"container\" data-settings=\"{&quot;content_width&quot;:&quot;boxed&quot;}\">\n\t\t\t\t\t<div class=\"e-con-inner\">\n\t\t<div class=\"elementor-element elementor-element-b8bacd3 e-flex e-con-boxed e-con\" data-id=\"b8bacd3\" data-element_type=\"container\" data-settings=\"{&quot;content_width&quot;:&quot;boxed&quot;}\">\n\t\t\t\t\t<div class=\"e-con-inner\">\n\t\t<div class=\"elementor-element elementor-element-57e5615 e-flex e-con-boxed e-con\" data-id=\"57e5615\" data-element_type=\"container\" data-settings=\"{&quot;content_width&quot;:&quot;boxed&quot;}\">\n\t\t\t\t\t<div class=\"e-con-inner\">\n\t\t\t\t\t<\/div>\n\t\t\t\t<\/div>\n\t\t\t\t<div class=\"elementor-element elementor-element-8f8a151 elementor-widget elementor-widget-heading\" data-id=\"8f8a151\" data-element_type=\"widget\" data-widget_type=\"heading.default\">\n\t\t\t\t<div class=\"elementor-widget-container\">\n\t\t\t<style>\/*! elementor - v3.14.0 - 26-06-2023 *\/\n.elementor-heading-title{padding:0;margin:0;line-height:1}.elementor-widget-heading .elementor-heading-title[class*=elementor-size-]>a{color:inherit;font-size:inherit;line-height:inherit}.elementor-widget-heading .elementor-heading-title.elementor-size-small{font-size:15px}.elementor-widget-heading .elementor-heading-title.elementor-size-medium{font-size:19px}.elementor-widget-heading .elementor-heading-title.elementor-size-large{font-size:29px}.elementor-widget-heading .elementor-heading-title.elementor-size-xl{font-size:39px}.elementor-widget-heading .elementor-heading-title.elementor-size-xxl{font-size:59px}<\/style><h3 class=\"elementor-heading-title elementor-size-default\">Plus de 300 ans d\u2019histoire<\/h3>\t\t<\/div>\n\t\t\t\t<\/div>\n\t\t\t\t<div class=\"elementor-element elementor-element-0a4d61a elementor-widget elementor-widget-text-editor\" data-id=\"0a4d61a\" data-element_type=\"widget\" data-widget_type=\"text-editor.default\">\n\t\t\t\t<div class=\"elementor-widget-container\">\n\t\t\t<style>\/*! elementor - v3.14.0 - 26-06-2023 *\/\n.elementor-widget-text-editor.elementor-drop-cap-view-stacked .elementor-drop-cap{background-color:#69727d;color:#fff}.elementor-widget-text-editor.elementor-drop-cap-view-framed .elementor-drop-cap{color:#69727d;border:3px solid;background-color:transparent}.elementor-widget-text-editor:not(.elementor-drop-cap-view-default) .elementor-drop-cap{margin-top:8px}.elementor-widget-text-editor:not(.elementor-drop-cap-view-default) .elementor-drop-cap-letter{width:1em;height:1em}.elementor-widget-text-editor .elementor-drop-cap{float:left;text-align:center;line-height:1;font-size:50px}.elementor-widget-text-editor .elementor-drop-cap-letter{display:inline-block}<\/style>\t\t\t\t<p>Marca Corona dispose non seulement d\u2019un mus\u00e9e d\u2019entreprise racontant l\u2019histoire de son activit\u00e9 de production, mais aussi d\u2019archives historiques compos\u00e9es de la documentation recueillie par l\u2019entreprise sur l\u2019histoire de sa production. <br \/>Documents, papiers, dessins, photographies nous racontent plus de 300 ans d\u2019histoire, jouant un r\u00f4le fondamental dans la promotion et la pr\u00e9servation de la culture d\u2019entreprise.<\/p>\n\t\t\t\t\t\t<\/div>\n\t\t\t\t<\/div>\n\t\t\t\t\t<\/div>\n\t\t\t\t<\/div>\n\t\t\t\t\t<\/div>\n\t\t\t\t<\/div>\n\t\t<div class=\"elementor-element elementor-element-84f3200 elementor-hidden-mobile e-flex e-con-boxed e-con\" data-id=\"84f3200\" data-element_type=\"container\" data-settings=\"{&quot;content_width&quot;:&quot;boxed&quot;}\">\n\t\t\t\t\t<div class=\"e-con-inner\">\n\t\t\t\t<div class=\"elementor-element elementor-element-d98e14a elementor-hidden-mobile elementor-widget elementor-widget-image\" data-id=\"d98e14a\" data-element_type=\"widget\" data-widget_type=\"image.default\">\n\t\t\t\t<div class=\"elementor-widget-container\">\n\t\t\t<style>\/*! elementor - v3.14.0 - 26-06-2023 *\/\n.elementor-widget-image{text-align:center}.elementor-widget-image a{display:inline-block}.elementor-widget-image a img[src$=\".svg\"]{width:48px}.elementor-widget-image img{vertical-align:middle;display:inline-block}<\/style>\t\t\t\t\t\t\t\t\t\t\t\t<img decoding=\"async\" width=\"800\" height=\"873\" src=\"https:\/\/www.galleriamarcacorona.com\/wp-content\/uploads\/2023\/06\/archivio3.jpg\" class=\"attachment-full size-full wp-image-1372\" alt=\"Storia della Ceramica di Sassuolo\" loading=\"lazy\" srcset=\"https:\/\/www.galleriamarcacorona.com\/wp-content\/uploads\/2023\/06\/archivio3.jpg 800w, https:\/\/www.galleriamarcacorona.com\/wp-content\/uploads\/2023\/06\/archivio3-275x300.jpg 275w, https:\/\/www.galleriamarcacorona.com\/wp-content\/uploads\/2023\/06\/archivio3-768x838.jpg 768w\" sizes=\"(max-width: 800px) 100vw, 800px\" \/>\t\t\t\t\t\t\t\t\t\t\t\t\t\t\t<\/div>\n\t\t\t\t<\/div>\n\t\t\t\t\t<\/div>\n\t\t\t\t<\/div>\n\t\t\t\t\t<\/div>\n\t\t\t\t<\/div>\n\t\t<div class=\"elementor-element elementor-element-c446bfb e-flex e-con-boxed e-con\" data-id=\"c446bfb\" data-element_type=\"container\" data-settings=\"{&quot;content_width&quot;:&quot;boxed&quot;}\">\n\t\t\t\t\t<div class=\"e-con-inner\">\n\t\t<div class=\"elementor-element elementor-element-7347873 e-con-full e-flex e-con\" data-id=\"7347873\" data-element_type=\"container\" data-settings=\"{&quot;content_width&quot;:&quot;full&quot;}\">\n\t\t\t\t<div class=\"elementor-element elementor-element-a2f2227 elementor-widget elementor-widget-button\" data-id=\"a2f2227\" data-element_type=\"widget\" data-widget_type=\"button.default\">\n\t\t\t\t<div class=\"elementor-widget-container\">\n\t\t\t\t\t<div class=\"elementor-button-wrapper\">\n\t\t\t<a class=\"elementor-button elementor-button-link elementor-size-sm\" href=\"\/fr\/reserver-une-visite\/\">\n\t\t\t\t\t\t<span class=\"elementor-button-content-wrapper\">\n\t\t\t\t\t\t<span class=\"elementor-button-text\">r\u00e9server une visite<\/span>\n\t\t<\/span>\n\t\t\t\t\t<\/a>\n\t\t<\/div>\n\t\t\t\t<\/div>\n\t\t\t\t<\/div>\n\t\t\t\t<\/div>\n\t\t\t\t\t<\/div>\n\t\t\t\t<\/div>\n\t\t\t\t\t\t\t<\/div>\n\t\t","protected":false},"excerpt":{"rendered":"<p>Les archives Plus de 300 ans d\u2019histoire Marca Corona dispose non seulement d\u2019un mus\u00e9e d\u2019entreprise racontant l\u2019histoire de son activit\u00e9 de production, mais aussi d\u2019archives historiques compos\u00e9es de la documentation recueillie par l\u2019entreprise sur l\u2019histoire de sa production. Documents, papiers, dessins, photographies nous racontent plus de 300 ans d\u2019histoire, jouant un r\u00f4le fondamental dans la &hellip;<\/p>\n<p class=\"read-more\"> <a class=\"\" href=\"https:\/\/www.galleriamarcacorona.com\/fr\/les-archives\/\"> <span class=\"screen-reader-text\">Les archives<\/span> Lire la suite\u00a0\u00bb<\/a><\/p>\n","protected":false},"author":1,"featured_media":0,"parent":0,"menu_order":0,"comment_status":"closed","ping_status":"closed","template":"","meta":{"site-sidebar-layout":"no-sidebar","site-content-layout":"page-builder","ast-global-header-display":"","ast-main-header-display":"","ast-hfb-above-header-display":"","ast-hfb-below-header-display":"","ast-hfb-mobile-header-display":"","site-post-title":"disabled","ast-breadcrumbs-content":"","ast-featured-img":"disabled","footer-sml-layout":"","theme-transparent-header-meta":"","adv-header-id-meta":"","stick-header-meta":"","header-above-stick-meta":"","header-main-stick-meta":"","header-below-stick-meta":""},"acf":[],"yoast_head":"<!-- This site is optimized with the Yoast SEO plugin v20.12 - https:\/\/yoast.com\/wordpress\/plugins\/seo\/ -->\n<title>Les archives : histoire de nos c\u00e9ramiques | Galerie Marca Corona<\/title>\n<meta name=\"description\" content=\"D\u00e9couvrez la c\u00e9ramique de Sassuolo \u00e0 travers les archives historiques de la Galerie Marca Corona : 300 ans d\u2019histoire et de documents racontent un patrimoine unique.\" \/>\n<meta name=\"robots\" content=\"index, follow, max-snippet:-1, max-image-preview:large, max-video-preview:-1\" \/>\n<link rel=\"canonical\" href=\"https:\/\/www.galleriamarcacorona.com\/fr\/les-archives\/\" \/>\n<meta property=\"og:locale\" content=\"fr_FR\" \/>\n<meta property=\"og:type\" content=\"article\" \/>\n<meta property=\"og:title\" content=\"Les archives : histoire de nos c\u00e9ramiques | Galerie Marca Corona\" \/>\n<meta property=\"og:description\" content=\"D\u00e9couvrez la c\u00e9ramique de Sassuolo \u00e0 travers les archives historiques de la Galerie Marca Corona : 300 ans d\u2019histoire et de documents racontent un patrimoine unique.\" \/>\n<meta property=\"og:url\" content=\"https:\/\/www.galleriamarcacorona.com\/fr\/les-archives\/\" \/>\n<meta property=\"og:site_name\" content=\"Galleria Marca Corona\" \/>\n<meta property=\"article:modified_time\" content=\"2023-07-27T11:59:32+00:00\" \/>\n<meta property=\"og:image\" content=\"https:\/\/www.galleriamarcacorona.com\/wp-content\/uploads\/2023\/06\/archivio3.jpg\" \/>\n<meta name=\"twitter:card\" content=\"summary_large_image\" \/>\n<meta name=\"twitter:label1\" content=\"Dur\u00e9e de lecture estim\u00e9e\" \/>\n\t<meta name=\"twitter:data1\" content=\"1 minute\" \/>\n<script type=\"application\/ld+json\" class=\"yoast-schema-graph\">{\"@context\":\"https:\/\/schema.org\",\"@graph\":[{\"@type\":\"WebPage\",\"@id\":\"https:\/\/www.galleriamarcacorona.com\/fr\/les-archives\/\",\"url\":\"https:\/\/www.galleriamarcacorona.com\/fr\/les-archives\/\",\"name\":\"Les archives : histoire de nos c\u00e9ramiques | Galerie Marca Corona\",\"isPartOf\":{\"@id\":\"https:\/\/www.galleriamarcacorona.com\/fr\/#website\"},\"datePublished\":\"2023-06-28T12:44:17+00:00\",\"dateModified\":\"2023-07-27T11:59:32+00:00\",\"description\":\"D\u00e9couvrez la c\u00e9ramique de Sassuolo \u00e0 travers les archives historiques de la Galerie Marca Corona : 300 ans d\u2019histoire et de documents racontent un patrimoine unique.\",\"breadcrumb\":{\"@id\":\"https:\/\/www.galleriamarcacorona.com\/fr\/les-archives\/#breadcrumb\"},\"inLanguage\":\"fr-FR\",\"potentialAction\":[{\"@type\":\"ReadAction\",\"target\":[\"https:\/\/www.galleriamarcacorona.com\/fr\/les-archives\/\"]}]},{\"@type\":\"BreadcrumbList\",\"@id\":\"https:\/\/www.galleriamarcacorona.com\/fr\/les-archives\/#breadcrumb\",\"itemListElement\":[{\"@type\":\"ListItem\",\"position\":1,\"name\":\"Home\",\"item\":\"https:\/\/www.galleriamarcacorona.com\/fr\/\"},{\"@type\":\"ListItem\",\"position\":2,\"name\":\"Les archives\"}]},{\"@type\":\"WebSite\",\"@id\":\"https:\/\/www.galleriamarcacorona.com\/fr\/#website\",\"url\":\"https:\/\/www.galleriamarcacorona.com\/fr\/\",\"name\":\"Galleria Marca Corona\",\"description\":\"\",\"publisher\":{\"@id\":\"https:\/\/www.galleriamarcacorona.com\/fr\/#organization\"},\"potentialAction\":[{\"@type\":\"SearchAction\",\"target\":{\"@type\":\"EntryPoint\",\"urlTemplate\":\"https:\/\/www.galleriamarcacorona.com\/fr\/?s={search_term_string}\"},\"query-input\":\"required name=search_term_string\"}],\"inLanguage\":\"fr-FR\"},{\"@type\":\"Organization\",\"@id\":\"https:\/\/www.galleriamarcacorona.com\/fr\/#organization\",\"name\":\"Galleria Marca Corona\",\"url\":\"https:\/\/www.galleriamarcacorona.com\/fr\/\",\"logo\":{\"@type\":\"ImageObject\",\"inLanguage\":\"fr-FR\",\"@id\":\"https:\/\/www.galleriamarcacorona.com\/fr\/#\/schema\/logo\/image\/\",\"url\":\"https:\/\/www.galleriamarcacorona.com\/wp-content\/uploads\/2023\/05\/mc-galleria-logo-rgb-3200px.png\",\"contentUrl\":\"https:\/\/www.galleriamarcacorona.com\/wp-content\/uploads\/2023\/05\/mc-galleria-logo-rgb-3200px.png\",\"width\":3200,\"height\":1112,\"caption\":\"Galleria Marca Corona\"},\"image\":{\"@id\":\"https:\/\/www.galleriamarcacorona.com\/fr\/#\/schema\/logo\/image\/\"}}]}<\/script>\n<!-- \/ Yoast SEO plugin. -->","yoast_head_json":{"title":"Les archives : histoire de nos c\u00e9ramiques | Galerie Marca Corona","description":"D\u00e9couvrez la c\u00e9ramique de Sassuolo \u00e0 travers les archives historiques de la Galerie Marca Corona : 300 ans d\u2019histoire et de documents racontent un patrimoine unique.","robots":{"index":"index","follow":"follow","max-snippet":"max-snippet:-1","max-image-preview":"max-image-preview:large","max-video-preview":"max-video-preview:-1"},"canonical":"https:\/\/www.galleriamarcacorona.com\/fr\/les-archives\/","og_locale":"fr_FR","og_type":"article","og_title":"Les archives : histoire de nos c\u00e9ramiques | Galerie Marca Corona","og_description":"D\u00e9couvrez la c\u00e9ramique de Sassuolo \u00e0 travers les archives historiques de la Galerie Marca Corona : 300 ans d\u2019histoire et de documents racontent un patrimoine unique.","og_url":"https:\/\/www.galleriamarcacorona.com\/fr\/les-archives\/","og_site_name":"Galleria Marca Corona","article_modified_time":"2023-07-27T11:59:32+00:00","og_image":[{"url":"https:\/\/www.galleriamarcacorona.com\/wp-content\/uploads\/2023\/06\/archivio3.jpg"}],"twitter_card":"summary_large_image","twitter_misc":{"Dur\u00e9e de lecture estim\u00e9e":"1 minute"},"schema":{"@context":"https:\/\/schema.org","@graph":[{"@type":"WebPage","@id":"https:\/\/www.galleriamarcacorona.com\/fr\/les-archives\/","url":"https:\/\/www.galleriamarcacorona.com\/fr\/les-archives\/","name":"Les archives : histoire de nos c\u00e9ramiques | Galerie Marca Corona","isPartOf":{"@id":"https:\/\/www.galleriamarcacorona.com\/fr\/#website"},"datePublished":"2023-06-28T12:44:17+00:00","dateModified":"2023-07-27T11:59:32+00:00","description":"D\u00e9couvrez la c\u00e9ramique de Sassuolo \u00e0 travers les archives historiques de la Galerie Marca Corona : 300 ans d\u2019histoire et de documents racontent un patrimoine unique.","breadcrumb":{"@id":"https:\/\/www.galleriamarcacorona.com\/fr\/les-archives\/#breadcrumb"},"inLanguage":"fr-FR","potentialAction":[{"@type":"ReadAction","target":["https:\/\/www.galleriamarcacorona.com\/fr\/les-archives\/"]}]},{"@type":"BreadcrumbList","@id":"https:\/\/www.galleriamarcacorona.com\/fr\/les-archives\/#breadcrumb","itemListElement":[{"@type":"ListItem","position":1,"name":"Home","item":"https:\/\/www.galleriamarcacorona.com\/fr\/"},{"@type":"ListItem","position":2,"name":"Les archives"}]},{"@type":"WebSite","@id":"https:\/\/www.galleriamarcacorona.com\/fr\/#website","url":"https:\/\/www.galleriamarcacorona.com\/fr\/","name":"Galleria Marca Corona","description":"","publisher":{"@id":"https:\/\/www.galleriamarcacorona.com\/fr\/#organization"},"potentialAction":[{"@type":"SearchAction","target":{"@type":"EntryPoint","urlTemplate":"https:\/\/www.galleriamarcacorona.com\/fr\/?s={search_term_string}"},"query-input":"required name=search_term_string"}],"inLanguage":"fr-FR"},{"@type":"Organization","@id":"https:\/\/www.galleriamarcacorona.com\/fr\/#organization","name":"Galleria Marca Corona","url":"https:\/\/www.galleriamarcacorona.com\/fr\/","logo":{"@type":"ImageObject","inLanguage":"fr-FR","@id":"https:\/\/www.galleriamarcacorona.com\/fr\/#\/schema\/logo\/image\/","url":"https:\/\/www.galleriamarcacorona.com\/wp-content\/uploads\/2023\/05\/mc-galleria-logo-rgb-3200px.png","contentUrl":"https:\/\/www.galleriamarcacorona.com\/wp-content\/uploads\/2023\/05\/mc-galleria-logo-rgb-3200px.png","width":3200,"height":1112,"caption":"Galleria Marca Corona"},"image":{"@id":"https:\/\/www.galleriamarcacorona.com\/fr\/#\/schema\/logo\/image\/"}}]}},"_links":{"self":[{"href":"https:\/\/www.galleriamarcacorona.com\/fr\/wp-json\/wp\/v2\/pages\/2431"}],"collection":[{"href":"https:\/\/www.galleriamarcacorona.com\/fr\/wp-json\/wp\/v2\/pages"}],"about":[{"href":"https:\/\/www.galleriamarcacorona.com\/fr\/wp-json\/wp\/v2\/types\/page"}],"author":[{"embeddable":true,"href":"https:\/\/www.galleriamarcacorona.com\/fr\/wp-json\/wp\/v2\/users\/1"}],"replies":[{"embeddable":true,"href":"https:\/\/www.galleriamarcacorona.com\/fr\/wp-json\/wp\/v2\/comments?post=2431"}],"version-history":[{"count":11,"href":"https:\/\/www.galleriamarcacorona.com\/fr\/wp-json\/wp\/v2\/pages\/2431\/revisions"}],"predecessor-version":[{"id":3612,"href":"https:\/\/www.galleriamarcacorona.com\/fr\/wp-json\/wp\/v2\/pages\/2431\/revisions\/3612"}],"wp:attachment":[{"href":"https:\/\/www.galleriamarcacorona.com\/fr\/wp-json\/wp\/v2\/media?parent=2431"}],"curies":[{"name":"wp","href":"https:\/\/api.w.org\/{rel}","templated":true}]}}