{"id":2501,"date":"2023-05-22T11:43:06","date_gmt":"2023-05-22T11:43:06","guid":{"rendered":"https:\/\/galleria-mc.k8s.live.devhoop.com\/home\/"},"modified":"2026-02-23T11:53:59","modified_gmt":"2026-02-23T11:53:59","slug":"home","status":"publish","type":"page","link":"https:\/\/www.galleriamarcacorona.com\/fr\/","title":{"rendered":"Home"},"content":{"rendered":"\t\t<div data-elementor-type=\"wp-page\" data-elementor-id=\"2501\" class=\"elementor elementor-2501 elementor-85\" data-elementor-post-type=\"page\">\n\t\t\t\t\t\t\t<div class=\"elementor-element elementor-element-7df4d54 e-flex e-con-boxed e-con\" data-id=\"7df4d54\" data-element_type=\"container\" data-settings=\"{&quot;content_width&quot;:&quot;boxed&quot;}\">\n\t\t\t\t\t<div class=\"e-con-inner\">\n\t\t\t\t<div class=\"elementor-element elementor-element-439f618 elementor-hidden-mobile elementor--h-position-center elementor--v-position-middle elementor-arrows-position-inside elementor-widget elementor-widget-slides\" data-id=\"439f618\" data-element_type=\"widget\" data-settings=\"{&quot;navigation&quot;:&quot;arrows&quot;,&quot;autoplay&quot;:&quot;yes&quot;,&quot;pause_on_hover&quot;:&quot;yes&quot;,&quot;pause_on_interaction&quot;:&quot;yes&quot;,&quot;autoplay_speed&quot;:5000,&quot;transition&quot;:&quot;slide&quot;,&quot;transition_speed&quot;:500}\" data-widget_type=\"slides.default\">\n\t\t\t\t<div class=\"elementor-widget-container\">\n\t\t\t<style>\/*! elementor-pro - v3.14.0 - 26-06-2023 *\/\n.elementor-slides .swiper-slide-bg{background-size:cover;background-position:50%;background-repeat:no-repeat;min-width:100%;min-height:100%}.elementor-slides .swiper-slide-inner{background-repeat:no-repeat;background-position:50%;position:absolute;top:0;left:0;bottom:0;right:0;padding:50px;margin:auto}.elementor-slides .swiper-slide-inner,.elementor-slides .swiper-slide-inner:hover{color:#fff;display:flex}.elementor-slides .swiper-slide-inner .elementor-background-overlay{position:absolute;z-index:0;top:0;bottom:0;left:0;right:0}.elementor-slides .swiper-slide-inner .elementor-slide-content{position:relative;z-index:1;width:100%}.elementor-slides .swiper-slide-inner .elementor-slide-heading{font-size:35px;font-weight:700;line-height:1}.elementor-slides .swiper-slide-inner .elementor-slide-description{font-size:17px;line-height:1.4}.elementor-slides .swiper-slide-inner .elementor-slide-description:not(:last-child),.elementor-slides .swiper-slide-inner .elementor-slide-heading:not(:last-child){margin-bottom:30px}.elementor-slides .swiper-slide-inner .elementor-slide-button{border:2px solid #fff;color:#fff;background:transparent;display:inline-block}.elementor-slides .swiper-slide-inner .elementor-slide-button,.elementor-slides .swiper-slide-inner .elementor-slide-button:hover{background:transparent;color:inherit;text-decoration:none}.elementor--v-position-top .swiper-slide-inner{align-items:flex-start}.elementor--v-position-bottom .swiper-slide-inner{align-items:flex-end}.elementor--v-position-middle .swiper-slide-inner{align-items:center}.elementor--h-position-left .swiper-slide-inner{justify-content:flex-start}.elementor--h-position-right .swiper-slide-inner{justify-content:flex-end}.elementor--h-position-center .swiper-slide-inner{justify-content:center}body.rtl .elementor-widget-slides .elementor-swiper-button-next{left:10px;right:auto}body.rtl .elementor-widget-slides .elementor-swiper-button-prev{right:10px;left:auto}.elementor-slides-wrapper div:not(.swiper-slide)>.swiper-slide-inner{display:none}@media (max-width:767px){.elementor-slides .swiper-slide-inner{padding:30px}.elementor-slides .swiper-slide-inner .elementor-slide-heading{font-size:23px;line-height:1;margin-bottom:15px}.elementor-slides .swiper-slide-inner .elementor-slide-description{font-size:13px;line-height:1.4;margin-bottom:15px}}<\/style>\t\t<div class=\"elementor-swiper\">\n\t\t\t<div class=\"elementor-slides-wrapper elementor-main-swiper swiper-container\" dir=\"ltr\" data-animation=\"fadeInUp\">\n\t\t\t\t<div class=\"swiper-wrapper elementor-slides\">\n\t\t\t\t\t\t\t\t\t\t<div class=\"elementor-repeater-item-5d3e94e swiper-slide\"><div class=\"swiper-slide-bg\" role=\"img\"><\/div><div class=\"elementor-background-overlay\"><\/div><div class=\"swiper-slide-inner\" ><div class=\"swiper-slide-contents\"><div class=\"elementor-slide-heading\">Art City Bologna 2026<\/div><div class=\"elementor-slide-description\">Notre r\u00e9cit de ce week-end d\u2019art, entre rencontres, expositions et installations.<\/div><a href=\"\/fr\/retrospective-dart-city-bologna-2026-notre-recit-de-ce-week-end-dart-entre-rencontres-expositions-et-installations\/\" class=\"elementor-button elementor-slide-button elementor-size-sm\">en savoir plus<\/a><\/div><\/div><\/div><div class=\"elementor-repeater-item-00b41b9 swiper-slide\"><div class=\"swiper-slide-bg\" role=\"img\"><\/div><div class=\"swiper-slide-inner\" ><div class=\"swiper-slide-contents\"><div class=\"elementor-slide-heading\">Galerie Marca Corona<\/div><div class=\"elementor-slide-description\"><p>Un v\u00e9ritable voyage \u00e0 la d\u00e9couverte de l\u2019\u00e9volution de la c\u00e9ramique.<\/p>\n<\/div><a href=\"\/fr\/galerie\/\" class=\"elementor-button elementor-slide-button elementor-size-sm\">en savoir plus<\/a><\/div><\/div><\/div><div class=\"elementor-repeater-item-fc4d0fe swiper-slide\"><div class=\"swiper-slide-bg\" role=\"img\"><\/div><div class=\"swiper-slide-inner\" ><div class=\"swiper-slide-contents\"><div class=\"elementor-slide-heading\">Projet Marca Corona per l\u2019Arte<\/div><div class=\"elementor-slide-description\">Les valeurs de l\u2019entreprise deviennent des \u0153uvres d\u2019art itin\u00e9rantes gr\u00e2ce \u00e0 l\u2019inspiration des artistes\n<\/div><a href=\"\/fr\/marca-corona-pour-lart\/\" class=\"elementor-button elementor-slide-button elementor-size-sm\">en savoir plus<\/a><\/div><\/div><\/div>\t\t\t\t<\/div>\n\t\t\t\t\t\t\t\t\t\t\t\t\t\t\t\t\t\t\t\t<div class=\"elementor-swiper-button elementor-swiper-button-prev\" role=\"button\" tabindex=\"0\">\n\t\t\t\t\t\t\t<i aria-hidden=\"true\" class=\"eicon-chevron-left\"><\/i>\t\t\t\t\t\t\t<span class=\"elementor-screen-only\">Diapositive pr\u00e9c\u00e9dente<\/span>\n\t\t\t\t\t\t<\/div>\n\t\t\t\t\t\t<div class=\"elementor-swiper-button elementor-swiper-button-next\" role=\"button\" tabindex=\"0\">\n\t\t\t\t\t\t\t<i aria-hidden=\"true\" class=\"eicon-chevron-right\"><\/i>\t\t\t\t\t\t\t<span class=\"elementor-screen-only\">Diapositive suivante<\/span>\n\t\t\t\t\t\t<\/div>\n\t\t\t\t\t\t\t\t\t\t\t\t<\/div>\n\t\t<\/div>\n\t\t\t\t<\/div>\n\t\t\t\t<\/div>\n\t\t\t\t\t<\/div>\n\t\t\t\t<\/div>\n\t\t<div class=\"elementor-element elementor-element-9337216 elementor-hidden-desktop elementor-hidden-tablet e-flex e-con-boxed e-con\" data-id=\"9337216\" data-element_type=\"container\" data-settings=\"{&quot;content_width&quot;:&quot;boxed&quot;}\">\n\t\t\t\t\t<div class=\"e-con-inner\">\n\t\t\t\t<div class=\"elementor-element elementor-element-6cd5b00 elementor-hidden-desktop elementor-hidden-tablet elementor--h-position-center elementor--v-position-middle elementor-arrows-position-inside elementor-widget elementor-widget-slides\" data-id=\"6cd5b00\" data-element_type=\"widget\" data-settings=\"{&quot;navigation&quot;:&quot;arrows&quot;,&quot;autoplay&quot;:&quot;yes&quot;,&quot;pause_on_hover&quot;:&quot;yes&quot;,&quot;pause_on_interaction&quot;:&quot;yes&quot;,&quot;autoplay_speed&quot;:5000,&quot;transition&quot;:&quot;slide&quot;,&quot;transition_speed&quot;:500}\" data-widget_type=\"slides.default\">\n\t\t\t\t<div class=\"elementor-widget-container\">\n\t\t\t\t\t<div class=\"elementor-swiper\">\n\t\t\t<div class=\"elementor-slides-wrapper elementor-main-swiper swiper-container\" dir=\"ltr\" data-animation=\"fadeInUp\">\n\t\t\t\t<div class=\"swiper-wrapper elementor-slides\">\n\t\t\t\t\t\t\t\t\t\t<div class=\"elementor-repeater-item-5469d3f swiper-slide\"><div class=\"swiper-slide-bg\" role=\"img\"><\/div><div class=\"elementor-background-overlay\"><\/div><div class=\"swiper-slide-inner\" ><div class=\"swiper-slide-contents\"><div class=\"elementor-slide-heading\">Art City Bologna 2026<\/div><div class=\"elementor-slide-description\">Notre r\u00e9cit de ce week-end d\u2019art, entre rencontres, expositions et installations.<\/div><a href=\"\/fr\/retrospective-dart-city-bologna-2026-notre-recit-de-ce-week-end-dart-entre-rencontres-expositions-et-installations\/\" class=\"elementor-button elementor-slide-button elementor-size-sm\">en savoir plus<\/a><\/div><\/div><\/div><div class=\"elementor-repeater-item-19a95f6 swiper-slide\"><div class=\"swiper-slide-bg\" role=\"img\"><\/div><div class=\"swiper-slide-inner\" ><div class=\"swiper-slide-contents\"><div class=\"elementor-slide-heading\">Galerie Marca Corona<\/div><div class=\"elementor-slide-description\">Un v\u00e9ritable voyage \u00e0 la d\u00e9couverte de l\u2019\u00e9volution de la c\u00e9ramique.<\/div><a href=\"\/fr\/galerie\/\" class=\"elementor-button elementor-slide-button elementor-size-sm\">en savoir plus<\/a><\/div><\/div><\/div><div class=\"elementor-repeater-item-fc4d0fe swiper-slide\"><div class=\"swiper-slide-bg\" role=\"img\"><\/div><div class=\"swiper-slide-inner\" ><div class=\"swiper-slide-contents\"><div class=\"elementor-slide-heading\">Projet Marca Corona per l\u2019Arte<\/div><div class=\"elementor-slide-description\">Les valeurs de l\u2019entreprise deviennent des \u0153uvres d\u2019art itin\u00e9rantes gr\u00e2ce \u00e0 l\u2019inspiration des artistes.<\/div><a href=\"\/fr\/marca-corona-pour-lart\/\" class=\"elementor-button elementor-slide-button elementor-size-sm\">en savoir plus<\/a><\/div><\/div><\/div>\t\t\t\t<\/div>\n\t\t\t\t\t\t\t\t\t\t\t\t\t\t\t\t\t\t\t\t<div class=\"elementor-swiper-button elementor-swiper-button-prev\" role=\"button\" tabindex=\"0\">\n\t\t\t\t\t\t\t<i aria-hidden=\"true\" class=\"eicon-chevron-left\"><\/i>\t\t\t\t\t\t\t<span class=\"elementor-screen-only\">Diapositive pr\u00e9c\u00e9dente<\/span>\n\t\t\t\t\t\t<\/div>\n\t\t\t\t\t\t<div class=\"elementor-swiper-button elementor-swiper-button-next\" role=\"button\" tabindex=\"0\">\n\t\t\t\t\t\t\t<i aria-hidden=\"true\" class=\"eicon-chevron-right\"><\/i>\t\t\t\t\t\t\t<span class=\"elementor-screen-only\">Diapositive suivante<\/span>\n\t\t\t\t\t\t<\/div>\n\t\t\t\t\t\t\t\t\t\t\t\t<\/div>\n\t\t<\/div>\n\t\t\t\t<\/div>\n\t\t\t\t<\/div>\n\t\t\t\t\t<\/div>\n\t\t\t\t<\/div>\n\t\t<div class=\"elementor-element elementor-element-6a61e9b e-flex e-con-boxed e-con\" data-id=\"6a61e9b\" data-element_type=\"container\" data-settings=\"{&quot;content_width&quot;:&quot;boxed&quot;}\">\n\t\t\t\t\t<div class=\"e-con-inner\">\n\t\t<div class=\"elementor-element elementor-element-aeed71f elementor-hidden-desktop elementor-hidden-tablet e-flex e-con-boxed e-con\" data-id=\"aeed71f\" data-element_type=\"container\" data-settings=\"{&quot;content_width&quot;:&quot;boxed&quot;}\">\n\t\t\t\t\t<div class=\"e-con-inner\">\n\t\t\t\t<div class=\"elementor-element elementor-element-0ec1ab9 elementor-widget elementor-widget-heading\" data-id=\"0ec1ab9\" data-element_type=\"widget\" data-widget_type=\"heading.default\">\n\t\t\t\t<div class=\"elementor-widget-container\">\n\t\t\t<style>\/*! elementor - v3.14.0 - 26-06-2023 *\/\n.elementor-heading-title{padding:0;margin:0;line-height:1}.elementor-widget-heading .elementor-heading-title[class*=elementor-size-]>a{color:inherit;font-size:inherit;line-height:inherit}.elementor-widget-heading .elementor-heading-title.elementor-size-small{font-size:15px}.elementor-widget-heading .elementor-heading-title.elementor-size-medium{font-size:19px}.elementor-widget-heading .elementor-heading-title.elementor-size-large{font-size:29px}.elementor-widget-heading .elementor-heading-title.elementor-size-xl{font-size:39px}.elementor-widget-heading .elementor-heading-title.elementor-size-xxl{font-size:59px}<\/style><h2 class=\"elementor-heading-title elementor-size-default\">Galleria<br>Marca Corona<\/h2>\t\t<\/div>\n\t\t\t\t<\/div>\n\t\t\t\t\t<\/div>\n\t\t\t\t<\/div>\n\t\t<div class=\"elementor-element elementor-element-1d923d7 e-flex e-con-boxed e-con\" data-id=\"1d923d7\" data-element_type=\"container\" data-settings=\"{&quot;content_width&quot;:&quot;boxed&quot;}\">\n\t\t\t\t\t<div class=\"e-con-inner\">\n\t\t<div class=\"elementor-element elementor-element-152c2e0 e-flex e-con-boxed e-con\" data-id=\"152c2e0\" data-element_type=\"container\" data-settings=\"{&quot;content_width&quot;:&quot;boxed&quot;}\">\n\t\t\t\t\t<div class=\"e-con-inner\">\n\t\t\t\t<div class=\"elementor-element elementor-element-e4745fd elementor-arrows-position-inside elementor-widget elementor-widget-image-carousel\" data-id=\"e4745fd\" data-element_type=\"widget\" data-settings=\"{&quot;slides_to_show&quot;:&quot;1&quot;,&quot;navigation&quot;:&quot;arrows&quot;,&quot;infinite&quot;:&quot;no&quot;,&quot;autoplay&quot;:&quot;yes&quot;,&quot;pause_on_hover&quot;:&quot;yes&quot;,&quot;pause_on_interaction&quot;:&quot;yes&quot;,&quot;autoplay_speed&quot;:5000,&quot;effect&quot;:&quot;slide&quot;,&quot;speed&quot;:500}\" data-widget_type=\"image-carousel.default\">\n\t\t\t\t<div class=\"elementor-widget-container\">\n\t\t\t<style>\/*! elementor - v3.14.0 - 26-06-2023 *\/\n.elementor-widget-image-carousel .swiper,.elementor-widget-image-carousel .swiper-container{position:static}.elementor-widget-image-carousel .swiper-container .swiper-slide figure,.elementor-widget-image-carousel .swiper .swiper-slide figure{line-height:inherit}.elementor-widget-image-carousel .swiper-slide{text-align:center}.elementor-image-carousel-wrapper:not(.swiper-container-initialized):not(.swiper-initialized) .swiper-slide{max-width:calc(100% \/ var(--e-image-carousel-slides-to-show, 3))}<\/style>\t\t<div class=\"elementor-image-carousel-wrapper swiper-container\" dir=\"ltr\">\n\t\t\t<div class=\"elementor-image-carousel swiper-wrapper\" aria-live=\"off\">\n\t\t\t\t\t\t\t\t<div class=\"swiper-slide\" role=\"group\" aria-roledescription=\"slide\" aria-label=\"1 de 3\"><figure class=\"swiper-slide-inner\"><img decoding=\"async\" class=\"swiper-slide-image\" src=\"https:\/\/www.galleriamarcacorona.com\/wp-content\/uploads\/2023\/05\/home_1.jpg\" alt=\"home_1\" \/><\/figure><\/div><div class=\"swiper-slide\" role=\"group\" aria-roledescription=\"slide\" aria-label=\"2 de 3\"><figure class=\"swiper-slide-inner\"><img decoding=\"async\" class=\"swiper-slide-image\" src=\"https:\/\/www.galleriamarcacorona.com\/wp-content\/uploads\/2023\/10\/gallery2.jpg\" alt=\"gallery2\" \/><\/figure><\/div><div class=\"swiper-slide\" role=\"group\" aria-roledescription=\"slide\" aria-label=\"3 de 3\"><figure class=\"swiper-slide-inner\"><img decoding=\"async\" class=\"swiper-slide-image\" src=\"https:\/\/www.galleriamarcacorona.com\/wp-content\/uploads\/2023\/10\/gallery1.jpg\" alt=\"gallery1\" \/><\/figure><\/div>\t\t\t<\/div>\n\t\t\t\t\t\t\t\t\t\t\t\t<div class=\"elementor-swiper-button elementor-swiper-button-prev\" role=\"button\" tabindex=\"0\">\n\t\t\t\t\t\t<i aria-hidden=\"true\" class=\"eicon-chevron-left\"><\/i>\t\t\t\t\t<\/div>\n\t\t\t\t\t<div class=\"elementor-swiper-button elementor-swiper-button-next\" role=\"button\" tabindex=\"0\">\n\t\t\t\t\t\t<i aria-hidden=\"true\" class=\"eicon-chevron-right\"><\/i>\t\t\t\t\t<\/div>\n\t\t\t\t\n\t\t\t\t\t\t\t\t\t<\/div>\n\t\t\t\t<\/div>\n\t\t\t\t<\/div>\n\t\t\t\t\t<\/div>\n\t\t\t\t<\/div>\n\t\t<div class=\"elementor-element elementor-element-7e422b1 e-flex e-con-boxed e-con\" data-id=\"7e422b1\" data-element_type=\"container\" data-settings=\"{&quot;content_width&quot;:&quot;boxed&quot;}\">\n\t\t\t\t\t<div class=\"e-con-inner\">\n\t\t\t\t<div class=\"elementor-element elementor-element-fadce6c elementor-hidden-mobile elementor-widget elementor-widget-heading\" data-id=\"fadce6c\" data-element_type=\"widget\" data-widget_type=\"heading.default\">\n\t\t\t\t<div class=\"elementor-widget-container\">\n\t\t\t<h2 class=\"elementor-heading-title elementor-size-default\">Galleria<br>Marca Corona<\/h2>\t\t<\/div>\n\t\t\t\t<\/div>\n\t\t\t\t<div class=\"elementor-element elementor-element-53f645a elementor-widget elementor-widget-text-editor\" data-id=\"53f645a\" data-element_type=\"widget\" data-widget_type=\"text-editor.default\">\n\t\t\t\t<div class=\"elementor-widget-container\">\n\t\t\t<style>\/*! elementor - v3.14.0 - 26-06-2023 *\/\n.elementor-widget-text-editor.elementor-drop-cap-view-stacked .elementor-drop-cap{background-color:#69727d;color:#fff}.elementor-widget-text-editor.elementor-drop-cap-view-framed .elementor-drop-cap{color:#69727d;border:3px solid;background-color:transparent}.elementor-widget-text-editor:not(.elementor-drop-cap-view-default) .elementor-drop-cap{margin-top:8px}.elementor-widget-text-editor:not(.elementor-drop-cap-view-default) .elementor-drop-cap-letter{width:1em;height:1em}.elementor-widget-text-editor .elementor-drop-cap{float:left;text-align:center;line-height:1;font-size:50px}.elementor-widget-text-editor .elementor-drop-cap-letter{display:inline-block}<\/style>\t\t\t\t<p>La\u00a0Galleria Marca Corona\u00a0est bien plus qu\u2019<strong>un simple mus\u00e9e d\u2019entreprise<\/strong>\u00a0: c\u2019est un v\u00e9ritable voyage dans le district de la c\u00e9ramique de Sassuolo. De ses origines jusqu\u2019\u00e0 nos jours, nous trouvons ici une analyse approfondie de l\u2019\u00e9volution de la c\u00e9ramique, en concomitance avec la progression des coutumes et des exigences, dans un v\u00e9ritable voyage \u00e0 la d\u00e9couverte du savoir-faire et de l\u2019excellence Made in Italy.\u00a0<\/p>\t\t\t\t\t\t<\/div>\n\t\t\t\t<\/div>\n\t\t\t\t<div class=\"elementor-element elementor-element-969c7c3 elementor-widget elementor-widget-text-editor\" data-id=\"969c7c3\" data-element_type=\"widget\" data-widget_type=\"text-editor.default\">\n\t\t\t\t<div class=\"elementor-widget-container\">\n\t\t\t\t\t\t\t<p class=\"p1\"><strong>Depuis 2021, Galleria Marca Corona est devenue l\u2019associ\u00e9 unique de Museimpresa<\/strong> &#8211; Associazione Italiana Archivi e Musei d\u2019Impresa &#8211; une organisation italienne qui regroupe les mus\u00e9es de grandes, petites et moyennes entreprises et les soutient sur le territoire afin de sauvegarder la m\u00e9moire de l\u2019industrie italienne et mettre en valeur les t\u00e9moignages d\u2019une extraordinaire capacit\u00e9 de production, moteur de d\u00e9veloppement durable et pilier d\u2019une vaste culture \u00e9conomique, sociale et civile.<\/p>\t\t\t\t\t\t<\/div>\n\t\t\t\t<\/div>\n\t\t<div class=\"elementor-element elementor-element-55d391f e-flex e-con-boxed e-con\" data-id=\"55d391f\" data-element_type=\"container\" data-settings=\"{&quot;content_width&quot;:&quot;boxed&quot;}\">\n\t\t\t\t\t<div class=\"e-con-inner\">\n\t\t\t\t<div class=\"elementor-element elementor-element-adbe5d5 elementor-widget elementor-widget-heading\" data-id=\"adbe5d5\" data-element_type=\"widget\" data-widget_type=\"heading.default\">\n\t\t\t\t<div class=\"elementor-widget-container\">\n\t\t\t<div class=\"elementor-heading-title elementor-size-default\"><a href=\"\/fr\/galerie\/\">en savoir plus<\/a><\/div>\t\t<\/div>\n\t\t\t\t<\/div>\n\t\t\t\t<div class=\"elementor-element elementor-element-1298fbd elementor-widget elementor-widget-heading\" data-id=\"1298fbd\" data-element_type=\"widget\" data-widget_type=\"heading.default\">\n\t\t\t\t<div class=\"elementor-widget-container\">\n\t\t\t<div class=\"elementor-heading-title elementor-size-default\"><a href=\"\/fr\/reserver-une-visite\/\">r\u00e9server une visite<\/a><\/div>\t\t<\/div>\n\t\t\t\t<\/div>\n\t\t\t\t\t<\/div>\n\t\t\t\t<\/div>\n\t\t\t\t\t<\/div>\n\t\t\t\t<\/div>\n\t\t\t\t\t<\/div>\n\t\t\t\t<\/div>\n\t\t\t\t\t<\/div>\n\t\t\t\t<\/div>\n\t\t<div class=\"elementor-element elementor-element-04b5e05 e-con-full e-flex e-con\" data-id=\"04b5e05\" data-element_type=\"container\" data-settings=\"{&quot;content_width&quot;:&quot;full&quot;}\">\n\t\t<div class=\"elementor-element elementor-element-3aff2be e-flex e-con-boxed e-con\" data-id=\"3aff2be\" data-element_type=\"container\" data-settings=\"{&quot;background_background&quot;:&quot;classic&quot;,&quot;content_width&quot;:&quot;boxed&quot;}\">\n\t\t\t\t\t<div class=\"e-con-inner\">\n\t\t<div class=\"elementor-element elementor-element-392b340 e-flex e-con-boxed e-con\" data-id=\"392b340\" data-element_type=\"container\" data-settings=\"{&quot;content_width&quot;:&quot;boxed&quot;}\">\n\t\t\t\t\t<div class=\"e-con-inner\">\n\t\t\t\t<div class=\"elementor-element elementor-element-d2fb37a elementor-widget elementor-widget-image\" data-id=\"d2fb37a\" data-element_type=\"widget\" data-widget_type=\"image.default\">\n\t\t\t\t<div class=\"elementor-widget-container\">\n\t\t\t<style>\/*! elementor - v3.14.0 - 26-06-2023 *\/\n.elementor-widget-image{text-align:center}.elementor-widget-image a{display:inline-block}.elementor-widget-image a img[src$=\".svg\"]{width:48px}.elementor-widget-image img{vertical-align:middle;display:inline-block}<\/style>\t\t\t\t\t\t\t\t\t\t\t\t<img decoding=\"async\" width=\"3333\" height=\"1482\" src=\"https:\/\/www.galleriamarcacorona.com\/wp-content\/uploads\/2023\/07\/mc-arte-logo-bn.png\" class=\"attachment-full size-full wp-image-3664\" alt=\"\" loading=\"lazy\" srcset=\"https:\/\/www.galleriamarcacorona.com\/wp-content\/uploads\/2023\/07\/mc-arte-logo-bn.png 3333w, https:\/\/www.galleriamarcacorona.com\/wp-content\/uploads\/2023\/07\/mc-arte-logo-bn-300x133.png 300w, https:\/\/www.galleriamarcacorona.com\/wp-content\/uploads\/2023\/07\/mc-arte-logo-bn-1024x455.png 1024w, https:\/\/www.galleriamarcacorona.com\/wp-content\/uploads\/2023\/07\/mc-arte-logo-bn-768x341.png 768w, https:\/\/www.galleriamarcacorona.com\/wp-content\/uploads\/2023\/07\/mc-arte-logo-bn-1536x683.png 1536w, https:\/\/www.galleriamarcacorona.com\/wp-content\/uploads\/2023\/07\/mc-arte-logo-bn-2048x911.png 2048w\" sizes=\"(max-width: 3333px) 100vw, 3333px\" \/>\t\t\t\t\t\t\t\t\t\t\t\t\t\t\t<\/div>\n\t\t\t\t<\/div>\n\t\t\t\t\t<\/div>\n\t\t\t\t<\/div>\n\t\t<div class=\"elementor-element elementor-element-367cc5b e-flex e-con-boxed e-con\" data-id=\"367cc5b\" data-element_type=\"container\" data-settings=\"{&quot;content_width&quot;:&quot;boxed&quot;}\">\n\t\t\t\t\t<div class=\"e-con-inner\">\n\t\t\t\t<div class=\"elementor-element elementor-element-4ff7d75 elementor-widget elementor-widget-text-editor\" data-id=\"4ff7d75\" data-element_type=\"widget\" data-widget_type=\"text-editor.default\">\n\t\t\t\t<div class=\"elementor-widget-container\">\n\t\t\t\t\t\t\t<p>Le parcours d\u2019art contemporain entrepris par Marca Corona s\u2019inscrit dans l\u2019histoire d\u2019une r\u00e9gion qui a consacr\u00e9 \u00e0 la fois la fortune et la vocation d\u2019un territoire.<\/p>\n<p><b>Marca Corona per l&#8217;Arte<\/b> (Marca Corona pour l\u2019Art) est un parcours artistique partag\u00e9, qui confie chaque ann\u00e9e \u00e0 un <b>artiste<\/b> reconnu l\u2019interpr\u00e9tation des valeurs de l\u2019entreprise qui, en collaboration avec ses salari\u00e9s, devient une \u0153uvre d\u2019art itin\u00e9rante.<\/p>\n\t\t\t\t\t\t<\/div>\n\t\t\t\t<\/div>\n\t\t<div class=\"elementor-element elementor-element-0e147ee e-flex e-con-boxed e-con\" data-id=\"0e147ee\" data-element_type=\"container\" data-settings=\"{&quot;content_width&quot;:&quot;boxed&quot;}\">\n\t\t\t\t\t<div class=\"e-con-inner\">\n\t\t\t\t<div class=\"elementor-element elementor-element-938393a elementor-widget elementor-widget-heading\" data-id=\"938393a\" data-element_type=\"widget\" data-widget_type=\"heading.default\">\n\t\t\t\t<div class=\"elementor-widget-container\">\n\t\t\t<div class=\"elementor-heading-title elementor-size-default\"><a href=\"\/fr\/marca-corona-pour-lart\/\">le projet<\/a><\/div>\t\t<\/div>\n\t\t\t\t<\/div>\n\t\t\t\t\t<\/div>\n\t\t\t\t<\/div>\n\t\t\t\t\t<\/div>\n\t\t\t\t<\/div>\n\t\t\t\t\t<\/div>\n\t\t\t\t<\/div>\n\t\t\t\t<\/div>\n\t\t<div class=\"elementor-element elementor-element-3acfb8a e-flex e-con-boxed e-con\" data-id=\"3acfb8a\" data-element_type=\"container\" data-settings=\"{&quot;content_width&quot;:&quot;boxed&quot;}\">\n\t\t\t\t\t<div class=\"e-con-inner\">\n\t\t\t\t<div class=\"elementor-element elementor-element-da38942 elementor-hidden-mobile elementor-widget elementor-widget-image\" data-id=\"da38942\" data-element_type=\"widget\" data-widget_type=\"image.default\">\n\t\t\t\t<div class=\"elementor-widget-container\">\n\t\t\t\t\t\t\t\t\t\t\t\t\t\t\t\t<a href=\"https:\/\/www.galleriamarcacorona.com\/fr\/prix-marca-corona-2025-2026\/\">\n\t\t\t\t\t\t\t<img decoding=\"async\" width=\"1600\" height=\"373\" src=\"https:\/\/www.galleriamarcacorona.com\/wp-content\/uploads\/2025\/10\/BANNER-HOME-EN-AWARD.jpg\" class=\"attachment-full size-full wp-image-12623\" alt=\"\" loading=\"lazy\" srcset=\"https:\/\/www.galleriamarcacorona.com\/wp-content\/uploads\/2025\/10\/BANNER-HOME-EN-AWARD.jpg 1600w, https:\/\/www.galleriamarcacorona.com\/wp-content\/uploads\/2025\/10\/BANNER-HOME-EN-AWARD-300x70.jpg 300w, https:\/\/www.galleriamarcacorona.com\/wp-content\/uploads\/2025\/10\/BANNER-HOME-EN-AWARD-1024x239.jpg 1024w, https:\/\/www.galleriamarcacorona.com\/wp-content\/uploads\/2025\/10\/BANNER-HOME-EN-AWARD-768x179.jpg 768w, https:\/\/www.galleriamarcacorona.com\/wp-content\/uploads\/2025\/10\/BANNER-HOME-EN-AWARD-1536x358.jpg 1536w\" sizes=\"(max-width: 1600px) 100vw, 1600px\" \/>\t\t\t\t\t\t\t\t<\/a>\n\t\t\t\t\t\t\t\t\t\t\t\t\t\t\t<\/div>\n\t\t\t\t<\/div>\n\t\t\t\t<div class=\"elementor-element elementor-element-d638d7a elementor-hidden-desktop elementor-hidden-tablet elementor-widget elementor-widget-image\" data-id=\"d638d7a\" data-element_type=\"widget\" data-widget_type=\"image.default\">\n\t\t\t\t<div class=\"elementor-widget-container\">\n\t\t\t\t\t\t\t\t\t\t\t\t\t\t\t\t<a href=\"https:\/\/www.galleriamarcacorona.com\/fr\/prix-marca-corona-2025-2026\/\">\n\t\t\t\t\t\t\t<img decoding=\"async\" width=\"621\" height=\"520\" src=\"https:\/\/www.galleriamarcacorona.com\/wp-content\/uploads\/2025\/10\/HOME-MOBILE-PREMIO-EN.jpg\" class=\"attachment-full size-full wp-image-12629\" alt=\"\" loading=\"lazy\" srcset=\"https:\/\/www.galleriamarcacorona.com\/wp-content\/uploads\/2025\/10\/HOME-MOBILE-PREMIO-EN.jpg 621w, https:\/\/www.galleriamarcacorona.com\/wp-content\/uploads\/2025\/10\/HOME-MOBILE-PREMIO-EN-300x251.jpg 300w\" sizes=\"(max-width: 621px) 100vw, 621px\" \/>\t\t\t\t\t\t\t\t<\/a>\n\t\t\t\t\t\t\t\t\t\t\t\t\t\t\t<\/div>\n\t\t\t\t<\/div>\n\t\t\t\t\t<\/div>\n\t\t\t\t<\/div>\n\t\t<div class=\"elementor-element elementor-element-aeec13a e-flex e-con-boxed e-con\" data-id=\"aeec13a\" data-element_type=\"container\" data-settings=\"{&quot;background_background&quot;:&quot;classic&quot;,&quot;content_width&quot;:&quot;boxed&quot;}\">\n\t\t\t\t\t<div class=\"e-con-inner\">\n\t\t<div class=\"elementor-element elementor-element-9e432f6 e-flex e-con-boxed e-con\" data-id=\"9e432f6\" data-element_type=\"container\" data-settings=\"{&quot;content_width&quot;:&quot;boxed&quot;}\">\n\t\t\t\t\t<div class=\"e-con-inner\">\n\t\t<div class=\"elementor-element elementor-element-46567ee e-flex e-con-boxed e-con\" data-id=\"46567ee\" data-element_type=\"container\" data-settings=\"{&quot;content_width&quot;:&quot;boxed&quot;}\">\n\t\t\t\t\t<div class=\"e-con-inner\">\n\t\t\t\t<div class=\"elementor-element elementor-element-d96b680 elementor-widget elementor-widget-image\" data-id=\"d96b680\" data-element_type=\"widget\" data-widget_type=\"image.default\">\n\t\t\t\t<div class=\"elementor-widget-container\">\n\t\t\t\t\t\t\t\t\t\t\t\t\t\t\t\t<a href=\"https:\/\/www.galleriamarcacorona.com\/fr\/pino-deodato-ricamare\/\">\n\t\t\t\t\t\t\t<img decoding=\"async\" width=\"3200\" height=\"1464\" src=\"https:\/\/www.galleriamarcacorona.com\/wp-content\/uploads\/2023\/10\/mc-arte-logo-rgb-3200px-1.png\" class=\"attachment-full size-full wp-image-5603\" alt=\"\" loading=\"lazy\" srcset=\"https:\/\/www.galleriamarcacorona.com\/wp-content\/uploads\/2023\/10\/mc-arte-logo-rgb-3200px-1.png 3200w, https:\/\/www.galleriamarcacorona.com\/wp-content\/uploads\/2023\/10\/mc-arte-logo-rgb-3200px-1-300x137.png 300w, https:\/\/www.galleriamarcacorona.com\/wp-content\/uploads\/2023\/10\/mc-arte-logo-rgb-3200px-1-1024x468.png 1024w, https:\/\/www.galleriamarcacorona.com\/wp-content\/uploads\/2023\/10\/mc-arte-logo-rgb-3200px-1-768x351.png 768w, https:\/\/www.galleriamarcacorona.com\/wp-content\/uploads\/2023\/10\/mc-arte-logo-rgb-3200px-1-1536x703.png 1536w, https:\/\/www.galleriamarcacorona.com\/wp-content\/uploads\/2023\/10\/mc-arte-logo-rgb-3200px-1-2048x937.png 2048w\" sizes=\"(max-width: 3200px) 100vw, 3200px\" \/>\t\t\t\t\t\t\t\t<\/a>\n\t\t\t\t\t\t\t\t\t\t\t\t\t\t\t<\/div>\n\t\t\t\t<\/div>\n\t\t\t\t<div class=\"elementor-element elementor-element-a06bea7 elementor-widget elementor-widget-heading\" data-id=\"a06bea7\" data-element_type=\"widget\" data-widget_type=\"heading.default\">\n\t\t\t\t<div class=\"elementor-widget-container\">\n\t\t\t<h2 class=\"elementor-heading-title elementor-size-default\">Pino Deodato<br>\nricAMARE<br>\npour Marca Corona<\/h2>\t\t<\/div>\n\t\t\t\t<\/div>\n\t\t\t\t<div class=\"elementor-element elementor-element-64e8103 elementor-hidden-desktop elementor-hidden-tablet elementor-widget elementor-widget-image\" data-id=\"64e8103\" data-element_type=\"widget\" data-widget_type=\"image.default\">\n\t\t\t\t<div class=\"elementor-widget-container\">\n\t\t\t\t\t\t\t\t\t\t\t\t\t\t\t<img decoding=\"async\" width=\"975\" height=\"824\" src=\"https:\/\/www.galleriamarcacorona.com\/wp-content\/uploads\/2025\/09\/deodato-c.png\" class=\"attachment-full size-full wp-image-11359\" alt=\"\" loading=\"lazy\" srcset=\"https:\/\/www.galleriamarcacorona.com\/wp-content\/uploads\/2025\/09\/deodato-c.png 975w, https:\/\/www.galleriamarcacorona.com\/wp-content\/uploads\/2025\/09\/deodato-c-300x254.png 300w, https:\/\/www.galleriamarcacorona.com\/wp-content\/uploads\/2025\/09\/deodato-c-768x649.png 768w\" sizes=\"(max-width: 975px) 100vw, 975px\" \/>\t\t\t\t\t\t\t\t\t\t\t\t\t\t\t<\/div>\n\t\t\t\t<\/div>\n\t\t\t\t<div class=\"elementor-element elementor-element-93f580a elementor-widget elementor-widget-text-editor\" data-id=\"93f580a\" data-element_type=\"widget\" data-widget_type=\"text-editor.default\">\n\t\t\t\t<div class=\"elementor-widget-container\">\n\t\t\t\t\t\t\t<p>Pour la quatri\u00e8me \u00e9dition de\u00a0<em>Marca Corona per l\u2019Arte<\/em>, Pino Deodato a con\u00e7u\u00a0<em><strong>ricAMARE<\/strong>. Il ricamo \u00e8 un gesto d\u2019amore\u00a0<\/em>, une \u0153uvre sp\u00e9cifique au site qui associe tradition, innovation et identit\u00e9. L\u2019artiste a r\u00e9interpr\u00e9t\u00e9 le geste lent et m\u00e9ditatif de la broderie \u2013\u00a0<strong>symbole \u00e9ternel de soin et de d\u00e9vouement<\/strong>\u00a0\u2013 dans le langage de la terre cuite.\u00a0<\/p>\t\t\t\t\t\t<\/div>\n\t\t\t\t<\/div>\n\t\t<div class=\"elementor-element elementor-element-aa8a22b e-flex e-con-boxed e-con\" data-id=\"aa8a22b\" data-element_type=\"container\" data-settings=\"{&quot;content_width&quot;:&quot;boxed&quot;}\">\n\t\t\t\t\t<div class=\"e-con-inner\">\n\t\t\t\t<div class=\"elementor-element elementor-element-dee10bc elementor-widget elementor-widget-heading\" data-id=\"dee10bc\" data-element_type=\"widget\" data-widget_type=\"heading.default\">\n\t\t\t\t<div class=\"elementor-widget-container\">\n\t\t\t<div class=\"elementor-heading-title elementor-size-default\"><a href=\"https:\/\/www.galleriamarcacorona.com\/fr\/pino-deodato-ricamare\/\">en savoir plus<\/a><\/div>\t\t<\/div>\n\t\t\t\t<\/div>\n\t\t\t\t\t<\/div>\n\t\t\t\t<\/div>\n\t\t\t\t\t<\/div>\n\t\t\t\t<\/div>\n\t\t\t\t\t<\/div>\n\t\t\t\t<\/div>\n\t\t<div class=\"elementor-element elementor-element-40ee249 elementor-hidden-mobile e-flex e-con-boxed e-con\" data-id=\"40ee249\" data-element_type=\"container\" data-settings=\"{&quot;content_width&quot;:&quot;boxed&quot;}\">\n\t\t\t\t\t<div class=\"e-con-inner\">\n\t\t\t\t<div class=\"elementor-element elementor-element-959be80 elementor-widget elementor-widget-image\" data-id=\"959be80\" data-element_type=\"widget\" data-widget_type=\"image.default\">\n\t\t\t\t<div class=\"elementor-widget-container\">\n\t\t\t\t\t\t\t\t\t\t\t\t\t\t\t<img decoding=\"async\" width=\"975\" height=\"824\" src=\"https:\/\/www.galleriamarcacorona.com\/wp-content\/uploads\/2025\/09\/deodato-c.png\" class=\"attachment-full size-full wp-image-11359\" alt=\"\" loading=\"lazy\" srcset=\"https:\/\/www.galleriamarcacorona.com\/wp-content\/uploads\/2025\/09\/deodato-c.png 975w, https:\/\/www.galleriamarcacorona.com\/wp-content\/uploads\/2025\/09\/deodato-c-300x254.png 300w, https:\/\/www.galleriamarcacorona.com\/wp-content\/uploads\/2025\/09\/deodato-c-768x649.png 768w\" sizes=\"(max-width: 975px) 100vw, 975px\" \/>\t\t\t\t\t\t\t\t\t\t\t\t\t\t\t<\/div>\n\t\t\t\t<\/div>\n\t\t\t\t\t<\/div>\n\t\t\t\t<\/div>\n\t\t\t\t\t<\/div>\n\t\t\t\t<\/div>\n\t\t<div class=\"elementor-element elementor-element-baa1bc6 e-flex e-con-boxed e-con\" data-id=\"baa1bc6\" data-element_type=\"container\" data-settings=\"{&quot;content_width&quot;:&quot;boxed&quot;}\">\n\t\t\t\t\t<div class=\"e-con-inner\">\n\t\t<div class=\"elementor-element elementor-element-1e47330 e-con-full e-flex e-con\" data-id=\"1e47330\" data-element_type=\"container\" data-settings=\"{&quot;content_width&quot;:&quot;full&quot;}\">\n\t\t\t\t<div class=\"elementor-element elementor-element-90af1df elementor-widget elementor-widget-heading\" data-id=\"90af1df\" data-element_type=\"widget\" data-widget_type=\"heading.default\">\n\t\t\t\t<div class=\"elementor-widget-container\">\n\t\t\t<h2 class=\"elementor-heading-title elementor-size-default\"><a href=\"https:\/\/www.galleriamarcacorona.com\/fr\/news\/\">news<\/a><\/h2>\t\t<\/div>\n\t\t\t\t<\/div>\n\t\t\t\t<\/div>\n\t\t<div class=\"elementor-element elementor-element-2548e86 e-con-full elementor-hidden-mobile e-flex e-con\" data-id=\"2548e86\" data-element_type=\"container\" data-settings=\"{&quot;content_width&quot;:&quot;full&quot;}\">\n\t\t\t\t<div class=\"elementor-element elementor-element-edf6742 elementor-view-default elementor-widget elementor-widget-icon\" data-id=\"edf6742\" data-element_type=\"widget\" data-widget_type=\"icon.default\">\n\t\t\t\t<div class=\"elementor-widget-container\">\n\t\t\t\t\t<div class=\"elementor-icon-wrapper\">\n\t\t\t<div class=\"elementor-icon\">\n\t\t\t<i aria-hidden=\"true\" class=\"fas fa-pen-nib\"><\/i>\t\t\t<\/div>\n\t\t<\/div>\n\t\t\t\t<\/div>\n\t\t\t\t<\/div>\n\t\t\t\t<\/div>\n\t\t\t\t\t<\/div>\n\t\t\t\t<\/div>\n\t\t<div class=\"elementor-element elementor-element-21e96c7 e-flex e-con-boxed e-con\" data-id=\"21e96c7\" data-element_type=\"container\" data-settings=\"{&quot;content_width&quot;:&quot;boxed&quot;}\">\n\t\t\t\t\t<div class=\"e-con-inner\">\n\t\t<div class=\"elementor-element elementor-element-c2ac4c3 e-flex e-con-boxed e-con\" data-id=\"c2ac4c3\" data-element_type=\"container\" data-settings=\"{&quot;background_background&quot;:&quot;classic&quot;,&quot;content_width&quot;:&quot;boxed&quot;}\">\n\t\t\t\t\t<div class=\"e-con-inner\">\n\t\t\t\t<div class=\"e-add-querytype-post e-add-queryskin-carousel elementor-element elementor-element-7768f44 e-add-carousel-effect-slide e-add-carousel-direction-horizontal e-add-carousel-direction-horizontal e-add-posts-layout-default elementor-widget elementor-widget-e-query-posts\" data-id=\"7768f44\" data-element_type=\"widget\" data-settings=\"{&quot;carousel_slidesPerView&quot;:3,&quot;carousel_slidesPerView_mobile&quot;:1,&quot;carousel_grabCursor&quot;:&quot;yes&quot;,&quot;carousel_centeredSlides&quot;:&quot;yes&quot;,&quot;carousel_centeredSlidesBounds&quot;:&quot;yes&quot;,&quot;carousel_centerInsufficientSlides&quot;:&quot;yes&quot;,&quot;carousel_speed_slider&quot;:300,&quot;carousel_effects&quot;:&quot;slide&quot;,&quot;carousel_direction_slider&quot;:&quot;horizontal&quot;,&quot;carousel_usePagination&quot;:&quot;yes&quot;,&quot;carousel_pagination_type&quot;:&quot;bullets&quot;,&quot;carousel_bullets_style&quot;:&quot;default&quot;,&quot;carousel_direction_pagination&quot;:&quot;horizontal&quot;,&quot;carousel_spaceBetween&quot;:0,&quot;carousel_slidesOffsetBefore&quot;:0,&quot;carousel_slidesOffsetAfter&quot;:0,&quot;carousel_slidesPerColumnFill&quot;:&quot;row&quot;,&quot;carousel_allowTouchMove&quot;:&quot;yes&quot;}\" data-widget_type=\"e-query-posts.carousel\">\n\t\t\t\t<div class=\"elementor-widget-container\">\n\t\t\t        <div class=\"e-add-carousel-container\">        <div class=\"e-add-posts-container e-add-posts  swiper-container e-add-skin-carousel \">\r\n                        <div class=\"e-add-posts-wrapper swiper-wrapper e-add-wrapper-carousel \">\r\n                        <article class=\"e-add-querytype-post e-add-post e-add-post-item e-add-post-item-7768f44 swiper-slide e-add-item-carousel post-13330 post type-post status-publish format-standard has-post-thumbnail hentry category-non-classifiee\" data-post-id=\"13330\" data-index=\"0\">\r\n                        <div class=\"e-add-post-block e-add-post-block-0\">\r\n                <div class=\" e-add-item e-add-item_template elementor-repeater-item-5d14112\" data-item-id=\"5d14112\">\t\t<div data-elementor-type=\"section\" data-post-id=\"13330\" data-obj-id=\"13330\" data-elementor-id=\"347\" class=\"elementor elementor-347 e-post-13330\" data-elementor-post-type=\"elementor_library\">\n\t\t\t\t\t\t<div class=\"elementor-element elementor-element-f80cace e-flex e-con-boxed e-con\" data-id=\"f80cace\" data-element_type=\"container\" data-settings=\"{&quot;content_width&quot;:&quot;boxed&quot;}\">\n\t\t\t\t\t<div class=\"e-con-inner\">\n\t\t\t\t<div class=\"elementor-element elementor-element-528566f elementor-widget elementor-widget-theme-post-featured-image elementor-widget-image\" data-id=\"528566f\" data-element_type=\"widget\" data-widget_type=\"theme-post-featured-image.default\">\n\t\t\t\t<div class=\"elementor-widget-container\">\n\t\t\t\t\t\t\t\t\t\t\t\t\t\t\t\t<a href=\"https:\/\/www.galleriamarcacorona.com\/fr\/retrospective-dart-city-bologna-2026-notre-recit-de-ce-week-end-dart-entre-rencontres-expositions-et-installations\/\">\n\t\t\t\t\t\t\t<img decoding=\"async\" width=\"1024\" height=\"630\" src=\"https:\/\/www.galleriamarcacorona.com\/wp-content\/uploads\/2026\/02\/Art_City_Bologna_2026-1024x630.jpg\" class=\"attachment-large size-large wp-image-13236\" alt=\"\" loading=\"lazy\" srcset=\"https:\/\/www.galleriamarcacorona.com\/wp-content\/uploads\/2026\/02\/Art_City_Bologna_2026-1024x630.jpg 1024w, https:\/\/www.galleriamarcacorona.com\/wp-content\/uploads\/2026\/02\/Art_City_Bologna_2026-300x185.jpg 300w, https:\/\/www.galleriamarcacorona.com\/wp-content\/uploads\/2026\/02\/Art_City_Bologna_2026-768x473.jpg 768w, https:\/\/www.galleriamarcacorona.com\/wp-content\/uploads\/2026\/02\/Art_City_Bologna_2026.jpg 1300w\" sizes=\"(max-width: 1024px) 100vw, 1024px\" \/>\t\t\t\t\t\t\t\t<\/a>\n\t\t\t\t\t\t\t\t\t\t\t\t\t\t\t<\/div>\n\t\t\t\t<\/div>\n\t\t\t\t<div class=\"elementor-element elementor-element-2199051 elementor-widget elementor-widget-theme-post-title elementor-page-title elementor-widget-heading\" data-id=\"2199051\" data-element_type=\"widget\" data-widget_type=\"theme-post-title.default\">\n\t\t\t\t<div class=\"elementor-widget-container\">\n\t\t\t<h3 class=\"elementor-heading-title elementor-size-default\"><a href=\"https:\/\/www.galleriamarcacorona.com\/fr\/retrospective-dart-city-bologna-2026-notre-recit-de-ce-week-end-dart-entre-rencontres-expositions-et-installations\/\">Marca Corona \u00e0 Art City Bologna 2026. Tempsforts et r\u00e9citdes\u00e9v\u00e9nementsau Teatro San Leonardo : la conf\u00e9rence\u00ab Letemps de se retrouver \u00bb, le Premio Marca Corona et l\u2019exposition de Pino Deodato<\/a><\/h3>\t\t<\/div>\n\t\t\t\t<\/div>\n\t\t\t\t<div class=\"elementor-element elementor-element-2b5bf4b elementor-widget elementor-widget-text-editor\" data-id=\"2b5bf4b\" data-element_type=\"widget\" data-widget_type=\"text-editor.default\">\n\t\t\t\t<div class=\"elementor-widget-container\">\n\t\t\t\t\t\t\tTous les moments des trois jours de Marca Corona \u00e0 Art City Bologna 2026. Revenons ensemble sur les \u00e9v\u00e9nements qui ont fait partie de notre programme d\u2019initiatives d\u00e9di\u00e9es \u00e0 l\u2019architecture, \u00e0 la sculpture et aux talents \u00e9mergents.\t\t\t\t\t\t<\/div>\n\t\t\t\t<\/div>\n\t\t\t\t\t<\/div>\n\t\t\t\t<\/div>\n\t\t\t\t\t\t<\/div>\n\t\t<\/div>            <\/div>\r\n                    <\/article>\r\n                <article class=\"e-add-querytype-post e-add-post e-add-post-item e-add-post-item-7768f44 swiper-slide e-add-item-carousel post-13179 post type-post status-publish format-standard has-post-thumbnail hentry category-non-classifiee\" data-post-id=\"13179\" data-index=\"1\">\r\n                        <div class=\"e-add-post-block e-add-post-block-1\">\r\n                <div class=\" e-add-item e-add-item_template elementor-repeater-item-5d14112\" data-item-id=\"5d14112\">\t\t<div data-elementor-type=\"section\" data-post-id=\"13179\" data-obj-id=\"13179\" data-elementor-id=\"347\" class=\"elementor elementor-347 e-post-13179\" data-elementor-post-type=\"elementor_library\">\n\t\t\t\t\t\t<div class=\"elementor-element elementor-element-f80cace e-flex e-con-boxed e-con\" data-id=\"f80cace\" data-element_type=\"container\" data-settings=\"{&quot;content_width&quot;:&quot;boxed&quot;}\">\n\t\t\t\t\t<div class=\"e-con-inner\">\n\t\t\t\t<div class=\"elementor-element elementor-element-528566f elementor-widget elementor-widget-theme-post-featured-image elementor-widget-image\" data-id=\"528566f\" data-element_type=\"widget\" data-widget_type=\"theme-post-featured-image.default\">\n\t\t\t\t<div class=\"elementor-widget-container\">\n\t\t\t\t\t\t\t\t\t\t\t\t\t\t\t\t<a href=\"https:\/\/www.galleriamarcacorona.com\/fr\/art-city-bologna-2026-quoi-voir-et-programme-des-evenements-de-marca-corona-per-larte-au-theatre-s-leonardo\/\">\n\t\t\t\t\t\t\t<img decoding=\"async\" width=\"1024\" height=\"630\" src=\"https:\/\/www.galleriamarcacorona.com\/wp-content\/uploads\/2026\/01\/MCARTE_ART_CITY_BANNER_1300X800-1024x630.jpg\" class=\"attachment-large size-large wp-image-13070\" alt=\"\" loading=\"lazy\" srcset=\"https:\/\/www.galleriamarcacorona.com\/wp-content\/uploads\/2026\/01\/MCARTE_ART_CITY_BANNER_1300X800-1024x630.jpg 1024w, https:\/\/www.galleriamarcacorona.com\/wp-content\/uploads\/2026\/01\/MCARTE_ART_CITY_BANNER_1300X800-300x185.jpg 300w, https:\/\/www.galleriamarcacorona.com\/wp-content\/uploads\/2026\/01\/MCARTE_ART_CITY_BANNER_1300X800-768x473.jpg 768w, https:\/\/www.galleriamarcacorona.com\/wp-content\/uploads\/2026\/01\/MCARTE_ART_CITY_BANNER_1300X800.jpg 1300w\" sizes=\"(max-width: 1024px) 100vw, 1024px\" \/>\t\t\t\t\t\t\t\t<\/a>\n\t\t\t\t\t\t\t\t\t\t\t\t\t\t\t<\/div>\n\t\t\t\t<\/div>\n\t\t\t\t<div class=\"elementor-element elementor-element-2199051 elementor-widget elementor-widget-theme-post-title elementor-page-title elementor-widget-heading\" data-id=\"2199051\" data-element_type=\"widget\" data-widget_type=\"theme-post-title.default\">\n\t\t\t\t<div class=\"elementor-widget-container\">\n\t\t\t<h3 class=\"elementor-heading-title elementor-size-default\"><a href=\"https:\/\/www.galleriamarcacorona.com\/fr\/art-city-bologna-2026-quoi-voir-et-programme-des-evenements-de-marca-corona-per-larte-au-theatre-s-leonardo\/\">Art City Bologna 2026. Quoi voir et programme des \u00e9v\u00e9nements de Marca Corona per l\u2019Arte au Th\u00e9\u00e2tre S. Leonardo<\/a><\/h3>\t\t<\/div>\n\t\t\t\t<\/div>\n\t\t\t\t<div class=\"elementor-element elementor-element-2b5bf4b elementor-widget elementor-widget-text-editor\" data-id=\"2b5bf4b\" data-element_type=\"widget\" data-widget_type=\"text-editor.default\">\n\t\t\t\t<div class=\"elementor-widget-container\">\n\t\t\t\t\t\t\tLe rendez-vous avec Art City Bologna et les initiatives de Marca Corona per l\u2019Arte d\u00e9di\u00e9es au design, \u00e0 l\u2019architecture et \u00e0 la sculpture contemporaine sont de retour. Voici le programme complet de nos \u00e9v\u00e9nements pour cette \u00e9dition 2026.\t\t\t\t\t\t<\/div>\n\t\t\t\t<\/div>\n\t\t\t\t\t<\/div>\n\t\t\t\t<\/div>\n\t\t\t\t\t\t<\/div>\n\t\t<\/div>            <\/div>\r\n                    <\/article>\r\n                <article class=\"e-add-querytype-post e-add-post e-add-post-item e-add-post-item-7768f44 swiper-slide e-add-item-carousel post-11415 post type-post status-publish format-standard has-post-thumbnail hentry category-non-classifiee\" data-post-id=\"11415\" data-index=\"2\">\r\n                        <div class=\"e-add-post-block e-add-post-block-2\">\r\n                <div class=\" e-add-item e-add-item_template elementor-repeater-item-5d14112\" data-item-id=\"5d14112\">\t\t<div data-elementor-type=\"section\" data-post-id=\"11415\" data-obj-id=\"11415\" data-elementor-id=\"347\" class=\"elementor elementor-347 e-post-11415\" data-elementor-post-type=\"elementor_library\">\n\t\t\t\t\t\t<div class=\"elementor-element elementor-element-f80cace e-flex e-con-boxed e-con\" data-id=\"f80cace\" data-element_type=\"container\" data-settings=\"{&quot;content_width&quot;:&quot;boxed&quot;}\">\n\t\t\t\t\t<div class=\"e-con-inner\">\n\t\t\t\t<div class=\"elementor-element elementor-element-528566f elementor-widget elementor-widget-theme-post-featured-image elementor-widget-image\" data-id=\"528566f\" data-element_type=\"widget\" data-widget_type=\"theme-post-featured-image.default\">\n\t\t\t\t<div class=\"elementor-widget-container\">\n\t\t\t\t\t\t\t\t\t\t\t\t\t\t\t\t<a href=\"https:\/\/www.galleriamarcacorona.com\/fr\/la-nouvelle-exposition-dandrea-mastrovito-au-palais-ducal-de-sassuolo-ouvre-ses-portes-en-concomitance-avec-le-festival-filosofia-2025\/\">\n\t\t\t\t\t\t\t<img decoding=\"async\" width=\"1024\" height=\"630\" src=\"https:\/\/www.galleriamarcacorona.com\/wp-content\/uploads\/2025\/09\/MCARTE_MASTROVITO_MOSTRA_BANNER_1300X800-1024x630.jpg\" class=\"attachment-large size-large wp-image-10894\" alt=\"\" loading=\"lazy\" srcset=\"https:\/\/www.galleriamarcacorona.com\/wp-content\/uploads\/2025\/09\/MCARTE_MASTROVITO_MOSTRA_BANNER_1300X800-1024x630.jpg 1024w, https:\/\/www.galleriamarcacorona.com\/wp-content\/uploads\/2025\/09\/MCARTE_MASTROVITO_MOSTRA_BANNER_1300X800-300x185.jpg 300w, https:\/\/www.galleriamarcacorona.com\/wp-content\/uploads\/2025\/09\/MCARTE_MASTROVITO_MOSTRA_BANNER_1300X800-768x473.jpg 768w, https:\/\/www.galleriamarcacorona.com\/wp-content\/uploads\/2025\/09\/MCARTE_MASTROVITO_MOSTRA_BANNER_1300X800.jpg 1300w\" sizes=\"(max-width: 1024px) 100vw, 1024px\" \/>\t\t\t\t\t\t\t\t<\/a>\n\t\t\t\t\t\t\t\t\t\t\t\t\t\t\t<\/div>\n\t\t\t\t<\/div>\n\t\t\t\t<div class=\"elementor-element elementor-element-2199051 elementor-widget elementor-widget-theme-post-title elementor-page-title elementor-widget-heading\" data-id=\"2199051\" data-element_type=\"widget\" data-widget_type=\"theme-post-title.default\">\n\t\t\t\t<div class=\"elementor-widget-container\">\n\t\t\t<h3 class=\"elementor-heading-title elementor-size-default\"><a href=\"https:\/\/www.galleriamarcacorona.com\/fr\/la-nouvelle-exposition-dandrea-mastrovito-au-palais-ducal-de-sassuolo-ouvre-ses-portes-en-concomitance-avec-le-festival-filosofia-2025\/\">La nouvelle exposition d\u2019Andrea Mastrovito au Palais Ducal de Sassuolo ouvre ses portes en concomitance avec le Festival Filosofia 2025<\/a><\/h3>\t\t<\/div>\n\t\t\t\t<\/div>\n\t\t\t\t<div class=\"elementor-element elementor-element-2b5bf4b elementor-widget elementor-widget-text-editor\" data-id=\"2b5bf4b\" data-element_type=\"widget\" data-widget_type=\"text-editor.default\">\n\t\t\t\t<div class=\"elementor-widget-container\">\n\t\t\t\t\t\t\tArtiste et peintre de renomm\u00e9e mondiale, Andrea Mastrovito a \u00e9t\u00e9 choisi pour r\u00e9aliser l\u2019Agnus Dei de la Sagrada Familia de Barcelone. \u00c0 partir du 19 septembre, venez d\u00e9couvrir les \u0153uvres de cet auteur, expos\u00e9es au Palais Ducal de Sassuolo.\t\t\t\t\t\t<\/div>\n\t\t\t\t<\/div>\n\t\t\t\t\t<\/div>\n\t\t\t\t<\/div>\n\t\t\t\t\t\t<\/div>\n\t\t<\/div>            <\/div>\r\n                    <\/article>\r\n                <article class=\"e-add-querytype-post e-add-post e-add-post-item e-add-post-item-7768f44 swiper-slide e-add-item-carousel post-10269 post type-post status-publish format-standard has-post-thumbnail hentry category-non-classifiee\" data-post-id=\"10269\" data-index=\"3\">\r\n                        <div class=\"e-add-post-block e-add-post-block-3\">\r\n                <div class=\" e-add-item e-add-item_template elementor-repeater-item-5d14112\" data-item-id=\"5d14112\">\t\t<div data-elementor-type=\"section\" data-post-id=\"10269\" data-obj-id=\"10269\" data-elementor-id=\"347\" class=\"elementor elementor-347 e-post-10269\" data-elementor-post-type=\"elementor_library\">\n\t\t\t\t\t\t<div class=\"elementor-element elementor-element-f80cace e-flex e-con-boxed e-con\" data-id=\"f80cace\" data-element_type=\"container\" data-settings=\"{&quot;content_width&quot;:&quot;boxed&quot;}\">\n\t\t\t\t\t<div class=\"e-con-inner\">\n\t\t\t\t<div class=\"elementor-element elementor-element-528566f elementor-widget elementor-widget-theme-post-featured-image elementor-widget-image\" data-id=\"528566f\" data-element_type=\"widget\" data-widget_type=\"theme-post-featured-image.default\">\n\t\t\t\t<div class=\"elementor-widget-container\">\n\t\t\t\t\t\t\t\t\t\t\t\t\t\t\t\t<a href=\"https:\/\/www.galleriamarcacorona.com\/fr\/apres-art-city-2025-bologna-les-moments-forts-de-cette-edition-avec-marca-corona-per-larte\/\">\n\t\t\t\t\t\t\t<img decoding=\"async\" width=\"1024\" height=\"630\" src=\"https:\/\/www.galleriamarcacorona.com\/wp-content\/uploads\/2025\/02\/Dopo-Art-City-2025-Bologna_banner-1024x630.jpg\" class=\"attachment-large size-large wp-image-10455\" alt=\"\" loading=\"lazy\" srcset=\"https:\/\/www.galleriamarcacorona.com\/wp-content\/uploads\/2025\/02\/Dopo-Art-City-2025-Bologna_banner-1024x630.jpg 1024w, https:\/\/www.galleriamarcacorona.com\/wp-content\/uploads\/2025\/02\/Dopo-Art-City-2025-Bologna_banner-300x185.jpg 300w, https:\/\/www.galleriamarcacorona.com\/wp-content\/uploads\/2025\/02\/Dopo-Art-City-2025-Bologna_banner-768x473.jpg 768w, https:\/\/www.galleriamarcacorona.com\/wp-content\/uploads\/2025\/02\/Dopo-Art-City-2025-Bologna_banner.jpg 1300w\" sizes=\"(max-width: 1024px) 100vw, 1024px\" \/>\t\t\t\t\t\t\t\t<\/a>\n\t\t\t\t\t\t\t\t\t\t\t\t\t\t\t<\/div>\n\t\t\t\t<\/div>\n\t\t\t\t<div class=\"elementor-element elementor-element-2199051 elementor-widget elementor-widget-theme-post-title elementor-page-title elementor-widget-heading\" data-id=\"2199051\" data-element_type=\"widget\" data-widget_type=\"theme-post-title.default\">\n\t\t\t\t<div class=\"elementor-widget-container\">\n\t\t\t<h3 class=\"elementor-heading-title elementor-size-default\"><a href=\"https:\/\/www.galleriamarcacorona.com\/fr\/apres-art-city-2025-bologna-les-moments-forts-de-cette-edition-avec-marca-corona-per-larte\/\">Apr\u00e8s Art City 2025 Bologna. Les moments forts de cette \u00e9dition avec Marca Corona per l\u2019Arte<\/a><\/h3>\t\t<\/div>\n\t\t\t\t<\/div>\n\t\t\t\t<div class=\"elementor-element elementor-element-2b5bf4b elementor-widget elementor-widget-text-editor\" data-id=\"2b5bf4b\" data-element_type=\"widget\" data-widget_type=\"text-editor.default\">\n\t\t\t\t<div class=\"elementor-widget-container\">\n\t\t\t\t\t\t\tRevivons le week-end d\u2019Art City Bologna 2025 et Art City White Night 2025 avec les photos les plus \u00e9mouvantes de nos \u00e9v\u00e9nements de vendredi, samedi et dimanche.\t\t\t\t\t\t<\/div>\n\t\t\t\t<\/div>\n\t\t\t\t\t<\/div>\n\t\t\t\t<\/div>\n\t\t\t\t\t\t<\/div>\n\t\t<\/div>            <\/div>\r\n                    <\/article>\r\n                <article class=\"e-add-querytype-post e-add-post e-add-post-item e-add-post-item-7768f44 swiper-slide e-add-item-carousel post-9863 post type-post status-publish format-standard has-post-thumbnail hentry category-non-classifiee\" data-post-id=\"9863\" data-index=\"4\">\r\n                        <div class=\"e-add-post-block e-add-post-block-4\">\r\n                <div class=\" e-add-item e-add-item_template elementor-repeater-item-5d14112\" data-item-id=\"5d14112\">\t\t<div data-elementor-type=\"section\" data-post-id=\"9863\" data-obj-id=\"9863\" data-elementor-id=\"347\" class=\"elementor elementor-347 e-post-9863\" data-elementor-post-type=\"elementor_library\">\n\t\t\t\t\t\t<div class=\"elementor-element elementor-element-f80cace e-flex e-con-boxed e-con\" data-id=\"f80cace\" data-element_type=\"container\" data-settings=\"{&quot;content_width&quot;:&quot;boxed&quot;}\">\n\t\t\t\t\t<div class=\"e-con-inner\">\n\t\t\t\t<div class=\"elementor-element elementor-element-528566f elementor-widget elementor-widget-theme-post-featured-image elementor-widget-image\" data-id=\"528566f\" data-element_type=\"widget\" data-widget_type=\"theme-post-featured-image.default\">\n\t\t\t\t<div class=\"elementor-widget-container\">\n\t\t\t\t\t\t\t\t\t\t\t\t\t\t\t\t<a href=\"https:\/\/www.galleriamarcacorona.com\/fr\/andrea-mastrovito-lunion-creative-entre-art-et-entreprise-dans-le-projet-avec-marca-corona-per-larte\/\">\n\t\t\t\t\t\t\t<img decoding=\"async\" width=\"1024\" height=\"630\" src=\"https:\/\/www.galleriamarcacorona.com\/wp-content\/uploads\/2024\/11\/banner_KGEDIed-1024x630.jpg\" class=\"attachment-large size-large wp-image-9809\" alt=\"\" loading=\"lazy\" srcset=\"https:\/\/www.galleriamarcacorona.com\/wp-content\/uploads\/2024\/11\/banner_KGEDIed-1024x630.jpg 1024w, https:\/\/www.galleriamarcacorona.com\/wp-content\/uploads\/2024\/11\/banner_KGEDIed-300x185.jpg 300w, https:\/\/www.galleriamarcacorona.com\/wp-content\/uploads\/2024\/11\/banner_KGEDIed-768x473.jpg 768w, https:\/\/www.galleriamarcacorona.com\/wp-content\/uploads\/2024\/11\/banner_KGEDIed.jpg 1300w\" sizes=\"(max-width: 1024px) 100vw, 1024px\" \/>\t\t\t\t\t\t\t\t<\/a>\n\t\t\t\t\t\t\t\t\t\t\t\t\t\t\t<\/div>\n\t\t\t\t<\/div>\n\t\t\t\t<div class=\"elementor-element elementor-element-2199051 elementor-widget elementor-widget-theme-post-title elementor-page-title elementor-widget-heading\" data-id=\"2199051\" data-element_type=\"widget\" data-widget_type=\"theme-post-title.default\">\n\t\t\t\t<div class=\"elementor-widget-container\">\n\t\t\t<h3 class=\"elementor-heading-title elementor-size-default\"><a href=\"https:\/\/www.galleriamarcacorona.com\/fr\/andrea-mastrovito-lunion-creative-entre-art-et-entreprise-dans-le-projet-avec-marca-corona-per-larte\/\">Andrea Mastrovito : l\u2019union cr\u00e9ative entre art et entreprise dans le projet avec Marca Corona per l\u2019Arte<\/a><\/h3>\t\t<\/div>\n\t\t\t\t<\/div>\n\t\t\t\t<div class=\"elementor-element elementor-element-2b5bf4b elementor-widget elementor-widget-text-editor\" data-id=\"2b5bf4b\" data-element_type=\"widget\" data-widget_type=\"text-editor.default\">\n\t\t\t\t<div class=\"elementor-widget-container\">\n\t\t\t\t\t\t\tLe voyage qui unit le monde de l\u2019art et celui de l\u2019entreprise se poursuit gr\u00e2ce au langage expressif universel de l\u2019art contemporain.\t\t\t\t\t\t<\/div>\n\t\t\t\t<\/div>\n\t\t\t\t\t<\/div>\n\t\t\t\t<\/div>\n\t\t\t\t\t\t<\/div>\n\t\t<\/div>            <\/div>\r\n                    <\/article>\r\n                <article class=\"e-add-querytype-post e-add-post e-add-post-item e-add-post-item-7768f44 swiper-slide e-add-item-carousel post-7474 post type-post status-publish format-standard has-post-thumbnail hentry category-non-classifiee\" data-post-id=\"7474\" data-index=\"5\">\r\n                        <div class=\"e-add-post-block e-add-post-block-5\">\r\n                <div class=\" e-add-item e-add-item_template elementor-repeater-item-5d14112\" data-item-id=\"5d14112\">\t\t<div data-elementor-type=\"section\" data-post-id=\"7474\" data-obj-id=\"7474\" data-elementor-id=\"347\" class=\"elementor elementor-347 e-post-7474\" data-elementor-post-type=\"elementor_library\">\n\t\t\t\t\t\t<div class=\"elementor-element elementor-element-f80cace e-flex e-con-boxed e-con\" data-id=\"f80cace\" data-element_type=\"container\" data-settings=\"{&quot;content_width&quot;:&quot;boxed&quot;}\">\n\t\t\t\t\t<div class=\"e-con-inner\">\n\t\t\t\t<div class=\"elementor-element elementor-element-528566f elementor-widget elementor-widget-theme-post-featured-image elementor-widget-image\" data-id=\"528566f\" data-element_type=\"widget\" data-widget_type=\"theme-post-featured-image.default\">\n\t\t\t\t<div class=\"elementor-widget-container\">\n\t\t\t\t\t\t\t\t\t\t\t\t\t\t\t\t<a href=\"https:\/\/www.galleriamarcacorona.com\/fr\/a-la-decouverte-du-week-end-art-city-bologna-2024-avec-les-evenements-marca-corona-per-larte\/\">\n\t\t\t\t\t\t\t<img decoding=\"async\" width=\"1024\" height=\"630\" src=\"https:\/\/www.galleriamarcacorona.com\/wp-content\/uploads\/2024\/02\/Alla-scoperta-del-weekend-di-Art-City-Bologna-2024-con-gli-eventi-di-Marca-Corona-per-Arte-banner-1024x630.jpg\" class=\"attachment-large size-large wp-image-7267\" alt=\"\" loading=\"lazy\" srcset=\"https:\/\/www.galleriamarcacorona.com\/wp-content\/uploads\/2024\/02\/Alla-scoperta-del-weekend-di-Art-City-Bologna-2024-con-gli-eventi-di-Marca-Corona-per-Arte-banner-1024x630.jpg 1024w, https:\/\/www.galleriamarcacorona.com\/wp-content\/uploads\/2024\/02\/Alla-scoperta-del-weekend-di-Art-City-Bologna-2024-con-gli-eventi-di-Marca-Corona-per-Arte-banner-300x185.jpg 300w, https:\/\/www.galleriamarcacorona.com\/wp-content\/uploads\/2024\/02\/Alla-scoperta-del-weekend-di-Art-City-Bologna-2024-con-gli-eventi-di-Marca-Corona-per-Arte-banner-768x473.jpg 768w, https:\/\/www.galleriamarcacorona.com\/wp-content\/uploads\/2024\/02\/Alla-scoperta-del-weekend-di-Art-City-Bologna-2024-con-gli-eventi-di-Marca-Corona-per-Arte-banner.jpg 1300w\" sizes=\"(max-width: 1024px) 100vw, 1024px\" \/>\t\t\t\t\t\t\t\t<\/a>\n\t\t\t\t\t\t\t\t\t\t\t\t\t\t\t<\/div>\n\t\t\t\t<\/div>\n\t\t\t\t<div class=\"elementor-element elementor-element-2199051 elementor-widget elementor-widget-theme-post-title elementor-page-title elementor-widget-heading\" data-id=\"2199051\" data-element_type=\"widget\" data-widget_type=\"theme-post-title.default\">\n\t\t\t\t<div class=\"elementor-widget-container\">\n\t\t\t<h3 class=\"elementor-heading-title elementor-size-default\"><a href=\"https:\/\/www.galleriamarcacorona.com\/fr\/a-la-decouverte-du-week-end-art-city-bologna-2024-avec-les-evenements-marca-corona-per-larte\/\">\u00c0 la d\u00e9couverte du week-end Art City Bologna 2024 avec les \u00e9v\u00e9nements Marca Corona per l\u2019Arte<\/a><\/h3>\t\t<\/div>\n\t\t\t\t<\/div>\n\t\t\t\t<div class=\"elementor-element elementor-element-2b5bf4b elementor-widget elementor-widget-text-editor\" data-id=\"2b5bf4b\" data-element_type=\"widget\" data-widget_type=\"text-editor.default\">\n\t\t\t\t<div class=\"elementor-widget-container\">\n\t\t\t\t\t\t\tPour la 2e ann\u00e9e cons\u00e9cutive, Marca Corona per l\u2019Arte a pris part au programme d\u2019\u00e9v\u00e9nements dans le cadre de Art City Bologna 2024, \u00e0 l\u2019occasion de Arte Fiera.\t\t\t\t\t\t<\/div>\n\t\t\t\t<\/div>\n\t\t\t\t\t<\/div>\n\t\t\t\t<\/div>\n\t\t\t\t\t\t<\/div>\n\t\t<\/div>            <\/div>\r\n                    <\/article>\r\n                <article class=\"e-add-querytype-post e-add-post e-add-post-item e-add-post-item-7768f44 swiper-slide e-add-item-carousel post-6952 post type-post status-publish format-standard has-post-thumbnail hentry category-non-classifiee\" data-post-id=\"6952\" data-index=\"6\">\r\n                        <div class=\"e-add-post-block e-add-post-block-6\">\r\n                <div class=\" e-add-item e-add-item_template elementor-repeater-item-5d14112\" data-item-id=\"5d14112\">\t\t<div data-elementor-type=\"section\" data-post-id=\"6952\" data-obj-id=\"6952\" data-elementor-id=\"347\" class=\"elementor elementor-347 e-post-6952\" data-elementor-post-type=\"elementor_library\">\n\t\t\t\t\t\t<div class=\"elementor-element elementor-element-f80cace e-flex e-con-boxed e-con\" data-id=\"f80cace\" data-element_type=\"container\" data-settings=\"{&quot;content_width&quot;:&quot;boxed&quot;}\">\n\t\t\t\t\t<div class=\"e-con-inner\">\n\t\t\t\t<div class=\"elementor-element elementor-element-528566f elementor-widget elementor-widget-theme-post-featured-image elementor-widget-image\" data-id=\"528566f\" data-element_type=\"widget\" data-widget_type=\"theme-post-featured-image.default\">\n\t\t\t\t<div class=\"elementor-widget-container\">\n\t\t\t\t\t\t\t\t\t\t\t\t\t\t\t\t<a href=\"https:\/\/www.galleriamarcacorona.com\/fr\/marca-corona-art-city-bologna-2024\/\">\n\t\t\t\t\t\t\t<img decoding=\"async\" width=\"1024\" height=\"630\" src=\"https:\/\/www.galleriamarcacorona.com\/wp-content\/uploads\/2024\/01\/mc-arienti-artribune-1300x800-2-1024x630.jpg\" class=\"attachment-large size-large wp-image-7088\" alt=\"\" loading=\"lazy\" srcset=\"https:\/\/www.galleriamarcacorona.com\/wp-content\/uploads\/2024\/01\/mc-arienti-artribune-1300x800-2-1024x630.jpg 1024w, https:\/\/www.galleriamarcacorona.com\/wp-content\/uploads\/2024\/01\/mc-arienti-artribune-1300x800-2-300x185.jpg 300w, https:\/\/www.galleriamarcacorona.com\/wp-content\/uploads\/2024\/01\/mc-arienti-artribune-1300x800-2-768x473.jpg 768w, https:\/\/www.galleriamarcacorona.com\/wp-content\/uploads\/2024\/01\/mc-arienti-artribune-1300x800-2.jpg 1300w\" sizes=\"(max-width: 1024px) 100vw, 1024px\" \/>\t\t\t\t\t\t\t\t<\/a>\n\t\t\t\t\t\t\t\t\t\t\t\t\t\t\t<\/div>\n\t\t\t\t<\/div>\n\t\t\t\t<div class=\"elementor-element elementor-element-2199051 elementor-widget elementor-widget-theme-post-title elementor-page-title elementor-widget-heading\" data-id=\"2199051\" data-element_type=\"widget\" data-widget_type=\"theme-post-title.default\">\n\t\t\t\t<div class=\"elementor-widget-container\">\n\t\t\t<h3 class=\"elementor-heading-title elementor-size-default\"><a href=\"https:\/\/www.galleriamarcacorona.com\/fr\/marca-corona-art-city-bologna-2024\/\">Marca Corona @ Art City Bologna<\/a><\/h3>\t\t<\/div>\n\t\t\t\t<\/div>\n\t\t\t\t<div class=\"elementor-element elementor-element-2b5bf4b elementor-widget elementor-widget-text-editor\" data-id=\"2b5bf4b\" data-element_type=\"widget\" data-widget_type=\"text-editor.default\">\n\t\t\t\t<div class=\"elementor-widget-container\">\n\t\t\t\t\t\t\tD\u00e9couvrez tous les \u00e9v\u00e9nements au programme. Du 2 au 4 f\u00e9vrier 2024, tous les projecteurs seront \u00e0 nouveau point\u00e9s sur ART CITY Bologna, le programme d\u2019expositions, \u00e9v\u00e9nements et initiatives soutenu par la Ville de Bologne \u00e0 l\u2019occasion d\u2019Arte Fiera, le salon d\u2019art moderne et contemporain qui c\u00e9l\u00e8bre cette ann\u00e9e ses cinquante ans.\t\t\t\t\t\t<\/div>\n\t\t\t\t<\/div>\n\t\t\t\t\t<\/div>\n\t\t\t\t<\/div>\n\t\t\t\t\t\t<\/div>\n\t\t<\/div>            <\/div>\r\n                    <\/article>\r\n                <article class=\"e-add-querytype-post e-add-post e-add-post-item e-add-post-item-7768f44 swiper-slide e-add-item-carousel post-6735 post type-post status-publish format-standard has-post-thumbnail hentry category-non-classifiee\" data-post-id=\"6735\" data-index=\"7\">\r\n                        <div class=\"e-add-post-block e-add-post-block-7\">\r\n                <div class=\" e-add-item e-add-item_template elementor-repeater-item-5d14112\" data-item-id=\"5d14112\">\t\t<div data-elementor-type=\"section\" data-post-id=\"6735\" data-obj-id=\"6735\" data-elementor-id=\"347\" class=\"elementor elementor-347 e-post-6735\" data-elementor-post-type=\"elementor_library\">\n\t\t\t\t\t\t<div class=\"elementor-element elementor-element-f80cace e-flex e-con-boxed e-con\" data-id=\"f80cace\" data-element_type=\"container\" data-settings=\"{&quot;content_width&quot;:&quot;boxed&quot;}\">\n\t\t\t\t\t<div class=\"e-con-inner\">\n\t\t\t\t<div class=\"elementor-element elementor-element-528566f elementor-widget elementor-widget-theme-post-featured-image elementor-widget-image\" data-id=\"528566f\" data-element_type=\"widget\" data-widget_type=\"theme-post-featured-image.default\">\n\t\t\t\t<div class=\"elementor-widget-container\">\n\t\t\t\t\t\t\t\t\t\t\t\t\t\t\t\t<a href=\"https:\/\/www.galleriamarcacorona.com\/fr\/marca-corona-rencontre-les-ecoles-du-territoire-pour-la-semaine-de-la-culture-dentreprise-2023-en-collaboration-avec-stefano-arienti\/\">\n\t\t\t\t\t\t\t<img decoding=\"async\" width=\"1024\" height=\"630\" src=\"https:\/\/www.galleriamarcacorona.com\/wp-content\/uploads\/2023\/12\/1_NTaq5KE-1024x630.jpg\" class=\"attachment-large size-large wp-image-6685\" alt=\"\" loading=\"lazy\" srcset=\"https:\/\/www.galleriamarcacorona.com\/wp-content\/uploads\/2023\/12\/1_NTaq5KE-1024x630.jpg 1024w, https:\/\/www.galleriamarcacorona.com\/wp-content\/uploads\/2023\/12\/1_NTaq5KE-300x185.jpg 300w, https:\/\/www.galleriamarcacorona.com\/wp-content\/uploads\/2023\/12\/1_NTaq5KE-768x473.jpg 768w, https:\/\/www.galleriamarcacorona.com\/wp-content\/uploads\/2023\/12\/1_NTaq5KE.jpg 1300w\" sizes=\"(max-width: 1024px) 100vw, 1024px\" \/>\t\t\t\t\t\t\t\t<\/a>\n\t\t\t\t\t\t\t\t\t\t\t\t\t\t\t<\/div>\n\t\t\t\t<\/div>\n\t\t\t\t<div class=\"elementor-element elementor-element-2199051 elementor-widget elementor-widget-theme-post-title elementor-page-title elementor-widget-heading\" data-id=\"2199051\" data-element_type=\"widget\" data-widget_type=\"theme-post-title.default\">\n\t\t\t\t<div class=\"elementor-widget-container\">\n\t\t\t<h3 class=\"elementor-heading-title elementor-size-default\"><a href=\"https:\/\/www.galleriamarcacorona.com\/fr\/marca-corona-rencontre-les-ecoles-du-territoire-pour-la-semaine-de-la-culture-dentreprise-2023-en-collaboration-avec-stefano-arienti\/\">Marca Corona rencontre les \u00e9coles du territoire pour la Semaine de la culture d\u2019entreprise 2023, en collaboration avec Stefano Arienti<\/a><\/h3>\t\t<\/div>\n\t\t\t\t<\/div>\n\t\t\t\t<div class=\"elementor-element elementor-element-2b5bf4b elementor-widget elementor-widget-text-editor\" data-id=\"2b5bf4b\" data-element_type=\"widget\" data-widget_type=\"text-editor.default\">\n\t\t\t\t<div class=\"elementor-widget-container\">\n\t\t\t\t\t\t\tLe r\u00e9cit des deux journ\u00e9es d\u00e9di\u00e9es aux \u00e9coles, avec des laboratoires d\u2019art avec le ma\u00eetre Stefano Arienti.\t\t\t\t\t\t<\/div>\n\t\t\t\t<\/div>\n\t\t\t\t\t<\/div>\n\t\t\t\t<\/div>\n\t\t\t\t\t\t<\/div>\n\t\t<\/div>            <\/div>\r\n                    <\/article>\r\n                <article class=\"e-add-querytype-post e-add-post e-add-post-item e-add-post-item-7768f44 swiper-slide e-add-item-carousel post-4159 post type-post status-publish format-standard has-post-thumbnail hentry category-non-classifiee\" data-post-id=\"4159\" data-index=\"8\">\r\n                        <div class=\"e-add-post-block e-add-post-block-8\">\r\n                <div class=\" e-add-item e-add-item_template elementor-repeater-item-5d14112\" data-item-id=\"5d14112\">\t\t<div data-elementor-type=\"section\" data-post-id=\"4159\" data-obj-id=\"4159\" data-elementor-id=\"347\" class=\"elementor elementor-347 e-post-4159\" data-elementor-post-type=\"elementor_library\">\n\t\t\t\t\t\t<div class=\"elementor-element elementor-element-f80cace e-flex e-con-boxed e-con\" data-id=\"f80cace\" data-element_type=\"container\" data-settings=\"{&quot;content_width&quot;:&quot;boxed&quot;}\">\n\t\t\t\t\t<div class=\"e-con-inner\">\n\t\t\t\t<div class=\"elementor-element elementor-element-528566f elementor-widget elementor-widget-theme-post-featured-image elementor-widget-image\" data-id=\"528566f\" data-element_type=\"widget\" data-widget_type=\"theme-post-featured-image.default\">\n\t\t\t\t<div class=\"elementor-widget-container\">\n\t\t\t\t\t\t\t\t\t\t\t\t\t\t\t\t<a href=\"https:\/\/www.galleriamarcacorona.com\/fr\/le-pouvoir-des-mots-au-festival-filosofia-avec-marca-corona-et-les-gallerie-estensi\/\">\n\t\t\t\t\t\t\t<img decoding=\"async\" width=\"1024\" height=\"630\" src=\"https:\/\/www.galleriamarcacorona.com\/wp-content\/uploads\/2023\/08\/banner-1024x630.jpg\" class=\"attachment-large size-large wp-image-5699\" alt=\"\" loading=\"lazy\" srcset=\"https:\/\/www.galleriamarcacorona.com\/wp-content\/uploads\/2023\/08\/banner-1024x630.jpg 1024w, https:\/\/www.galleriamarcacorona.com\/wp-content\/uploads\/2023\/08\/banner-300x185.jpg 300w, https:\/\/www.galleriamarcacorona.com\/wp-content\/uploads\/2023\/08\/banner-768x473.jpg 768w, https:\/\/www.galleriamarcacorona.com\/wp-content\/uploads\/2023\/08\/banner.jpg 1300w\" sizes=\"(max-width: 1024px) 100vw, 1024px\" \/>\t\t\t\t\t\t\t\t<\/a>\n\t\t\t\t\t\t\t\t\t\t\t\t\t\t\t<\/div>\n\t\t\t\t<\/div>\n\t\t\t\t<div class=\"elementor-element elementor-element-2199051 elementor-widget elementor-widget-theme-post-title elementor-page-title elementor-widget-heading\" data-id=\"2199051\" data-element_type=\"widget\" data-widget_type=\"theme-post-title.default\">\n\t\t\t\t<div class=\"elementor-widget-container\">\n\t\t\t<h3 class=\"elementor-heading-title elementor-size-default\"><a href=\"https:\/\/www.galleriamarcacorona.com\/fr\/le-pouvoir-des-mots-au-festival-filosofia-avec-marca-corona-et-les-gallerie-estensi\/\">Le pouvoir des mots au Festival Filosofia avec Marca Corona et les Gallerie Estensi<\/a><\/h3>\t\t<\/div>\n\t\t\t\t<\/div>\n\t\t\t\t<div class=\"elementor-element elementor-element-2b5bf4b elementor-widget elementor-widget-text-editor\" data-id=\"2b5bf4b\" data-element_type=\"widget\" data-widget_type=\"text-editor.default\">\n\t\t\t\t<div class=\"elementor-widget-container\">\n\t\t\t\t\t\t\tLe pouvoir des mots dans leurs formes et expressions les plus vari\u00e9es.\t\t\t\t\t\t<\/div>\n\t\t\t\t<\/div>\n\t\t\t\t\t<\/div>\n\t\t\t\t<\/div>\n\t\t\t\t\t\t<\/div>\n\t\t<\/div>            <\/div>\r\n                    <\/article>\r\n                <article class=\"e-add-querytype-post e-add-post e-add-post-item e-add-post-item-7768f44 swiper-slide e-add-item-carousel post-2471 post type-post status-publish format-standard has-post-thumbnail hentry category-sin-categorizar\" data-post-id=\"2471\" data-index=\"9\">\r\n                        <div class=\"e-add-post-block e-add-post-block-9\">\r\n                <div class=\" e-add-item e-add-item_template elementor-repeater-item-5d14112\" data-item-id=\"5d14112\">\t\t<div data-elementor-type=\"section\" data-post-id=\"2471\" data-obj-id=\"2471\" data-elementor-id=\"347\" class=\"elementor elementor-347 e-post-2471\" data-elementor-post-type=\"elementor_library\">\n\t\t\t\t\t\t<div class=\"elementor-element elementor-element-f80cace e-flex e-con-boxed e-con\" data-id=\"f80cace\" data-element_type=\"container\" data-settings=\"{&quot;content_width&quot;:&quot;boxed&quot;}\">\n\t\t\t\t\t<div class=\"e-con-inner\">\n\t\t\t\t<div class=\"elementor-element elementor-element-528566f elementor-widget elementor-widget-theme-post-featured-image elementor-widget-image\" data-id=\"528566f\" data-element_type=\"widget\" data-widget_type=\"theme-post-featured-image.default\">\n\t\t\t\t<div class=\"elementor-widget-container\">\n\t\t\t\t\t\t\t\t\t\t\t\t\t\t\t\t<a href=\"https:\/\/www.galleriamarcacorona.com\/fr\/art-city-bologna-2023-et-marca-corona-le-recit-de-cette-premiere-edition-ensemble\/\">\n\t\t\t\t\t\t\t<img decoding=\"async\" width=\"1024\" height=\"630\" src=\"https:\/\/www.galleriamarcacorona.com\/wp-content\/uploads\/2023\/06\/prima_edizione_art_city_banner-1024x630.jpg\" class=\"attachment-large size-large wp-image-2018\" alt=\"\" loading=\"lazy\" srcset=\"https:\/\/www.galleriamarcacorona.com\/wp-content\/uploads\/2023\/06\/prima_edizione_art_city_banner-1024x630.jpg 1024w, https:\/\/www.galleriamarcacorona.com\/wp-content\/uploads\/2023\/06\/prima_edizione_art_city_banner-300x185.jpg 300w, https:\/\/www.galleriamarcacorona.com\/wp-content\/uploads\/2023\/06\/prima_edizione_art_city_banner-768x473.jpg 768w, https:\/\/www.galleriamarcacorona.com\/wp-content\/uploads\/2023\/06\/prima_edizione_art_city_banner.jpg 1300w\" sizes=\"(max-width: 1024px) 100vw, 1024px\" \/>\t\t\t\t\t\t\t\t<\/a>\n\t\t\t\t\t\t\t\t\t\t\t\t\t\t\t<\/div>\n\t\t\t\t<\/div>\n\t\t\t\t<div class=\"elementor-element elementor-element-2199051 elementor-widget elementor-widget-theme-post-title elementor-page-title elementor-widget-heading\" data-id=\"2199051\" data-element_type=\"widget\" data-widget_type=\"theme-post-title.default\">\n\t\t\t\t<div class=\"elementor-widget-container\">\n\t\t\t<h3 class=\"elementor-heading-title elementor-size-default\"><a href=\"https:\/\/www.galleriamarcacorona.com\/fr\/art-city-bologna-2023-et-marca-corona-le-recit-de-cette-premiere-edition-ensemble\/\">Art City Bologna 2023 et Marca Corona. Le r\u00e9cit de cette premi\u00e8re \u00e9dition ensemble<\/a><\/h3>\t\t<\/div>\n\t\t\t\t<\/div>\n\t\t\t\t<div class=\"elementor-element elementor-element-2b5bf4b elementor-widget elementor-widget-text-editor\" data-id=\"2b5bf4b\" data-element_type=\"widget\" data-widget_type=\"text-editor.default\">\n\t\t\t\t<div class=\"elementor-widget-container\">\n\t\t\t\t\t\t\tDu 27 janvier au 5 f\u00e9vrier, l\u2019initiative Art City Bologna 2023 a de nouveau \u00e9gay\u00e9 les journ\u00e9es de beaucoup de visiteurs et f\u00e9rus d\u2019art contemporain, r\u00e9unis \u00e0 Bologne pour participer aux nombreux \u00e9v\u00e9nements au programme.\t\t\t\t\t\t<\/div>\n\t\t\t\t<\/div>\n\t\t\t\t\t<\/div>\n\t\t\t\t<\/div>\n\t\t\t\t\t\t<\/div>\n\t\t<\/div>            <\/div>\r\n                    <\/article>\r\n                    <\/div>\r\n                    <\/div>\r\n        <div class=\"e-add-carousel-controls\" data-post-id=\"2471\"><div class=\"e-add-container-pagination swiper-container-horizontal\"><div class=\"swiper-pagination pagination-7768f44-2471 e-add-nav-style nav--default\"><\/div><\/div><\/div><\/div>        \t\t<\/div>\n\t\t\t\t<\/div>\n\t\t\t\t\t<\/div>\n\t\t\t\t<\/div>\n\t\t\t\t\t<\/div>\n\t\t\t\t<\/div>\n\t\t\t\t\t\t\t<\/div>\n\t\t","protected":false},"excerpt":{"rendered":"<p>Art City Bologna 2026Notre r\u00e9cit de ce week-end d\u2019art, entre rencontres, expositions et installations.en savoir plusGalerie Marca Corona Un v\u00e9ritable voyage \u00e0 la d\u00e9couverte de l\u2019\u00e9volution de la c\u00e9ramique. en savoir plusProjet Marca Corona per l\u2019ArteLes valeurs de l\u2019entreprise deviennent des \u0153uvres d\u2019art itin\u00e9rantes gr\u00e2ce \u00e0 l\u2019inspiration des artistes en savoir plus Diapositive pr\u00e9c\u00e9dente Diapositive &hellip;<\/p>\n<p class=\"read-more\"> <a class=\"\" href=\"https:\/\/www.galleriamarcacorona.com\/fr\/\"> <span class=\"screen-reader-text\">Home<\/span> Lire la suite\u00a0\u00bb<\/a><\/p>\n","protected":false},"author":1,"featured_media":0,"parent":0,"menu_order":0,"comment_status":"closed","ping_status":"closed","template":"","meta":{"site-sidebar-layout":"no-sidebar","site-content-layout":"page-builder","ast-global-header-display":"","ast-main-header-display":"","ast-hfb-above-header-display":"","ast-hfb-below-header-display":"","ast-hfb-mobile-header-display":"","site-post-title":"disabled","ast-breadcrumbs-content":"","ast-featured-img":"disabled","footer-sml-layout":"","theme-transparent-header-meta":"","adv-header-id-meta":"","stick-header-meta":"","header-above-stick-meta":"","header-main-stick-meta":"","header-below-stick-meta":""},"acf":[],"yoast_head":"<!-- This site is optimized with the Yoast SEO plugin v20.12 - https:\/\/yoast.com\/wordpress\/plugins\/seo\/ -->\n<title>Galleria Marca Corona: museo d\u2019arte dedicato alla Ceramica<\/title>\n<meta name=\"description\" content=\"Galleria Marca Corona: museo aziendale nel suggestivo distretto ceramico sassolese. L&#039;arte contemporanea si fonde con l&#039;eccellenza ceramica.\" \/>\n<meta name=\"robots\" content=\"index, follow, max-snippet:-1, max-image-preview:large, max-video-preview:-1\" \/>\n<link rel=\"canonical\" href=\"https:\/\/www.galleriamarcacorona.com\/fr\/\" \/>\n<meta property=\"og:locale\" content=\"fr_FR\" \/>\n<meta property=\"og:type\" content=\"article\" \/>\n<meta property=\"og:title\" content=\"Galleria Marca Corona: museo d\u2019arte dedicato alla Ceramica\" \/>\n<meta property=\"og:description\" content=\"Galleria Marca Corona: museo aziendale nel suggestivo distretto ceramico sassolese. L&#039;arte contemporanea si fonde con l&#039;eccellenza ceramica.\" \/>\n<meta property=\"og:url\" content=\"https:\/\/www.galleriamarcacorona.com\/fr\/\" \/>\n<meta property=\"og:site_name\" content=\"Galleria Marca Corona\" \/>\n<meta property=\"article:modified_time\" content=\"2026-02-23T11:53:59+00:00\" \/>\n<meta property=\"og:image\" content=\"https:\/\/www.galleriamarcacorona.com\/wp-content\/uploads\/2023\/05\/home_1.jpg\" \/>\n<meta name=\"twitter:card\" content=\"summary_large_image\" \/>\n<meta name=\"twitter:label1\" content=\"Dur\u00e9e de lecture estim\u00e9e\" \/>\n\t<meta name=\"twitter:data1\" content=\"13 minutes\" \/>\n<script type=\"application\/ld+json\" class=\"yoast-schema-graph\">{\"@context\":\"https:\/\/schema.org\",\"@graph\":[{\"@type\":\"WebPage\",\"@id\":\"https:\/\/www.galleriamarcacorona.com\/fr\/\",\"url\":\"https:\/\/www.galleriamarcacorona.com\/fr\/\",\"name\":\"Galleria Marca Corona: museo d\u2019arte dedicato alla Ceramica\",\"isPartOf\":{\"@id\":\"https:\/\/www.galleriamarcacorona.com\/fr\/#website\"},\"datePublished\":\"2023-05-22T11:43:06+00:00\",\"dateModified\":\"2026-02-23T11:53:59+00:00\",\"description\":\"Galleria Marca Corona: museo aziendale nel suggestivo distretto ceramico sassolese. L'arte contemporanea si fonde con l'eccellenza ceramica.\",\"breadcrumb\":{\"@id\":\"https:\/\/www.galleriamarcacorona.com\/fr\/#breadcrumb\"},\"inLanguage\":\"fr-FR\",\"potentialAction\":[{\"@type\":\"ReadAction\",\"target\":[\"https:\/\/www.galleriamarcacorona.com\/fr\/\"]}]},{\"@type\":\"BreadcrumbList\",\"@id\":\"https:\/\/www.galleriamarcacorona.com\/fr\/#breadcrumb\",\"itemListElement\":[{\"@type\":\"ListItem\",\"position\":1,\"name\":\"Home\",\"item\":\"https:\/\/www.galleriamarcacorona.com\/fr\/\"},{\"@type\":\"ListItem\",\"position\":2,\"name\":\"Home\"}]},{\"@type\":\"WebSite\",\"@id\":\"https:\/\/www.galleriamarcacorona.com\/fr\/#website\",\"url\":\"https:\/\/www.galleriamarcacorona.com\/fr\/\",\"name\":\"Galleria Marca Corona\",\"description\":\"\",\"publisher\":{\"@id\":\"https:\/\/www.galleriamarcacorona.com\/fr\/#organization\"},\"potentialAction\":[{\"@type\":\"SearchAction\",\"target\":{\"@type\":\"EntryPoint\",\"urlTemplate\":\"https:\/\/www.galleriamarcacorona.com\/fr\/?s={search_term_string}\"},\"query-input\":\"required name=search_term_string\"}],\"inLanguage\":\"fr-FR\"},{\"@type\":\"Organization\",\"@id\":\"https:\/\/www.galleriamarcacorona.com\/fr\/#organization\",\"name\":\"Galleria Marca Corona\",\"url\":\"https:\/\/www.galleriamarcacorona.com\/fr\/\",\"logo\":{\"@type\":\"ImageObject\",\"inLanguage\":\"fr-FR\",\"@id\":\"https:\/\/www.galleriamarcacorona.com\/fr\/#\/schema\/logo\/image\/\",\"url\":\"https:\/\/www.galleriamarcacorona.com\/wp-content\/uploads\/2023\/05\/mc-galleria-logo-rgb-3200px.png\",\"contentUrl\":\"https:\/\/www.galleriamarcacorona.com\/wp-content\/uploads\/2023\/05\/mc-galleria-logo-rgb-3200px.png\",\"width\":3200,\"height\":1112,\"caption\":\"Galleria Marca Corona\"},\"image\":{\"@id\":\"https:\/\/www.galleriamarcacorona.com\/fr\/#\/schema\/logo\/image\/\"}}]}<\/script>\n<!-- \/ Yoast SEO plugin. -->","yoast_head_json":{"title":"Galleria Marca Corona: museo d\u2019arte dedicato alla Ceramica","description":"Galleria Marca Corona: museo aziendale nel suggestivo distretto ceramico sassolese. L'arte contemporanea si fonde con l'eccellenza ceramica.","robots":{"index":"index","follow":"follow","max-snippet":"max-snippet:-1","max-image-preview":"max-image-preview:large","max-video-preview":"max-video-preview:-1"},"canonical":"https:\/\/www.galleriamarcacorona.com\/fr\/","og_locale":"fr_FR","og_type":"article","og_title":"Galleria Marca Corona: museo d\u2019arte dedicato alla Ceramica","og_description":"Galleria Marca Corona: museo aziendale nel suggestivo distretto ceramico sassolese. L'arte contemporanea si fonde con l'eccellenza ceramica.","og_url":"https:\/\/www.galleriamarcacorona.com\/fr\/","og_site_name":"Galleria Marca Corona","article_modified_time":"2026-02-23T11:53:59+00:00","og_image":[{"url":"https:\/\/www.galleriamarcacorona.com\/wp-content\/uploads\/2023\/05\/home_1.jpg"}],"twitter_card":"summary_large_image","twitter_misc":{"Dur\u00e9e de lecture estim\u00e9e":"13 minutes"},"schema":{"@context":"https:\/\/schema.org","@graph":[{"@type":"WebPage","@id":"https:\/\/www.galleriamarcacorona.com\/fr\/","url":"https:\/\/www.galleriamarcacorona.com\/fr\/","name":"Galleria Marca Corona: museo d\u2019arte dedicato alla Ceramica","isPartOf":{"@id":"https:\/\/www.galleriamarcacorona.com\/fr\/#website"},"datePublished":"2023-05-22T11:43:06+00:00","dateModified":"2026-02-23T11:53:59+00:00","description":"Galleria Marca Corona: museo aziendale nel suggestivo distretto ceramico sassolese. L'arte contemporanea si fonde con l'eccellenza ceramica.","breadcrumb":{"@id":"https:\/\/www.galleriamarcacorona.com\/fr\/#breadcrumb"},"inLanguage":"fr-FR","potentialAction":[{"@type":"ReadAction","target":["https:\/\/www.galleriamarcacorona.com\/fr\/"]}]},{"@type":"BreadcrumbList","@id":"https:\/\/www.galleriamarcacorona.com\/fr\/#breadcrumb","itemListElement":[{"@type":"ListItem","position":1,"name":"Home","item":"https:\/\/www.galleriamarcacorona.com\/fr\/"},{"@type":"ListItem","position":2,"name":"Home"}]},{"@type":"WebSite","@id":"https:\/\/www.galleriamarcacorona.com\/fr\/#website","url":"https:\/\/www.galleriamarcacorona.com\/fr\/","name":"Galleria Marca Corona","description":"","publisher":{"@id":"https:\/\/www.galleriamarcacorona.com\/fr\/#organization"},"potentialAction":[{"@type":"SearchAction","target":{"@type":"EntryPoint","urlTemplate":"https:\/\/www.galleriamarcacorona.com\/fr\/?s={search_term_string}"},"query-input":"required name=search_term_string"}],"inLanguage":"fr-FR"},{"@type":"Organization","@id":"https:\/\/www.galleriamarcacorona.com\/fr\/#organization","name":"Galleria Marca Corona","url":"https:\/\/www.galleriamarcacorona.com\/fr\/","logo":{"@type":"ImageObject","inLanguage":"fr-FR","@id":"https:\/\/www.galleriamarcacorona.com\/fr\/#\/schema\/logo\/image\/","url":"https:\/\/www.galleriamarcacorona.com\/wp-content\/uploads\/2023\/05\/mc-galleria-logo-rgb-3200px.png","contentUrl":"https:\/\/www.galleriamarcacorona.com\/wp-content\/uploads\/2023\/05\/mc-galleria-logo-rgb-3200px.png","width":3200,"height":1112,"caption":"Galleria Marca Corona"},"image":{"@id":"https:\/\/www.galleriamarcacorona.com\/fr\/#\/schema\/logo\/image\/"}}]}},"_links":{"self":[{"href":"https:\/\/www.galleriamarcacorona.com\/fr\/wp-json\/wp\/v2\/pages\/2501"}],"collection":[{"href":"https:\/\/www.galleriamarcacorona.com\/fr\/wp-json\/wp\/v2\/pages"}],"about":[{"href":"https:\/\/www.galleriamarcacorona.com\/fr\/wp-json\/wp\/v2\/types\/page"}],"author":[{"embeddable":true,"href":"https:\/\/www.galleriamarcacorona.com\/fr\/wp-json\/wp\/v2\/users\/1"}],"replies":[{"embeddable":true,"href":"https:\/\/www.galleriamarcacorona.com\/fr\/wp-json\/wp\/v2\/comments?post=2501"}],"version-history":[{"count":181,"href":"https:\/\/www.galleriamarcacorona.com\/fr\/wp-json\/wp\/v2\/pages\/2501\/revisions"}],"predecessor-version":[{"id":13379,"href":"https:\/\/www.galleriamarcacorona.com\/fr\/wp-json\/wp\/v2\/pages\/2501\/revisions\/13379"}],"wp:attachment":[{"href":"https:\/\/www.galleriamarcacorona.com\/fr\/wp-json\/wp\/v2\/media?parent=2501"}],"curies":[{"name":"wp","href":"https:\/\/api.w.org\/{rel}","templated":true}]}}