{"id":4903,"date":"2023-09-29T08:40:54","date_gmt":"2023-09-29T08:40:54","guid":{"rendered":"https:\/\/www.galleriamarcacorona.com\/?page_id=4903"},"modified":"2024-01-11T08:01:27","modified_gmt":"2024-01-11T08:01:27","slug":"prix-marca-corona-2024-opera-aperta-entre-contingence-et-emerveillement","status":"publish","type":"page","link":"https:\/\/www.galleriamarcacorona.com\/fr\/prix-marca-corona-2024-opera-aperta-entre-contingence-et-emerveillement\/","title":{"rendered":"Prix Marca Corona 2024 Opera Aperta : entre contingence et \u00e9merveillement"},"content":{"rendered":"\t\t<div data-elementor-type=\"wp-page\" data-elementor-id=\"4903\" class=\"elementor elementor-4903 elementor-4899\" data-elementor-post-type=\"page\">\n\t\t\t\t\t\t\t<div class=\"elementor-element elementor-element-f915792 elementor-hidden-mobile e-flex e-con-boxed e-con\" data-id=\"f915792\" data-element_type=\"container\" data-settings=\"{&quot;content_width&quot;:&quot;boxed&quot;}\">\n\t\t\t\t\t<div class=\"e-con-inner\">\n\t\t\t\t<div class=\"elementor-element elementor-element-b51cfc4 elementor--h-position-left elementor--v-position-bottom elementor-arrows-position-inside elementor-widget elementor-widget-slides\" data-id=\"b51cfc4\" data-element_type=\"widget\" data-settings=\"{&quot;navigation&quot;:&quot;arrows&quot;,&quot;transition&quot;:&quot;slide&quot;,&quot;transition_speed&quot;:500}\" data-widget_type=\"slides.default\">\n\t\t\t\t<div class=\"elementor-widget-container\">\n\t\t\t<style>\/*! elementor-pro - v3.14.0 - 26-06-2023 *\/\n.elementor-slides .swiper-slide-bg{background-size:cover;background-position:50%;background-repeat:no-repeat;min-width:100%;min-height:100%}.elementor-slides .swiper-slide-inner{background-repeat:no-repeat;background-position:50%;position:absolute;top:0;left:0;bottom:0;right:0;padding:50px;margin:auto}.elementor-slides .swiper-slide-inner,.elementor-slides .swiper-slide-inner:hover{color:#fff;display:flex}.elementor-slides .swiper-slide-inner .elementor-background-overlay{position:absolute;z-index:0;top:0;bottom:0;left:0;right:0}.elementor-slides .swiper-slide-inner .elementor-slide-content{position:relative;z-index:1;width:100%}.elementor-slides .swiper-slide-inner .elementor-slide-heading{font-size:35px;font-weight:700;line-height:1}.elementor-slides .swiper-slide-inner .elementor-slide-description{font-size:17px;line-height:1.4}.elementor-slides .swiper-slide-inner .elementor-slide-description:not(:last-child),.elementor-slides .swiper-slide-inner .elementor-slide-heading:not(:last-child){margin-bottom:30px}.elementor-slides .swiper-slide-inner .elementor-slide-button{border:2px solid #fff;color:#fff;background:transparent;display:inline-block}.elementor-slides .swiper-slide-inner .elementor-slide-button,.elementor-slides .swiper-slide-inner .elementor-slide-button:hover{background:transparent;color:inherit;text-decoration:none}.elementor--v-position-top .swiper-slide-inner{align-items:flex-start}.elementor--v-position-bottom .swiper-slide-inner{align-items:flex-end}.elementor--v-position-middle .swiper-slide-inner{align-items:center}.elementor--h-position-left .swiper-slide-inner{justify-content:flex-start}.elementor--h-position-right .swiper-slide-inner{justify-content:flex-end}.elementor--h-position-center .swiper-slide-inner{justify-content:center}body.rtl .elementor-widget-slides .elementor-swiper-button-next{left:10px;right:auto}body.rtl .elementor-widget-slides .elementor-swiper-button-prev{right:10px;left:auto}.elementor-slides-wrapper div:not(.swiper-slide)>.swiper-slide-inner{display:none}@media (max-width:767px){.elementor-slides .swiper-slide-inner{padding:30px}.elementor-slides .swiper-slide-inner .elementor-slide-heading{font-size:23px;line-height:1;margin-bottom:15px}.elementor-slides .swiper-slide-inner .elementor-slide-description{font-size:13px;line-height:1.4;margin-bottom:15px}}<\/style>\t\t<div class=\"elementor-swiper\">\n\t\t\t<div class=\"elementor-slides-wrapper elementor-main-swiper swiper-container\" dir=\"ltr\" data-animation=\"fadeInUp\">\n\t\t\t\t<div class=\"swiper-wrapper elementor-slides\">\n\t\t\t\t\t\t\t\t\t\t<div class=\"elementor-repeater-item-0fdde84 swiper-slide\"><div class=\"swiper-slide-bg\" role=\"img\"><\/div><div class=\"swiper-slide-inner\" ><div class=\"swiper-slide-contents\"><\/div><\/div><\/div>\t\t\t\t<\/div>\n\t\t\t\t\t\t\t<\/div>\n\t\t<\/div>\n\t\t\t\t<\/div>\n\t\t\t\t<\/div>\n\t\t\t\t\t<\/div>\n\t\t\t\t<\/div>\n\t\t<div class=\"elementor-element elementor-element-ccae7d8 elementor-hidden-desktop elementor-hidden-tablet e-flex e-con-boxed e-con\" data-id=\"ccae7d8\" data-element_type=\"container\" data-settings=\"{&quot;content_width&quot;:&quot;boxed&quot;}\">\n\t\t\t\t\t<div class=\"e-con-inner\">\n\t\t\t\t<div class=\"elementor-element elementor-element-cddb038 elementor--h-position-left elementor--v-position-bottom elementor-arrows-position-inside elementor-widget elementor-widget-slides\" data-id=\"cddb038\" data-element_type=\"widget\" data-settings=\"{&quot;navigation&quot;:&quot;arrows&quot;,&quot;transition&quot;:&quot;slide&quot;,&quot;transition_speed&quot;:500}\" data-widget_type=\"slides.default\">\n\t\t\t\t<div class=\"elementor-widget-container\">\n\t\t\t\t\t<div class=\"elementor-swiper\">\n\t\t\t<div class=\"elementor-slides-wrapper elementor-main-swiper swiper-container\" dir=\"ltr\" data-animation=\"fadeInUp\">\n\t\t\t\t<div class=\"swiper-wrapper elementor-slides\">\n\t\t\t\t\t\t\t\t\t\t<div class=\"elementor-repeater-item-0fdde84 swiper-slide\"><div class=\"swiper-slide-bg\" role=\"img\"><\/div><div class=\"swiper-slide-inner\" ><div class=\"swiper-slide-contents\"><\/div><\/div><\/div>\t\t\t\t<\/div>\n\t\t\t\t\t\t\t<\/div>\n\t\t<\/div>\n\t\t\t\t<\/div>\n\t\t\t\t<\/div>\n\t\t\t\t\t<\/div>\n\t\t\t\t<\/div>\n\t\t<div class=\"elementor-element elementor-element-5f4c1f0 e-flex e-con-boxed e-con\" data-id=\"5f4c1f0\" data-element_type=\"container\" data-settings=\"{&quot;background_background&quot;:&quot;classic&quot;,&quot;content_width&quot;:&quot;boxed&quot;}\">\n\t\t\t\t\t<div class=\"e-con-inner\">\n\t\t<div class=\"elementor-element elementor-element-78e3e41 e-flex e-con-boxed e-con\" data-id=\"78e3e41\" data-element_type=\"container\" data-settings=\"{&quot;content_width&quot;:&quot;boxed&quot;}\">\n\t\t\t\t\t<div class=\"e-con-inner\">\n\t\t<div class=\"elementor-element elementor-element-b8bacd3 e-flex e-con-boxed e-con\" data-id=\"b8bacd3\" data-element_type=\"container\" data-settings=\"{&quot;content_width&quot;:&quot;boxed&quot;}\">\n\t\t\t\t\t<div class=\"e-con-inner\">\n\t\t\t\t<div class=\"elementor-element elementor-element-8f8a151 elementor-widget elementor-widget-heading\" data-id=\"8f8a151\" data-element_type=\"widget\" data-widget_type=\"heading.default\">\n\t\t\t\t<div class=\"elementor-widget-container\">\n\t\t\t<style>\/*! elementor - v3.14.0 - 26-06-2023 *\/\n.elementor-heading-title{padding:0;margin:0;line-height:1}.elementor-widget-heading .elementor-heading-title[class*=elementor-size-]>a{color:inherit;font-size:inherit;line-height:inherit}.elementor-widget-heading .elementor-heading-title.elementor-size-small{font-size:15px}.elementor-widget-heading .elementor-heading-title.elementor-size-medium{font-size:19px}.elementor-widget-heading .elementor-heading-title.elementor-size-large{font-size:29px}.elementor-widget-heading .elementor-heading-title.elementor-size-xl{font-size:39px}.elementor-widget-heading .elementor-heading-title.elementor-size-xxl{font-size:59px}<\/style><h1 class=\"elementor-heading-title elementor-size-default\">Prix Marca Corona 2023 - 2024<\/h1>\t\t<\/div>\n\t\t\t\t<\/div>\n\t\t\t\t<div class=\"elementor-element elementor-element-8cbae9a elementor-widget elementor-widget-heading\" data-id=\"8cbae9a\" data-element_type=\"widget\" data-widget_type=\"heading.default\">\n\t\t\t\t<div class=\"elementor-widget-container\">\n\t\t\t<h2 class=\"elementor-heading-title elementor-size-default\">Opera Aperta : entre contingence et \u00e9merveillement<\/h2>\t\t<\/div>\n\t\t\t\t<\/div>\n\t\t\t\t<div class=\"elementor-element elementor-element-0a4d61a elementor-widget elementor-widget-text-editor\" data-id=\"0a4d61a\" data-element_type=\"widget\" data-widget_type=\"text-editor.default\">\n\t\t\t\t<div class=\"elementor-widget-container\">\n\t\t\t<style>\/*! elementor - v3.14.0 - 26-06-2023 *\/\n.elementor-widget-text-editor.elementor-drop-cap-view-stacked .elementor-drop-cap{background-color:#69727d;color:#fff}.elementor-widget-text-editor.elementor-drop-cap-view-framed .elementor-drop-cap{color:#69727d;border:3px solid;background-color:transparent}.elementor-widget-text-editor:not(.elementor-drop-cap-view-default) .elementor-drop-cap{margin-top:8px}.elementor-widget-text-editor:not(.elementor-drop-cap-view-default) .elementor-drop-cap-letter{width:1em;height:1em}.elementor-widget-text-editor .elementor-drop-cap{float:left;text-align:center;line-height:1;font-size:50px}.elementor-widget-text-editor .elementor-drop-cap-letter{display:inline-block}<\/style>\t\t\t\t<p>Le <strong>concours<\/strong> s\u2019inscrit dans le <b>projet culturel de l&#8217;artiste Stefano Arienti<\/b> pour l\u2019\u00e9dition 2023\/2024 de \u00ab <b>Marca Corona per l\u2019Arte<\/b> \u00bb. <\/p>\n<p>Ce parcours qui a conduit \u00e0 la r\u00e9alisation des \u0153uvres in\u00e9dites de l\u2019artiste est issu du dialogue et se d\u00e9veloppe \u00e0 travers lui. Apr\u00e8s avoir recueilli les suggestions n\u00e9es des rencontres avec les employ\u00e9s de l\u2019entreprise, Stefano Arienti a choisi des objets r\u00e9colt\u00e9s dans l\u2019usine et dans la Galerie Marca Corona, en les extrapolant de leur contexte et les \u00e9levant \u00e0 des \u0153uvres d\u2019art.<\/p>\n<p>Les \u0153uvres historiques de l\u2019artiste (Turbine, Alghe, Meridiane, Pongo, Formelle) qui ont \u00e9t\u00e9 int\u00e9gr\u00e9es dans l&#8217;exposition sont une fois encore les t\u00e9moins des exp\u00e9rimentations de Stefano Arienti sur les mat\u00e9riaux les plus vari\u00e9s et qui n\u2019ont \u00e0 premi\u00e8re vue rien \u00e0 voir avec le monde de l&#8217;art. Ainsi, en se laissant guider par la contingence, des objets simples se chargent d\u2019\u00e9merveillement, \u00e0 travers un dialogue continu avec ceux qui les utilisent : c\u2019est justement dans cet \u00e9change que s\u2019inscrit le concept de Opera Aperta (\u0153uvre ouverte).<\/p>\t\t\t\t\t\t<\/div>\n\t\t\t\t<\/div>\n\t\t\t\t<div class=\"elementor-element elementor-element-227e613 elementor-widget elementor-widget-text-editor\" data-id=\"227e613\" data-element_type=\"widget\" data-widget_type=\"text-editor.default\">\n\t\t\t\t<div class=\"elementor-widget-container\">\n\t\t\t\t\t\t\t<p><strong>Les projets en comp\u00e9tition seront s\u00e9lectionn\u00e9s par un jury exceptionnel :<\/strong><\/p><p>Stefano Arienti (artiste) pr\u00e9sident du jury<\/p><p>Stefania Spaggiari (directrice du mus\u00e9e de la c\u00e9ramique de Fiorano)<\/p><p>Luca Molinari (architecte)<\/p><p>Federico Palumbo (Osservatorio Futura)<\/p><p>Giovanni Scarzella (collectionneur)<\/p><p>Sara Zambon (PDG R&amp;P Contemporary Art)<\/p><p>Luca Fiandri (Responsable R&amp;D de la marque Corona)<\/p><p>Mariachiara Russo (Chef de produit Marca Corona)<\/p><p><br \/>Avec la participation de la commissaire Maria Vittoria Baravelli.<\/p>\t\t\t\t\t\t<\/div>\n\t\t\t\t<\/div>\n\t\t\t\t<div class=\"elementor-element elementor-element-9025155 elementor-widget elementor-widget-text-editor\" data-id=\"9025155\" data-element_type=\"widget\" data-widget_type=\"text-editor.default\">\n\t\t\t\t<div class=\"elementor-widget-container\">\n\t\t\t\t\t\t\t<h3><span style=\"color: #ffffff;\">Vous \u00eates un artiste \u00e9mergent et vous cherchez votre chance ?<br \/>Voici l\u2019occasion que vous attendiez !<\/span><\/h3><p><strong>Comment participer<\/strong><\/p><p>T\u00e9l\u00e9charger le r\u00e8glement et s&#8217;inscrire !<br \/><strong><br \/>Un rendez-vous \u00e0 ne pas manque<br \/>r<\/strong> En f\u00e9vrier 2024, lors de l\u2019initiative Arte Fiera \u00e0 Bologne, une commission d\u2019experts annoncera le nom du vainqueur.<\/p><p><strong><br \/>Prix<br \/><\/strong>R\u00e9compense mon\u00e9taire pour valoriser votre talent<br \/>Exp\u00e9rience artistique immersive au sein de notre entreprise<br \/>Cr\u00e9ation en c\u00e9ramique de l&#8217;\u0153uvre propos\u00e9e<\/p><p>\u00a0<\/p><p><strong>LES INSCRIPTIONS \u00c0 CE CONCOURS SONT TERMIN\u00c9ES.<\/strong><\/p>\t\t\t\t\t\t<\/div>\n\t\t\t\t<\/div>\n\t\t\t\t\t<\/div>\n\t\t\t\t<\/div>\n\t\t\t\t\t<\/div>\n\t\t\t\t<\/div>\n\t\t\t\t\t<\/div>\n\t\t\t\t<\/div>\n\t\t<div class=\"elementor-element elementor-element-1a1a916 e-flex e-con-boxed e-con\" data-id=\"1a1a916\" data-element_type=\"container\" data-settings=\"{&quot;content_width&quot;:&quot;boxed&quot;}\">\n\t\t\t\t\t<div class=\"e-con-inner\">\n\t\t\t\t<div class=\"elementor-element elementor-element-9023bdd elementor-widget-divider--view-line elementor-widget elementor-widget-divider\" data-id=\"9023bdd\" data-element_type=\"widget\" data-widget_type=\"divider.default\">\n\t\t\t\t<div class=\"elementor-widget-container\">\n\t\t\t<style>\/*! elementor - v3.14.0 - 26-06-2023 *\/\n.elementor-widget-divider{--divider-border-style:none;--divider-border-width:1px;--divider-color:#0c0d0e;--divider-icon-size:20px;--divider-element-spacing:10px;--divider-pattern-height:24px;--divider-pattern-size:20px;--divider-pattern-url:none;--divider-pattern-repeat:repeat-x}.elementor-widget-divider .elementor-divider{display:flex}.elementor-widget-divider .elementor-divider__text{font-size:15px;line-height:1;max-width:95%}.elementor-widget-divider .elementor-divider__element{margin:0 var(--divider-element-spacing);flex-shrink:0}.elementor-widget-divider .elementor-icon{font-size:var(--divider-icon-size)}.elementor-widget-divider .elementor-divider-separator{display:flex;margin:0;direction:ltr}.elementor-widget-divider--view-line_icon .elementor-divider-separator,.elementor-widget-divider--view-line_text .elementor-divider-separator{align-items:center}.elementor-widget-divider--view-line_icon .elementor-divider-separator:after,.elementor-widget-divider--view-line_icon .elementor-divider-separator:before,.elementor-widget-divider--view-line_text .elementor-divider-separator:after,.elementor-widget-divider--view-line_text .elementor-divider-separator:before{display:block;content:\"\";border-bottom:0;flex-grow:1;border-top:var(--divider-border-width) var(--divider-border-style) var(--divider-color)}.elementor-widget-divider--element-align-left .elementor-divider .elementor-divider-separator>.elementor-divider__svg:first-of-type{flex-grow:0;flex-shrink:100}.elementor-widget-divider--element-align-left .elementor-divider-separator:before{content:none}.elementor-widget-divider--element-align-left .elementor-divider__element{margin-left:0}.elementor-widget-divider--element-align-right .elementor-divider .elementor-divider-separator>.elementor-divider__svg:last-of-type{flex-grow:0;flex-shrink:100}.elementor-widget-divider--element-align-right .elementor-divider-separator:after{content:none}.elementor-widget-divider--element-align-right .elementor-divider__element{margin-right:0}.elementor-widget-divider:not(.elementor-widget-divider--view-line_text):not(.elementor-widget-divider--view-line_icon) .elementor-divider-separator{border-top:var(--divider-border-width) var(--divider-border-style) var(--divider-color)}.elementor-widget-divider--separator-type-pattern{--divider-border-style:none}.elementor-widget-divider--separator-type-pattern.elementor-widget-divider--view-line .elementor-divider-separator,.elementor-widget-divider--separator-type-pattern:not(.elementor-widget-divider--view-line) .elementor-divider-separator:after,.elementor-widget-divider--separator-type-pattern:not(.elementor-widget-divider--view-line) .elementor-divider-separator:before,.elementor-widget-divider--separator-type-pattern:not([class*=elementor-widget-divider--view]) .elementor-divider-separator{width:100%;min-height:var(--divider-pattern-height);-webkit-mask-size:var(--divider-pattern-size) 100%;mask-size:var(--divider-pattern-size) 100%;-webkit-mask-repeat:var(--divider-pattern-repeat);mask-repeat:var(--divider-pattern-repeat);background-color:var(--divider-color);-webkit-mask-image:var(--divider-pattern-url);mask-image:var(--divider-pattern-url)}.elementor-widget-divider--no-spacing{--divider-pattern-size:auto}.elementor-widget-divider--bg-round{--divider-pattern-repeat:round}.rtl .elementor-widget-divider .elementor-divider__text{direction:rtl}.e-con-inner>.elementor-widget-divider,.e-con>.elementor-widget-divider{width:var(--container-widget-width,100%);--flex-grow:var(--container-widget-flex-grow)}<\/style>\t\t<div class=\"elementor-divider\">\n\t\t\t<span class=\"elementor-divider-separator\">\n\t\t\t\t\t\t<\/span>\n\t\t<\/div>\n\t\t\t\t<\/div>\n\t\t\t\t<\/div>\n\t\t\t\t<div class=\"elementor-element elementor-element-2f7c385 elementor-widget elementor-widget-heading\" data-id=\"2f7c385\" data-element_type=\"widget\" data-widget_type=\"heading.default\">\n\t\t\t\t<div class=\"elementor-widget-container\">\n\t\t\t<h4 class=\"elementor-heading-title elementor-size-default\">Une association parfaite entre artisanalit\u00e9,\nentreprise et art contemporain<\/h4>\t\t<\/div>\n\t\t\t\t<\/div>\n\t\t\t\t<div class=\"elementor-element elementor-element-2bd8f3f elementor-widget elementor-widget-text-editor\" data-id=\"2bd8f3f\" data-element_type=\"widget\" data-widget_type=\"text-editor.default\">\n\t\t\t\t<div class=\"elementor-widget-container\">\n\t\t\t\t\t\t\t<p>Au cours de sa longue histoire, Marca Corona a cycliquement activ\u00e9 des <strong>collaborations avec des artistes<\/strong> dont le style et la cr\u00e9ativit\u00e9 ont souvent fait na\u00eetre de nouvelles p\u00e9riodes stylistiques dans la production de l\u2019entreprise. L\u2019entreprise continue encore aujourd\u2019hui \u00e0 <strong>promouvoir de nouveaux langages et de nouvelles influences artistiques<\/strong>, en faisant sienne l\u2019union entre travail artisanal, entreprise et art contemporain par le soutien aux jeunes artistes.ah pri Le <strong>dialogue avec les jeunes artistes<\/strong> se d\u00e9veloppe dans le sillage de cette tradition, dans le but de promouvoir et de valoriser la recherche de nouveaux talents qui, \u00e0 travers le concours, pourront r\u00e9aliser et exposer des \u0153uvres in\u00e9dites et originales, issues de leur interpr\u00e9tation des diff\u00e9rents th\u00e8mes propos\u00e9s. Les \u0153uvres, r\u00e9alis\u00e9es par l\u2019entreprise sous la direction de l\u2019artiste, seront plac\u00e9es dans les espaces de l\u2019entreprise et, au fil du temps, elles prolongeront le parcours stylistique et cr\u00e9atif que l\u2019entreprise a parcouru au cours de ses presque 300 ans d\u2019histoire.<\/p>\n\t\t\t\t\t\t<\/div>\n\t\t\t\t<\/div>\n\t\t\t\t\t<\/div>\n\t\t\t\t<\/div>\n\t\t\t\t\t\t\t<\/div>\n\t\t","protected":false},"excerpt":{"rendered":"<p>Prix Marca Corona 2023 &#8211; 2024 Opera Aperta : entre contingence et \u00e9merveillement Le concours s\u2019inscrit dans le projet culturel de l&#8217;artiste Stefano Arienti pour l\u2019\u00e9dition 2023\/2024 de \u00ab Marca Corona per l\u2019Arte \u00bb. Ce parcours qui a conduit \u00e0 la r\u00e9alisation des \u0153uvres in\u00e9dites de l\u2019artiste est issu du dialogue et se d\u00e9veloppe \u00e0 &hellip;<\/p>\n<p class=\"read-more\"> <a class=\"\" href=\"https:\/\/www.galleriamarcacorona.com\/fr\/prix-marca-corona-2024-opera-aperta-entre-contingence-et-emerveillement\/\"> <span class=\"screen-reader-text\">Prix Marca Corona 2024 Opera Aperta : entre contingence et \u00e9merveillement<\/span> Lire la suite\u00a0\u00bb<\/a><\/p>\n","protected":false},"author":1,"featured_media":0,"parent":0,"menu_order":0,"comment_status":"closed","ping_status":"closed","template":"","meta":{"site-sidebar-layout":"no-sidebar","site-content-layout":"page-builder","ast-global-header-display":"","ast-main-header-display":"","ast-hfb-above-header-display":"","ast-hfb-below-header-display":"","ast-hfb-mobile-header-display":"","site-post-title":"disabled","ast-breadcrumbs-content":"","ast-featured-img":"disabled","footer-sml-layout":"","theme-transparent-header-meta":"","adv-header-id-meta":"","stick-header-meta":"","header-above-stick-meta":"","header-main-stick-meta":"","header-below-stick-meta":""},"acf":[],"yoast_head":"<!-- This site is optimized with the Yoast SEO plugin v20.12 - https:\/\/yoast.com\/wordpress\/plugins\/seo\/ -->\n<title>Concours d\u2019art : gagnez avec Marca Corona | Galleria Marca Corona<\/title>\n<meta name=\"description\" content=\"Vous \u00eates un artiste ? Participez au concours de Marca Corona pour vivre une exp\u00e9rience artistique immersive dans notre entreprise\" \/>\n<meta name=\"robots\" content=\"index, follow, max-snippet:-1, max-image-preview:large, max-video-preview:-1\" \/>\n<link rel=\"canonical\" href=\"https:\/\/www.galleriamarcacorona.com\/fr\/prix-marca-corona-2024-opera-aperta-entre-contingence-et-emerveillement\/\" \/>\n<meta property=\"og:locale\" content=\"fr_FR\" \/>\n<meta property=\"og:type\" content=\"article\" \/>\n<meta property=\"og:title\" content=\"Concours d\u2019art : gagnez avec Marca Corona | Galleria Marca Corona\" \/>\n<meta property=\"og:description\" content=\"Vous \u00eates un artiste ? Participez au concours de Marca Corona pour vivre une exp\u00e9rience artistique immersive dans notre entreprise\" \/>\n<meta property=\"og:url\" content=\"https:\/\/www.galleriamarcacorona.com\/fr\/prix-marca-corona-2024-opera-aperta-entre-contingence-et-emerveillement\/\" \/>\n<meta property=\"og:site_name\" content=\"Galleria Marca Corona\" \/>\n<meta property=\"article:modified_time\" content=\"2024-01-11T08:01:27+00:00\" \/>\n<meta name=\"twitter:card\" content=\"summary_large_image\" \/>\n<meta name=\"twitter:label1\" content=\"Dur\u00e9e de lecture estim\u00e9e\" \/>\n\t<meta name=\"twitter:data1\" content=\"3 minutes\" \/>\n<script type=\"application\/ld+json\" class=\"yoast-schema-graph\">{\"@context\":\"https:\/\/schema.org\",\"@graph\":[{\"@type\":\"WebPage\",\"@id\":\"https:\/\/www.galleriamarcacorona.com\/fr\/prix-marca-corona-2024-opera-aperta-entre-contingence-et-emerveillement\/\",\"url\":\"https:\/\/www.galleriamarcacorona.com\/fr\/prix-marca-corona-2024-opera-aperta-entre-contingence-et-emerveillement\/\",\"name\":\"Concours d\u2019art : gagnez avec Marca Corona | Galleria Marca Corona\",\"isPartOf\":{\"@id\":\"https:\/\/www.galleriamarcacorona.com\/fr\/#website\"},\"datePublished\":\"2023-09-29T08:40:54+00:00\",\"dateModified\":\"2024-01-11T08:01:27+00:00\",\"description\":\"Vous \u00eates un artiste ? Participez au concours de Marca Corona pour vivre une exp\u00e9rience artistique immersive dans notre entreprise\",\"breadcrumb\":{\"@id\":\"https:\/\/www.galleriamarcacorona.com\/fr\/prix-marca-corona-2024-opera-aperta-entre-contingence-et-emerveillement\/#breadcrumb\"},\"inLanguage\":\"fr-FR\",\"potentialAction\":[{\"@type\":\"ReadAction\",\"target\":[\"https:\/\/www.galleriamarcacorona.com\/fr\/prix-marca-corona-2024-opera-aperta-entre-contingence-et-emerveillement\/\"]}]},{\"@type\":\"BreadcrumbList\",\"@id\":\"https:\/\/www.galleriamarcacorona.com\/fr\/prix-marca-corona-2024-opera-aperta-entre-contingence-et-emerveillement\/#breadcrumb\",\"itemListElement\":[{\"@type\":\"ListItem\",\"position\":1,\"name\":\"Home\",\"item\":\"https:\/\/www.galleriamarcacorona.com\/fr\/\"},{\"@type\":\"ListItem\",\"position\":2,\"name\":\"Prix Marca Corona 2024 Opera Aperta : entre contingence et \u00e9merveillement\"}]},{\"@type\":\"WebSite\",\"@id\":\"https:\/\/www.galleriamarcacorona.com\/fr\/#website\",\"url\":\"https:\/\/www.galleriamarcacorona.com\/fr\/\",\"name\":\"Galleria Marca Corona\",\"description\":\"\",\"publisher\":{\"@id\":\"https:\/\/www.galleriamarcacorona.com\/fr\/#organization\"},\"potentialAction\":[{\"@type\":\"SearchAction\",\"target\":{\"@type\":\"EntryPoint\",\"urlTemplate\":\"https:\/\/www.galleriamarcacorona.com\/fr\/?s={search_term_string}\"},\"query-input\":\"required name=search_term_string\"}],\"inLanguage\":\"fr-FR\"},{\"@type\":\"Organization\",\"@id\":\"https:\/\/www.galleriamarcacorona.com\/fr\/#organization\",\"name\":\"Galleria Marca Corona\",\"url\":\"https:\/\/www.galleriamarcacorona.com\/fr\/\",\"logo\":{\"@type\":\"ImageObject\",\"inLanguage\":\"fr-FR\",\"@id\":\"https:\/\/www.galleriamarcacorona.com\/fr\/#\/schema\/logo\/image\/\",\"url\":\"https:\/\/www.galleriamarcacorona.com\/wp-content\/uploads\/2023\/05\/mc-galleria-logo-rgb-3200px.png\",\"contentUrl\":\"https:\/\/www.galleriamarcacorona.com\/wp-content\/uploads\/2023\/05\/mc-galleria-logo-rgb-3200px.png\",\"width\":3200,\"height\":1112,\"caption\":\"Galleria Marca Corona\"},\"image\":{\"@id\":\"https:\/\/www.galleriamarcacorona.com\/fr\/#\/schema\/logo\/image\/\"}}]}<\/script>\n<!-- \/ Yoast SEO plugin. -->","yoast_head_json":{"title":"Concours d\u2019art : gagnez avec Marca Corona | Galleria Marca Corona","description":"Vous \u00eates un artiste ? Participez au concours de Marca Corona pour vivre une exp\u00e9rience artistique immersive dans notre entreprise","robots":{"index":"index","follow":"follow","max-snippet":"max-snippet:-1","max-image-preview":"max-image-preview:large","max-video-preview":"max-video-preview:-1"},"canonical":"https:\/\/www.galleriamarcacorona.com\/fr\/prix-marca-corona-2024-opera-aperta-entre-contingence-et-emerveillement\/","og_locale":"fr_FR","og_type":"article","og_title":"Concours d\u2019art : gagnez avec Marca Corona | Galleria Marca Corona","og_description":"Vous \u00eates un artiste ? Participez au concours de Marca Corona pour vivre une exp\u00e9rience artistique immersive dans notre entreprise","og_url":"https:\/\/www.galleriamarcacorona.com\/fr\/prix-marca-corona-2024-opera-aperta-entre-contingence-et-emerveillement\/","og_site_name":"Galleria Marca Corona","article_modified_time":"2024-01-11T08:01:27+00:00","twitter_card":"summary_large_image","twitter_misc":{"Dur\u00e9e de lecture estim\u00e9e":"3 minutes"},"schema":{"@context":"https:\/\/schema.org","@graph":[{"@type":"WebPage","@id":"https:\/\/www.galleriamarcacorona.com\/fr\/prix-marca-corona-2024-opera-aperta-entre-contingence-et-emerveillement\/","url":"https:\/\/www.galleriamarcacorona.com\/fr\/prix-marca-corona-2024-opera-aperta-entre-contingence-et-emerveillement\/","name":"Concours d\u2019art : gagnez avec Marca Corona | Galleria Marca Corona","isPartOf":{"@id":"https:\/\/www.galleriamarcacorona.com\/fr\/#website"},"datePublished":"2023-09-29T08:40:54+00:00","dateModified":"2024-01-11T08:01:27+00:00","description":"Vous \u00eates un artiste ? Participez au concours de Marca Corona pour vivre une exp\u00e9rience artistique immersive dans notre entreprise","breadcrumb":{"@id":"https:\/\/www.galleriamarcacorona.com\/fr\/prix-marca-corona-2024-opera-aperta-entre-contingence-et-emerveillement\/#breadcrumb"},"inLanguage":"fr-FR","potentialAction":[{"@type":"ReadAction","target":["https:\/\/www.galleriamarcacorona.com\/fr\/prix-marca-corona-2024-opera-aperta-entre-contingence-et-emerveillement\/"]}]},{"@type":"BreadcrumbList","@id":"https:\/\/www.galleriamarcacorona.com\/fr\/prix-marca-corona-2024-opera-aperta-entre-contingence-et-emerveillement\/#breadcrumb","itemListElement":[{"@type":"ListItem","position":1,"name":"Home","item":"https:\/\/www.galleriamarcacorona.com\/fr\/"},{"@type":"ListItem","position":2,"name":"Prix Marca Corona 2024 Opera Aperta : entre contingence et \u00e9merveillement"}]},{"@type":"WebSite","@id":"https:\/\/www.galleriamarcacorona.com\/fr\/#website","url":"https:\/\/www.galleriamarcacorona.com\/fr\/","name":"Galleria Marca Corona","description":"","publisher":{"@id":"https:\/\/www.galleriamarcacorona.com\/fr\/#organization"},"potentialAction":[{"@type":"SearchAction","target":{"@type":"EntryPoint","urlTemplate":"https:\/\/www.galleriamarcacorona.com\/fr\/?s={search_term_string}"},"query-input":"required name=search_term_string"}],"inLanguage":"fr-FR"},{"@type":"Organization","@id":"https:\/\/www.galleriamarcacorona.com\/fr\/#organization","name":"Galleria Marca Corona","url":"https:\/\/www.galleriamarcacorona.com\/fr\/","logo":{"@type":"ImageObject","inLanguage":"fr-FR","@id":"https:\/\/www.galleriamarcacorona.com\/fr\/#\/schema\/logo\/image\/","url":"https:\/\/www.galleriamarcacorona.com\/wp-content\/uploads\/2023\/05\/mc-galleria-logo-rgb-3200px.png","contentUrl":"https:\/\/www.galleriamarcacorona.com\/wp-content\/uploads\/2023\/05\/mc-galleria-logo-rgb-3200px.png","width":3200,"height":1112,"caption":"Galleria Marca Corona"},"image":{"@id":"https:\/\/www.galleriamarcacorona.com\/fr\/#\/schema\/logo\/image\/"}}]}},"_links":{"self":[{"href":"https:\/\/www.galleriamarcacorona.com\/fr\/wp-json\/wp\/v2\/pages\/4903"}],"collection":[{"href":"https:\/\/www.galleriamarcacorona.com\/fr\/wp-json\/wp\/v2\/pages"}],"about":[{"href":"https:\/\/www.galleriamarcacorona.com\/fr\/wp-json\/wp\/v2\/types\/page"}],"author":[{"embeddable":true,"href":"https:\/\/www.galleriamarcacorona.com\/fr\/wp-json\/wp\/v2\/users\/1"}],"replies":[{"embeddable":true,"href":"https:\/\/www.galleriamarcacorona.com\/fr\/wp-json\/wp\/v2\/comments?post=4903"}],"version-history":[{"count":21,"href":"https:\/\/www.galleriamarcacorona.com\/fr\/wp-json\/wp\/v2\/pages\/4903\/revisions"}],"predecessor-version":[{"id":6911,"href":"https:\/\/www.galleriamarcacorona.com\/fr\/wp-json\/wp\/v2\/pages\/4903\/revisions\/6911"}],"wp:attachment":[{"href":"https:\/\/www.galleriamarcacorona.com\/fr\/wp-json\/wp\/v2\/media?parent=4903"}],"curies":[{"name":"wp","href":"https:\/\/api.w.org\/{rel}","templated":true}]}}